{"id":71151,"date":"2025-12-08T15:20:53","date_gmt":"2025-12-08T14:20:53","guid":{"rendered":"https:\/\/13muz.eu\/?post_type=tribe_events&#038;p=71151"},"modified":"2025-12-15T15:39:02","modified_gmt":"2025-12-15T14:39:02","slug":"18-12-gwiazdka-dla-ryska-koncert-przyjaciol-dla-ryszarda-slowickiego","status":"publish","type":"tribe_events","link":"https:\/\/13muz.eu\/en\/event\/18-12-gwiazdka-dla-ryska-koncert-przyjaciol-dla-ryszarda-slowickiego\/","title":{"rendered":"18.12. \/ Gwiazdka dla Ry\u015bka &#8211; koncert przyjaci\u00f3\u0142 dla Ryszarda S\u0142owickiego"},"content":{"rendered":"<p><img loading=\"lazy\" decoding=\"async\" class=\"alignnone size-large wp-image-71153\" src=\"https:\/\/13muz.eu\/wp-content\/uploads\/2025\/12\/18.12.2025-Gwiazdka-dla-Ryska-koncert-przyjaciol-dla-Ryszarda-Slowickiego-1920-1024x683.jpg\" alt=\"\" width=\"1024\" height=\"683\" srcset=\"https:\/\/13muz.eu\/wp-content\/uploads\/2025\/12\/18.12.2025-Gwiazdka-dla-Ryska-koncert-przyjaciol-dla-Ryszarda-Slowickiego-1920-1024x683.jpg 1024w, https:\/\/13muz.eu\/wp-content\/uploads\/2025\/12\/18.12.2025-Gwiazdka-dla-Ryska-koncert-przyjaciol-dla-Ryszarda-Slowickiego-1920-300x200.jpg 300w, https:\/\/13muz.eu\/wp-content\/uploads\/2025\/12\/18.12.2025-Gwiazdka-dla-Ryska-koncert-przyjaciol-dla-Ryszarda-Slowickiego-1920-768x512.jpg 768w, https:\/\/13muz.eu\/wp-content\/uploads\/2025\/12\/18.12.2025-Gwiazdka-dla-Ryska-koncert-przyjaciol-dla-Ryszarda-Slowickiego-1920-1536x1024.jpg 1536w, https:\/\/13muz.eu\/wp-content\/uploads\/2025\/12\/18.12.2025-Gwiazdka-dla-Ryska-koncert-przyjaciol-dla-Ryszarda-Slowickiego-1920-150x100.jpg 150w, https:\/\/13muz.eu\/wp-content\/uploads\/2025\/12\/18.12.2025-Gwiazdka-dla-Ryska-koncert-przyjaciol-dla-Ryszarda-Slowickiego-1920-400x267.jpg 400w, https:\/\/13muz.eu\/wp-content\/uploads\/2025\/12\/18.12.2025-Gwiazdka-dla-Ryska-koncert-przyjaciol-dla-Ryszarda-Slowickiego-1920.jpg 1920w\" sizes=\"auto, (max-width: 1024px) 100vw, 1024px\" \/><\/p>\n<p style=\"text-align: justify;\"><strong>18.12.2025 czwartek g. 19:00<\/strong><\/p>\n<p style=\"text-align: justify;\">Wej\u015bci\u00f3wk\u0105 na koncert jest potwierdzenie dokonanej wp\u0142aty (na papierze lub telefonie) na internetow\u0105 zbi\u00f3rk\u0119: <a href=\"https:\/\/pomagam.cancerfighters.pl\/zbiorka\/ryszard-slowicki\" target=\"_blank\" rel=\"noopener\">https:\/\/pomagam.cancerfighters.pl\/zbiorka\/ryszard-slowicki<\/a><\/p>\n<p style=\"text-align: justify;\">Ryszard S\u0142owicki &#8211; kompozytor, instrumentalista, wokalista, autor tekst\u00f3w piosenek, tekst\u00f3w teatralnych, poeta, muzyk, fotograf, grafik, organizator imprez, sesji nagraniowych, organizator koncert\u00f3w, wydawnictw p\u0142ytowych i wielu innych dzia\u0142a\u0144. Kilka prac Ryszarda S\u0142owickiego znajduje si\u0119 w zbiorach Muzeum Narodowego w Szczecinie &#8211; Muzeum Sztuki Wsp\u00f3\u0142czesnej.<\/p>\n<p style=\"text-align: justify;\">35 lat tworzy\u0142 dla innych, dzi\u015b sam potrzebuje wsparcia. Poka\u017cmy Ryszardowi, \u017ce nie musi stawa\u0107 do tej walki sam!<\/p>\n<p style=\"text-align: justify;\">Link do zbi\u00f3rki: <a href=\"https:\/\/pomagam.cancerfighters.pl\/zbiorka\/ryszard-slowicki\" target=\"_blank\" rel=\"noopener\">https:\/\/pomagam.cancerfighters.pl\/zbiorka\/ryszard-slowicki<\/a><\/p>\n<p style=\"text-align: justify;\">Ryszard walczy o \u017cycie po diagnozie agresywnego raka jelita grubego. Od maja 2024 przeszed\u0142 intensywne i wyniszczaj\u0105ce leczenie onkologiczne. Radykaln\u0105 radioterapi\u0119 i cykle chemioterapii. Niestety, zaawansowanie choroby oraz powik\u0142ania sprawi\u0142y, \u017ce jego stan jest krytyczny.<\/p>\n<p style=\"text-align: justify;\">Ryszard \u017cyje samotnie. D\u0142ugotrwa\u0142a walka z nowotworem, cukrzyc\u0105, niewydolno\u015bci\u0105 serca i zakrzepic\u0105 odebra\u0142a mu wszystkie si\u0142y. Nie jest ju\u017c w stanie pracowa\u0107, utrzyma\u0107 domu, ani samodzielnie zadba\u0107 o podstawowe potrzeby. Artysta, kt\u00f3ry ca\u0142e \u017cycie dzieli\u0142 si\u0119 swoj\u0105 tw\u00f3rczo\u015bci\u0105 dzi\u015b mierzy si\u0119 z b\u00f3lem i samotno\u015bci\u0105.<\/p>\n<p style=\"text-align: justify;\">Ryszard potrzebuje naszego wsparcia, aby m\u00f3g\u0142 skupi\u0107 si\u0119 na leczeniu i regeneracji, a nie na przetrwaniu dnia. Ka\u017cda pomoc to szansa na kontynuacj\u0119 leczenia i zaspokojenie podstawowych potrzeb \u017cyciowych!<\/p>\n<p style=\"text-align: justify;\">Przyjaciele postanowili go wesprze\u0107 i ju\u017c w czwartek 18.12.2025 o g. 19:00 zagraj\u0105 dla niego koncert, aby wesprze\u0107 zbi\u00f3rk\u0119, ka\u017cda pomoc ma znaczenie. To b\u0119dzie te\u017c spotkanie przyjaci\u00f3\u0142, aby ustali\u0107 w jaki spos\u00f3b mo\u017cemy pom\u00f3c Ry\u015bkowi, rozdzieli\u0107 zadania itd.<\/p>\n<p style=\"text-align: justify;\"><strong>Wyst\u0105pi\u0105 m.in.:<br \/>\n<\/strong>&#8211; Przy Okazji<br \/>\n&#8211; Marcin Ven \u0141uczy\u0144ski<br \/>\n&#8211; Piotr Huegel i Zbigniew Ksi\u0119\u017copolski<br \/>\n&#8211; Magdalena Wilento, Krzysztof Baranowski i Szymon Or\u0142owski<br \/>\n&#8211; Ryszard Leoszewski<br \/>\n&#8211; W Korcu Maku &#8211; Waldemar Baranowski i Monika Frankowicz<br \/>\n&#8211; Szurbo \/ J\u00f3\u017awiak<br \/>\n&#8211; Trio Pikieloza<\/p>\n<p style=\"text-align: justify;\"><strong>Wydarzenie poprowadz\u0105: <\/strong>Szymon Kaczmarek i Piotr Szulc<\/p>\n<p style=\"text-align: justify;\"><strong>Realizacja techniczna: <\/strong>Wojciech Pelczyk<\/p>\n<p style=\"text-align: justify;\"><strong>Obs\u0142uga fotograficzna: <\/strong>Robert Stachnik i &nbsp;i Ryszard Pakieser<\/p>\n<p style=\"text-align: justify;\">O artystach:<br \/>\nSzczeci\u0144ski <strong>zesp\u00f3\u0142 \u201ePrzy Okazji\u201d<\/strong> prezentuje swoje piosenki autorskie w elektroakustycznych aran\u017cacjach (ballada, blues, rock). Zagraj\u0105 w sk\u0142adzie:<br \/>\nValdi (gitara + vocal, autor tekst\u00f3w i muzyki)<br \/>\nPiotr (gitara basowa)<br \/>\nKrzysztof (harmonijka ustna)<br \/>\nJerry (instrumenty perkusyjne)<\/p>\n<p style=\"text-align: justify;\">\u201ePrzyb\u0105d\u017a i pochyl sw\u0105 g\u0142ow\u0119,<br \/>\nOdpocznij przy \u015bpiewie i s\u0142owie\u201d<\/p>\n<p style=\"text-align: justify;\"><strong>Marcin Ven \u0141uczy\u0144ski<\/strong> &#8211; kompozytor, klawiszowiec, tek\u015bciarz, aran\u017cer i producent muzyczny. Od trzydziestu trzech lat zwi\u0105zany ze scenami w kraju i za granic\u0105. Na przestrzeni tego czasu tworzy\u0142 muzyk\u0119 rockow\u0105, progrockow\u0105, ska, muzyk\u0119 elektroniczn\u0105, autorsk\u0105 i folkow\u0105.<\/p>\n<p style=\"text-align: justify;\">Wykonywa\u0142 aran\u017cacj\u0119 do znanych i istniej\u0105cych utwor\u00f3w muzycznych, zajmowa\u0142 si\u0119 produkcj\u0105 dla innych muzyk\u00f3w, tworzy\u0142 t\u0142a do spektakli teatralnych i wernisa\u017cy malarskich. Wsp\u00f3\u0142pracowa\u0142 z takimi muzykami i projektami jak: Pawe\u0142 Czeka\u0142a (Dr. Cycos, The Analogs), Piotr Banach (Indios Bravos), Grzegorz Grzyb (Kwintet Kazany, Zbigniew Namys\u0142owski), Andrzej Kwinto-Yang (Kafel, Rever), Artur Szolc (Analist, Music Inspired By), Amanita Muscaria, W\u0142ochaty, Tadeusz Bogucki (Blues Menu), Don Conreaux.<\/p>\n<p style=\"text-align: justify;\"><strong>Piotr Huegel \u201ePiterski\u201d<\/strong> urodzony w 1973 r.&nbsp; w Szczecinie, wokalista, muzyk, autor tekst\u00f3w i wierszy. Wnuk szczeci\u0144skiego aktora Jerzego Kownasa. Wokalista i aktor kultowego musicalu RENT wystawianego w szczeci\u0144skiej Operze na Zamku. Wsp\u00f3\u0142tw\u00f3rca zespo\u0142\u00f3w Piloci Nocy, Proyekt ARH, WRONY oraz Retro Gitary wykonuj\u0105cego muzyk\u0119 zespo\u0142u Czerwone Gitary i Seweryna Krajewskiego. Autor spektakli muzycznych \u201eDobranoc Mr Blues\u201d, \u201eJutro b\u0119dzie dobry dzie\u0144\u201d oraz \u201eKroniki Szczeci\u0144skie\u201d.<\/p>\n<p style=\"text-align: justify;\"><a href=\"https:\/\/youtu.be\/Mx2OzNlnIw0?si=mJO_KZDGlZ_8-l14\" target=\"_blank\" rel=\"noopener\">https:\/\/youtu.be\/Mx2OzNlnIw0?si=mJO_KZDGlZ_8-l14<\/a><\/p>\n<p style=\"text-align: justify;\"><a href=\"https:\/\/www.youtube.com\/@piterski_music\" target=\"_blank\" rel=\"noopener\">https:\/\/www.youtube.com\/@piterski_music<\/a><\/p>\n<p style=\"text-align: justify;\">Zagra wraz z nim na gitarze Zbyszek Ksi\u0119\u017copolski.<\/p>\n<p style=\"text-align: justify;\"><strong>Magdalena Wilento <\/strong>swoj\u0105 przygod\u0119 z muzyk\u0105 rozpocz\u0119\u0142a jako sze\u015bciolatka w Miejskim O\u015brodku Kultury w D\u0105biu. Tak\u017ce jako dziecko wsp\u00f3\u0142pracowa\u0142a ze szczeci\u0144skimi studiami nagraniowymi (\u201eKakadu\u201d oraz \u201eElvis van Tomato\u201d) u\u017cyczaj\u0105c g\u0142osu do reklam, bajek, gier komputerowych oraz ch\u00f3rk\u00f3w. Umiej\u0119tno\u015bci wokalne kszta\u0142ci\u0142a m.in. na licznych warsztatach wokalnych. Zagra\u0142a g\u0142\u00f3wn\u0105 rol\u0119 (Maureen) w musicalu \u201eRent\u201d wystawianym przez Oper\u0119 na Zamku w Szczecinie. W listopadzie 2011 r. koncertowa\u0142a w Chinach na Mi\u0119dzynarodowym Festiwalu Kultury i Turystyki w Kantonie. Wyst\u0119powa\u0142a podczas kilku edycji festiwali jazzowych takich jak Zmagania Jazzowe czy Me.Ba. W maju 2013 r. wraz z Szymonem Or\u0142owskim (gitara basowa) oraz Marcinem Jahrem (perkusja) zakwalifikowa\u0142a si\u0119 do p\u00f3\u0142fina\u0142u festiwalu Superdebiuty Opole 2013. We wrze\u015bniu tego samego roku wraz z Szymonem Or\u0142owskim zachwyci\u0142a juror\u00f3w programu Must Be The Music, miesi\u0105c p\u00f3\u017aniej otrzymali wyr\u00f3\u017cnienie na Festiwalu M\u0142odych Talent\u00f3w w Szczecinie. W marcu 2014 roku nagrali debiutancki album pt. \u201eJedyny\u201d. Ponadto, wyst\u0105pi\u0142a w spektaklach muzycznych \u201eDobranoc Mr Blues\u201d (opartego na tw\u00f3rczo\u015bci Andrzeja Zauchy) oraz \u201eJutro B\u0119dzie Dobry Dzie\u0144\u201d (opartego na tw\u00f3rczo\u015bci Heleny Majdaniec z kt\u00f3r\u0105 jako dziecko mia\u0142a okazj\u0119 wyst\u0105pi\u0107).&nbsp; Wsp\u00f3\u0142pracowa\u0142a mi\u0119dzy innymi z gda\u0144skim Big Bandem Jana Konopa, Szczecin Phiharmonic Big Band (z kt\u00f3rym mia\u0142a okazj\u0119 nagra\u0107 w duecie<br \/>\nz Micha\u0142em Grobelnym \u015bwi\u0105teczny utw\u00f3r \u201eB\u00f3g si\u0119 nam zrodzi\u0142\u201d &#8211; Szczecin Philharmonic Big Band &#8211; \u015awi\u0105tecznie) czy Orkiestr\u0105 Symfoniczn\u0105 Filharmonii w Szczecinie. 30 lipca 2022 roku by\u0142a jedn\u0105 z artystek wyst\u0119puj\u0105cych w koncercie fina\u0142owym z okazji otwarcia nowego Teatru Letniego w Szczecinie wykonuj\u0105c wraz z Orkiestr\u0105 Filharmonii w Szczecinie oraz Szczecin Philharmonic Big Band piosenki Heleny Majdaniec wed\u0142ug pomys\u0142u i re\u017cyserii Krzysztofa Baranowskiego. Wsp\u00f3\u0142pracowa\u0142a z Radiem Szczecin, w kt\u00f3rym wraz z Monik\u0105 Petryczko prowadzi\u0142a audycj\u0119 pt. \u201e\u015arodek Jazzu\u201d.<br \/>\nMagda wyst\u0105pi z Krzysztofem Baranowskim i Szymonem Or\u0142owskim.<\/p>\n<p style=\"text-align: justify;\"><strong>Ryszard Leoszewski&nbsp;<\/strong>&#8211; piosenkarz, kompozytor, autor tekst\u00f3w, pedagog, tw\u00f3rca audycji radiowych i telewizyjnych. Ju\u017c w szkole \u015bredniej zwi\u0105za\u0142 si\u0119 z teatrem. Komponowa\u0142 i wykonywa\u0142 muzyk\u0119 do spektakli Teatru Studio Zet, by\u0142 jednym z pierwszych aktor\u00f3w Teatru KANA. Jest liderem zespo\u0142u Sklep z Ptasimi Pi\u00f3rami (od 1978 r.) i tw\u00f3rc\u0105 dzieci\u0119cej grupy artystycznej ARFIK. W 2012 roku zosta\u0142 odznaczony Medalem \u201eZas\u0142u\u017cony Kulturze GLORIA ARTIS\u201d. Jest r\u00f3wnie\u017c honorowym Ambasadorem Szczecina, laureatem Nagrody Artystycznej Miasta Szczecina i Nagrody \u201ePro Arte\u201d Marsza\u0142ka Wojew\u00f3dztwa Zachodniopomorskiego. Mo\u017ce si\u0119 te\u017c poszczyci\u0107 wsp\u00f3lnymi wyst\u0119pami z takimi artystami, jak Rick Wakeman (pianista legendarnej grupy YES), czy Bobby McFerrin (wybitny wokalista jazzowy).<\/p>\n<p style=\"text-align: justify;\"><strong>Duet \u201eW Korcu Maku\u201d<\/strong> daje odpocz\u0105\u0107 od zgie\u0142ku \u015bwiata, zanurza nas w muzyce i poezji. Dzi\u0119ki aran\u017cacjom i wirtuozerii gitarowej Waldemara Baranowskiego oraz czu\u0142ym emocjom wy\u015bpiewanym przez Monik\u0119 Frankowicz, stare utwory nabieraj\u0105 nowej jako\u015bci, pe\u0142nej nostalgii i zadumy.<\/p>\n<p style=\"text-align: justify;\"><strong>Szurbo \/ J\u00f3\u017awiak<\/strong>. Dw\u00f3jka muzyk\u00f3w, kt\u00f3rych drogi od lat splataj\u0105 si\u0119 w zespole Curcuma, wraca w zupe\u0142nie nowej ods\u0142onie. J\u00f3\u017awiak oraz Szrubo. Panowie d\u0142ugo walczyli o to, kto naprawd\u0119 przewodzi ich macierzystej formacji. Po serii potyczek postanowili zrobi\u0107 co\u015b odwrotnego: po\u0142\u0105czy\u0107 si\u0142y. Na scenie zaprezentuj\u0105 nie utwory Curucmy, lecz \u015bwie\u017ce kompozycje Szrubo: \u201eTrzymaj\u201d i \u201eZnowu utoniesz\u201d, wzbogacone o wyj\u0105tkowy czar i gitarow\u0105 wra\u017cliwo\u015b\u0107 J\u00f3\u017awiaka. Spotkanie tych dw\u00f3ch temperament\u00f3w tworzy muzyk\u0119, od kt\u00f3rej trudno si\u0119 oderwa\u0107. Uczucie natychmiastowego zakochania si\u0119 \u2013 gwarantowane.<\/p>\n<p style=\"text-align: justify;\"><strong>Trio Pikieloza<\/strong> &#8211; trzej muzycy specjalnie na Gwiazdk\u0119&nbsp;dla Ry\u015bka na szybko zmontowali trio, z kt\u00f3rym chcieliby muzycznie umili\u0107 wiecz\u00f3r wspieraj\u0105cy walk\u0119 Rycha z chorob\u0105 i zach\u0119ci\u0107 innych do pomocy choremu arty\u015bcie.<\/p>\n<p style=\"text-align: justify;\">Sk\u0142ad:<br \/>\nPiotr &#8211; wokal<br \/>\nOdyss &#8211; klawisze<br \/>\nArtur &#8211; gitara akustyczna<\/p>\n<p>Wydarzenie na <a href=\"https:\/\/www.facebook.com\/events\/2232708813890527\/?acontext=%7B%22event_action_history%22%3A[%7B%22extra_data%22%3A%22%22%2C%22mechanism%22%3A%22unknown%22%2C%22surface%22%3A%22home%22%7D%2C%7B%22extra_data%22%3A%22%22%2C%22mechanism%22%3A%22left_rail%22%2C%22surface%22%3A%22bookmark%22%7D%2C%7B%22extra_data%22%3A%22%22%2C%22mechanism%22%3A%22surface%22%2C%22surface%22%3A%22create_dialog%22%7D]%2C%22ref_notif_type%22%3Anull%7D&amp;onload_action=open_invite_flow&amp;show_created_event_toast=true\" target=\"_blank\" rel=\"noopener\"><strong>FB<\/strong><\/a><\/p>\n","protected":false},"excerpt":{"rendered":"<p>18.12.2025 czwartek g. 19:00 Wej\u015bci\u00f3wk\u0105 na koncert jest potwierdzenie dokonanej wp\u0142aty (na papierze lub telefonie) na internetow\u0105 zbi\u00f3rk\u0119: https:\/\/pomagam.cancerfighters.pl\/zbiorka\/ryszard-slowicki Ryszard S\u0142owicki &#8211; kompozytor, instrumentalista, wokalista, autor tekst\u00f3w piosenek, tekst\u00f3w teatralnych, poeta, muzyk, fotograf, grafik, organizator imprez, sesji nagraniowych, organizator koncert\u00f3w, wydawnictw p\u0142ytowych i wielu innych dzia\u0142a\u0144. Kilka prac Ryszarda S\u0142owickiego znajduje si\u0119 w zbiorach Muzeum Narodowego w Szczecinie &#8211; Muzeum Sztuki Wsp\u00f3\u0142czesnej. 35 lat tworzy\u0142 dla innych, dzi\u015b sam potrzebuje wsparcia. Poka\u017cmy Ryszardowi, \u017ce nie musi stawa\u0107 do tej walki sam! Link do zbi\u00f3rki: https:\/\/pomagam.cancerfighters.pl\/zbiorka\/ryszard-slowicki Ryszard walczy o \u017cycie po diagnozie agresywnego raka jelita grubego. Od maja 2024 przeszed\u0142 intensywne [&hellip;]<\/p>\n","protected":false},"author":4,"featured_media":0,"template":"","meta":{"ngg_post_thumbnail":0,"_price":"","_stock":"","_tribe_ticket_header":"","_tribe_default_ticket_provider":"","_ticket_start_date":"","_ticket_end_date":"","_tribe_ticket_show_description":"","_tribe_ticket_show_not_going":false,"_tribe_ticket_use_global_stock":"","_tribe_ticket_global_stock_level":"","_global_stock_mode":"","_global_stock_cap":"","_tribe_rsvp_for_event":"","_tribe_ticket_going_count":"","_tribe_ticket_not_going_count":"","_tribe_tickets_list":"[]","_tribe_ticket_has_attendee_info_fields":false,"_tribe_events_status":"","_tribe_events_status_reason":"","footnotes":"","_tec_slr_enabled":"","_tec_slr_layout":""},"tags":[],"tribe_events_cat":[],"class_list":["post-71151","tribe_events","type-tribe_events","status-publish","hentry"],"ticketed":false,"post_mailing_queue_ids":[],"_links":{"self":[{"href":"https:\/\/13muz.eu\/en\/wp-json\/wp\/v2\/tribe_events\/71151","targetHints":{"allow":["GET"]}}],"collection":[{"href":"https:\/\/13muz.eu\/en\/wp-json\/wp\/v2\/tribe_events"}],"about":[{"href":"https:\/\/13muz.eu\/en\/wp-json\/wp\/v2\/types\/tribe_events"}],"author":[{"embeddable":true,"href":"https:\/\/13muz.eu\/en\/wp-json\/wp\/v2\/users\/4"}],"version-history":[{"count":0,"href":"https:\/\/13muz.eu\/en\/wp-json\/wp\/v2\/tribe_events\/71151\/revisions"}],"wp:attachment":[{"href":"https:\/\/13muz.eu\/en\/wp-json\/wp\/v2\/media?parent=71151"}],"wp:term":[{"taxonomy":"post_tag","embeddable":true,"href":"https:\/\/13muz.eu\/en\/wp-json\/wp\/v2\/tags?post=71151"},{"taxonomy":"tribe_events_cat","embeddable":true,"href":"https:\/\/13muz.eu\/en\/wp-json\/wp\/v2\/tribe_events_cat?post=71151"}],"curies":[{"name":"wp","href":"https:\/\/api.w.org\/{rel}","templated":true}]}}