{"id":70915,"date":"2025-12-02T15:14:42","date_gmt":"2025-12-02T14:14:42","guid":{"rendered":"https:\/\/13muz.eu\/?post_type=tribe_events&#038;p=70915"},"modified":"2025-12-03T15:17:54","modified_gmt":"2025-12-03T14:17:54","slug":"28-01-lecim-za-szczecin-lass-uns-jenseits-szczecin-fliegen","status":"publish","type":"tribe_events","link":"https:\/\/13muz.eu\/en\/event\/28-01-lecim-za-szczecin-lass-uns-jenseits-szczecin-fliegen\/","title":{"rendered":"28.01. \/ Lecim za Szczecin \/ Lass uns jenseits Szczecin fliegen"},"content":{"rendered":"<p><img loading=\"lazy\" decoding=\"async\" class=\"alignnone size-large wp-image-70917\" src=\"https:\/\/13muz.eu\/wp-content\/uploads\/2025\/12\/28.01.2026-Lecim-za-Szczecin-Lass-uns-jenseits-Szczecin-fliegen-1920-1024x576.jpg\" alt=\"\" width=\"1024\" height=\"576\" srcset=\"https:\/\/13muz.eu\/wp-content\/uploads\/2025\/12\/28.01.2026-Lecim-za-Szczecin-Lass-uns-jenseits-Szczecin-fliegen-1920-1024x576.jpg 1024w, https:\/\/13muz.eu\/wp-content\/uploads\/2025\/12\/28.01.2026-Lecim-za-Szczecin-Lass-uns-jenseits-Szczecin-fliegen-1920-300x169.jpg 300w, https:\/\/13muz.eu\/wp-content\/uploads\/2025\/12\/28.01.2026-Lecim-za-Szczecin-Lass-uns-jenseits-Szczecin-fliegen-1920-768x432.jpg 768w, https:\/\/13muz.eu\/wp-content\/uploads\/2025\/12\/28.01.2026-Lecim-za-Szczecin-Lass-uns-jenseits-Szczecin-fliegen-1920-1536x864.jpg 1536w, https:\/\/13muz.eu\/wp-content\/uploads\/2025\/12\/28.01.2026-Lecim-za-Szczecin-Lass-uns-jenseits-Szczecin-fliegen-1920-400x225.jpg 400w, https:\/\/13muz.eu\/wp-content\/uploads\/2025\/12\/28.01.2026-Lecim-za-Szczecin-Lass-uns-jenseits-Szczecin-fliegen-1920.jpg 1920w\" sizes=\"auto, (max-width: 1024px) 100vw, 1024px\" \/><\/p>\n<p style=\"text-align: justify;\"><strong>28.01.2026 \u015broda g. 17:00 &#8211; Mittwoch 17:00 Uhr<\/strong><\/p>\n<p style=\"text-align: justify;\"><strong>PL<br \/>\n<\/strong><u>Premiera trzeciego odcinka:<\/u> \u201eAnkershagen &#8211; miejsce zwi\u0105zane z odkrywc\u0105 Troi, Heinrichem Schliemannem, oraz jego fascynuj\u0105c\u0105 histori\u0105&#8221;.<\/p>\n<p style=\"text-align: justify;\">Cz\u0119sto my\u015bl\u0105c o wielkich przygodach, podbojach i odkryciach my\u015blimy jednocze\u015bnie o tym, \u017ce takie rzeczy dziej\u0105 si\u0119 daleko. W kolejnym odcinku naszego cyklu opowiemy Wam o ch\u0142opcu, kt\u00f3ry wychowywa\u0142 si\u0119 120 km od Szczecina i\u2026 odkry\u0142 Troj\u0119. Niesamowita historia biednego ch\u0142opaka, kt\u00f3rego owdowia\u0142y ojciec wys\u0142a\u0142 na wychowanie do wuja, ale wcze\u015bniej da\u0142 mu ksi\u0105\u017ck\u0119 &#8211; \u201eIliad\u0119\u201d &#8211; kt\u00f3ra sta\u0142a si\u0119 osi\u0105 \u017cycia syna. I tak to z dzieci\u0119cych marze\u0144, dzi\u0119ki uporowi, talentowi i pracowito\u015bci narodzi\u0142 si\u0119 ojciec wsp\u00f3\u0142czesnej archeologii Heinrich Schliemann. Uczciwie warto zaznaczy\u0107, \u017ce m\u00f3wi si\u0119 r\u00f3wnie\u017c i\u017c wi\u0119cej ni\u017c odkry\u0142 to brakiem umiej\u0119tno\u015bci &#8211; zniszczy\u0142. Z ca\u0142\u0105 pewno\u015bci\u0105 warto natomiast pozna\u0107 tego nietuzinkowego mieszka\u0144ca naszego regionu.<\/p>\n<p style=\"text-align: justify;\"><u>Premiera czwartego odcinka:<\/u> \u201eStolec, losy i le\u015bne \u00bbgroby\u00ab Ramin\u00f3w, Jasienica &#8211; tajemnicze historie dawnych mieszka\u0144c\u00f3w regionu&#8221;.<\/p>\n<p style=\"text-align: justify;\">Stolec to dawne okre\u015blenie siedziska, r\u00f3wnie\u017c takiego, kt\u00f3re zajmowa\u0142y bardzo wa\u017cne osoby. Mo\u017ce dlatego nie powinno nas dziwi\u0107, \u017ce w nieodleg\u0142ym Stolcu znajduje si\u0119 jeden z nielicznych w regionie barokowych pa\u0142ac\u00f3w, a obok niego ko\u015bci\u00f3\u0142 i cmentarz z pomnikiem Szalonego Je\u017ad\u017aca. Historia romantyczna i dramatyczna zarazem jak ludzkie losy. Zreszt\u0105 tych nietypowych los\u00f3w b\u0119dzie w tym odcinku programu wi\u0119cej. Pos\u0142uchamy o von Raminach ale i o Elisabeth von Armin, angielskiej pisarce, kt\u00f3ra mieszka\u0142a pod Szczecinem, a na p\u00f3\u017aniejszym etapie \u017cycia zwi\u0105za\u0142a si\u0119 z H. G. Wellsem, autorem m.in. \u201eWojny \u015bwiat\u00f3w\u201d, \u201eWehiku\u0142u czasu\u201d czy \u201eWyspy doktora Moreau\u201d. Sprawdzimy te\u017c na jakie skarby mo\u017cna si\u0119 natkn\u0105\u0107 w podszczeci\u0144skich lasach i jeziorach&#8230;<\/p>\n<p style=\"text-align: justify;\"><a href=\"https:\/\/13muz.eu\/lecim-za-szczecin-lass-uns-jenseits-szczecin-fliegen\/\" target=\"_blank\" rel=\"noopener\">Lecim za Szczecin \/ Lass uns jenseits Szczecin fliegen<\/a> to cykl dziesi\u0119ciu trzydziestominutowych odcink\u00f3w, kt\u00f3re zabior\u0105 widz\u00f3w w podr\u00f3\u017c po najciekawszych miejscach po obu stronach granicy polsko-niemieckiej w promieniu godziny jazdy (poci\u0105giem, autobusem, samochodem oraz troch\u0119 d\u0142u\u017cej rowerem) od Szczecina.<\/p>\n<p style=\"text-align: justify;\">Podczas tych podr\u00f3\u017cy wsp\u00f3lnie b\u0119dziemy odkrywa\u0107 atrakcje turystyczne, kulturalne, architektoniczne, przyrodnicze, kulinarne\u2026 &#8211; poznawa\u0107 wsp\u00f3\u0142czesne oblicze Pomorza, w szczeg\u00f3lno\u015bci wojew\u00f3dztwa zachodniopomorskiego oraz kraj\u00f3w zwi\u0105zkowych: Brandenburgii i Meklemburgii-Pomorza Przedniego.<\/p>\n<p style=\"text-align: justify;\">Celem projektu jest inspirowanie do lokalnych podr\u00f3\u017cy, edukowanie i budowanie \u015bwiadomo\u015bci o transgranicznym charakterze naszego regionu.<\/p>\n<p style=\"text-align: justify;\">W my\u015bl s\u0142\u00f3w Stanis\u0142awa Jachowicza, polskiego poety, pedagoga, dzia\u0142acza charytatywnego, czo\u0142owego polskiego bajkopisarza: Cudze chwalicie \/ Swego nie znacie \/ Sami nie wiecie \/ Co posiadacie \u2013 pragniemy ukaza\u0107, jak wiele atrakcji mamy \u201etu\u017c za rogiem\u201d, bez konieczno\u015bci odbywania dalekich i m\u0119cz\u0105cych, a przede wszystkim kosztownych podr\u00f3\u017cy.<\/p>\n<p style=\"text-align: justify;\">Filmy b\u0119d\u0105 mia\u0142y swoj\u0105 premier\u0119, podobnie jak cykl \u201e<a href=\"https:\/\/13muz.eu\/temat-rzeka-thema-fluss\/\" target=\"_blank\" rel=\"noopener\">Temat Rzeka \/ Thema Fluss<\/a>\u201d, w Sali Kominkowej Domu Kultury \u201e13 Muz\u201d, za\u015b po oficjalnej premierze zostan\u0105 umieszczone i b\u0119d\u0105 dost\u0119pne bezp\u0142atnie dla szerokiej publiczno\u015bci na platformie online: <a href=\"https:\/\/www.youtube.com\/@DomKultury13Muz\/\" target=\"_blank\" rel=\"noopener\">youtube.com\/DomKultury13Muz<\/a>.<\/p>\n<p style=\"text-align: justify;\">Planowanym rezultatem projektu jest zwi\u0119kszenie \u015bwiadomo\u015bci lokalnej i transgranicznej, rozw\u00f3j turystyki oraz aktywizacja spo\u0142eczno\u015bci po obu stronach granicy dzi\u0119ki produkcji 10 odcink\u00f3w edukacyjno-promocyjnych, ukazuj\u0105cych wsp\u00f3lne dziedzictwo kulturowe, historyczne i przyrodnicze regionu przygranicznego.<\/p>\n<p style=\"text-align: justify;\">Projekt jest realizowany z <a href=\"https:\/\/pomerania.org.pl\/\" target=\"_blank\" rel=\"noopener\">Funduszu Ma\u0142ych Projekt\u00f3w<\/a> w ramach<a href=\"https:\/\/www.interreg6a.net\/pl\/\" target=\"_blank\" rel=\"noopener\"> Programu Wsp\u00f3\u0142pracy Interreg VI A Meklemburgia-Pomorze Przednie \/ Brandenburgia \/ Polska 2021-2027<\/a>.<\/p>\n<p style=\"text-align: justify;\">Zadanie finansowane przez <a href=\"https:\/\/szczecin.eu\/pl\" target=\"_blank\" rel=\"noopener\">Miasto Szczecin<\/a>.<\/p>\n<p style=\"text-align: justify;\">Organizator projektu: <a href=\"https:\/\/13muz.eu\/\" target=\"_blank\" rel=\"noopener\">Dom Kultury \u201e13 Muz\u201d<\/a><\/p>\n<p style=\"text-align: justify;\">Partnerem niemieckim projektu jest <a href=\"https:\/\/www.gemeinde-krackow.de\/\" target=\"_blank\" rel=\"noopener\">Gemeinde Krackow<\/a>.<\/p>\n<p style=\"text-align: justify;\">Koordynacja oraz zarz\u0105dzanie projektem: Maja Olendzka \/ Dom Kultury \u201e13 Muz\u201d<\/p>\n<p style=\"text-align: justify;\">Kwota dofinansowania: 38 900 EUR<\/p>\n<p style=\"text-align: justify;\"><strong>Zaplanowane premiery:<\/strong><\/p>\n<p style=\"text-align: justify;\">&#8211; Spotkanie trzecie \/ 25.02.2026 \u015broda g. 17:00<\/p>\n<p style=\"text-align: justify;\">Premiera pi\u0105tego i sz\u00f3stego odcinka<\/p>\n<p style=\"text-align: justify;\">&#8211; Spotkanie czwarte \/ 25.03.2026 \u015broda g. 17:00<\/p>\n<p style=\"text-align: justify;\">Premiera si\u00f3dmego i \u00f3smego odcinka<\/p>\n<p style=\"text-align: justify;\">&#8211; Spotkanie pi\u0105te \/ 22.04.2026 \u015broda g. 17:00<\/p>\n<p style=\"text-align: justify;\">Premiera dziewi\u0105tego i dziesi\u0105tego odcinka<\/p>\n<p style=\"text-align: justify;\">Miejsce: Sala Kominkowa<\/p>\n<p style=\"text-align: justify;\">Wst\u0119p wolny<\/p>\n<p style=\"text-align: justify;\"><strong>DE<br \/>\n<\/strong><u>Premiere der dritten Folge:<\/u> \u201eAnkershagen &#8211; ein Ort, der mit dem Entdecker Trojas, Heinrich Schliemann, und seiner faszinierenden Geschichte verbunden ist\u201d.<\/p>\n<p style=\"text-align: justify;\">Wenn wir an gro\u00dfe Abenteuer, Eroberungen und Entdeckungen denken, denken wir oft gleichzeitig daran, dass solche Dinge weit weg geschehen. In der n\u00e4chsten Folge unserer Serie erz\u00e4hlen wir Ihnen von einem Jungen, der 120 km von Stettin entfernt aufgewachsen ist und&#8230; Troja entdeckt hat. Die unglaubliche Geschichte eines armen Jungen, dessen verwitweter Vater ihn zu seinem Onkel schickte, um dort aufzuwachsen, ihm aber zuvor ein Buch mitgab \u2013 die \u201eIlias\u201d \u2013, das zum Mittelpunkt des Lebens seines Sohnes wurde. Und so entstand aus Kindheitstr\u00e4umen, dank Beharrlichkeit, Talent und Flei\u00df der Vater der modernen Arch\u00e4ologie, Heinrich Schliemann. Fairerweise muss man sagen, dass man auch sagt, dass er mehr durch Unf\u00e4higkeit zerst\u00f6rt als entdeckt hat. Es lohnt sich auf jeden Fall, diesen au\u00dfergew\u00f6hnlichen Bewohner unserer Region kennenzulernen.<\/p>\n<p style=\"text-align: justify;\"><u>Premiere der vierten Folge:<\/u> \u201eStolec, das Schicksal und die Waldgr\u00e4ber der Ramin\u00f3w, Jasienica \u2013 geheimnisvolle Geschichten der ehemaligen Bewohner der Region\u201d.<\/p>\n<p style=\"text-align: justify;\">Stolec ist eine alte Bezeichnung f\u00fcr einen Sitz, auch f\u00fcr einen, der von sehr wichtigen Personen eingenommen wurde. Vielleicht sollte es uns deshalb nicht \u00fcberraschen, dass sich im nahe gelegenen Stolec einer der wenigen Barockpal\u00e4ste der Region befindet, neben dem eine Kirche und ein Friedhof mit dem Denkmal des Verr\u00fcckten Reiters stehen. Eine Geschichte, die ebenso romantisch wie dramatisch ist, wie das Schicksal der Menschen. \u00dcbrigens wird es in dieser Folge noch mehr solcher ungew\u00f6hnlichen Schicksale geben. Wir h\u00f6ren von den von Ramins, aber auch von Elisabeth von Armin, einer englischen Schriftstellerin, die in der N\u00e4he von Stettin lebte und sp\u00e4ter eine Beziehung mit H. G. Wells einging, dem Autor von u. a. \u201eKrieg der Welten\u201d, \u201eDie Zeitmaschine\u201d und \u201eDie Insel des Dr. Moreau\u201d. Wir werden auch herausfinden, welche Sch\u00e4tze man in den W\u00e4ldern und Seen bei Stettin finden kann&#8230;<\/p>\n<p style=\"text-align: justify;\"><a href=\"https:\/\/13muz.eu\/lecim-za-szczecin-lass-uns-jenseits-szczecin-fliegen\/\" target=\"_blank\" rel=\"noopener\">Lass uns jenseits Szczecin fliegen \/ Lecim za Szczecin<\/a> ist eine Serie von zehn 30-min\u00fctigen Episoden, die die Zuschauer auf eine Reise zu den interessantesten Orten auf beiden Seiten der polnisch-deutschen Grenze im Umkreis von einer Stunde Fahrt (mit dem Zug, Bus, Auto und etwas l\u00e4nger mit dem Fahrrad) von Stettin mitnehmen.<\/p>\n<p style=\"text-align: justify;\">W\u00e4hrend dieser Reisen werden wir gemeinsam touristische, kulturelle, architektonische, naturkundliche und kulinarische Attraktionen entdecken und das heutige Gesicht Pommerns kennenlernen, insbesondere das der Woiwodschaft Westpommern und der Bundesl\u00e4nder Brandenburg und Mecklenburg-Vorpommern.<\/p>\n<p style=\"text-align: justify;\">Ziel des Projekts ist es, zu lokalen Reisen anzuregen, zu informieren und ein Bewusstsein f\u00fcr den grenz\u00fcberschreitenden Charakter unserer Region zu schaffen.<\/p>\n<p style=\"text-align: justify;\">Mit den Worten von Stanis\u0142aw Jachowicz, polnischer Dichter, P\u00e4dagoge, Wohlt\u00e4tigkeitsaktivist und f\u00fchrender polnischer M\u00e4rchenschriftsteller: Ihr lobt das Fremde \/ Ihr kennt das Eigene nicht \/ Ihr wisst selbst nicht \/ Was ihr habt \u2013 m\u00f6chten wir zeigen, wie viele Attraktionen wir \u201egleich um die Ecke\u201d haben, ohne dass wir weite, anstrengende und vor allem kostspielige Reisen unternehmen m\u00fcssen.<\/p>\n<p style=\"text-align: justify;\">Die Filme werden, ebenso wie die Reihe \u201e<a href=\"https:\/\/13muz.eu\/temat-rzeka-thema-fluss\/\" target=\"_blank\" rel=\"noopener\">Thema Fluss \/ Temat Rzeka<\/a>\u201d \/, im Kaminzimmer des Kulturhauses \u201e13 Muz\u201d ihre Premiere feiern und nach der offiziellen Premiere auf der Online-Plattform <a href=\"https:\/\/www.youtube.com\/@DomKultury13Muz\/\" target=\"_blank\" rel=\"noopener\">youtube.com\/DomKultury13Muz<\/a> kostenlos f\u00fcr ein breites Publikum verf\u00fcgbar sein.<\/p>\n<p style=\"text-align: justify;\">Das geplante Ergebnis des Projekts ist die Steigerung des lokalen und grenz\u00fcberschreitenden Bewusstseins, die Entwicklung des Tourismus und die Aktivierung der Gemeinden auf beiden Seiten der Grenze durch die Produktion von 10 Bildungs- und Werbefilmen, die das gemeinsame kulturelle, historische und nat\u00fcrliche Erbe der Grenzregion zeigen.<\/p>\n<p style=\"text-align: justify;\">&nbsp;<\/p>\n<p style=\"text-align: justify;\">Das Projekt wird aus Mitteln des <a href=\"https:\/\/pomerania.org.pl\/\" target=\"_blank\" rel=\"noopener\">Kleinprojektefonds<\/a> im Rahmen des <a href=\"https:\/\/www.interreg6a.net\/pl\/\" target=\"_blank\" rel=\"noopener\">Interreg VI A Kooperationsprogramms Mecklenburg-Vorpommern \/ Brandenburg \/ Polen 2021-2027<\/a> umgesetzt.<\/p>\n<p style=\"text-align: justify;\">Das Projekt wird von der <a href=\"https:\/\/szczecin.eu\/pl\" target=\"_blank\" rel=\"noopener\">Stadt Stettin<\/a> finanziert.<\/p>\n<p style=\"text-align: justify;\">Projektorganisator: <a href=\"https:\/\/13muz.eu\/\" target=\"_blank\" rel=\"noopener\">Kulturhaus \u201e13 Muz\u201d<\/a><\/p>\n<p style=\"text-align: justify;\">Deutscher Projektpartner ist die <a href=\"https:\/\/www.gemeinde-krackow.de\/\" target=\"_blank\" rel=\"noopener\">Gemeinde Krackow<\/a>.<\/p>\n<p style=\"text-align: justify;\">Projektkoordination und -management: Maja Olendzka \/ Kulturhaus \u201e13 Muz\u201d<\/p>\n<p style=\"text-align: justify;\">F\u00f6rderbetrag: 38 900 EUR<\/p>\n<p style=\"text-align: justify;\"><strong>Geplante Premieren:<\/strong><\/p>\n<p style=\"text-align: justify;\">&#8211; Drittes Treffen \/ Mittwoch, 25.02.2026, 17:00 Uhr<\/p>\n<p style=\"text-align: justify;\">Premiere der f\u00fcnften und sechsten Folge<\/p>\n<p style=\"text-align: justify;\">&#8211; Viertes Treffen \/ Mittwoch, 25.03.2026, 17:00 Uhr<\/p>\n<p style=\"text-align: justify;\">Premiere der siebten und achten Folge<\/p>\n<p style=\"text-align: justify;\">&#8211; F\u00fcnftes Treffen \/ 22.04.2026 Mittwoch, 17:00 Uhr<\/p>\n<p style=\"text-align: justify;\">Premiere der neunten und zehnten Folge<\/p>\n<p style=\"text-align: justify;\">Veranstaltungsort: Kaminsaal<\/p>\n<p style=\"text-align: justify;\">Eintritt frei<\/p>\n<p>Wydarzenie na <strong><a href=\"https:\/\/www.facebook.com\/events\/1480624603026053\/?acontext=%7B%22event_action_history%22%3A[%7B%22extra_data%22%3A%22%22%2C%22mechanism%22%3A%22unknown%22%2C%22surface%22%3A%22home%22%7D%2C%7B%22extra_data%22%3A%22%22%2C%22mechanism%22%3A%22left_rail%22%2C%22surface%22%3A%22bookmark%22%7D%2C%7B%22extra_data%22%3A%22%22%2C%22mechanism%22%3A%22surface%22%2C%22surface%22%3A%22create_dialog%22%7D]%2C%22ref_notif_type%22%3Anull%7D&amp;onload_action=open_invite_flow&amp;show_created_event_toast=true\" target=\"_blank\" rel=\"noopener\">FB<\/a> \/ &nbsp;<\/strong>Veranstaltung auf <a href=\"https:\/\/www.facebook.com\/events\/1480624603026053\/?acontext=%7B%22event_action_history%22%3A[%7B%22extra_data%22%3A%22%22%2C%22mechanism%22%3A%22unknown%22%2C%22surface%22%3A%22home%22%7D%2C%7B%22extra_data%22%3A%22%22%2C%22mechanism%22%3A%22left_rail%22%2C%22surface%22%3A%22bookmark%22%7D%2C%7B%22extra_data%22%3A%22%22%2C%22mechanism%22%3A%22surface%22%2C%22surface%22%3A%22create_dialog%22%7D]%2C%22ref_notif_type%22%3Anull%7D&amp;onload_action=open_invite_flow&amp;show_created_event_toast=true\" target=\"_blank\" rel=\"noopener\"><strong>FB<\/strong><\/a><\/p>\n","protected":false},"excerpt":{"rendered":"<p>28.01.2026 \u015broda g. 17:00 &#8211; Mittwoch 17:00 Uhr PL Premiera trzeciego odcinka: \u201eAnkershagen &#8211; miejsce zwi\u0105zane z odkrywc\u0105 Troi, Heinrichem Schliemannem, oraz jego fascynuj\u0105c\u0105 histori\u0105&#8221;. Cz\u0119sto my\u015bl\u0105c o wielkich przygodach, podbojach i odkryciach my\u015blimy jednocze\u015bnie o tym, \u017ce takie rzeczy dziej\u0105 si\u0119 daleko. W kolejnym odcinku naszego cyklu opowiemy Wam o ch\u0142opcu, kt\u00f3ry wychowywa\u0142 si\u0119 120 km od Szczecina i\u2026 odkry\u0142 Troj\u0119. Niesamowita historia biednego ch\u0142opaka, kt\u00f3rego owdowia\u0142y ojciec wys\u0142a\u0142 na wychowanie do wuja, ale wcze\u015bniej da\u0142 mu ksi\u0105\u017ck\u0119 &#8211; \u201eIliad\u0119\u201d &#8211; kt\u00f3ra sta\u0142a si\u0119 osi\u0105 \u017cycia syna. I tak to z dzieci\u0119cych marze\u0144, dzi\u0119ki uporowi, talentowi i pracowito\u015bci narodzi\u0142 [&hellip;]<\/p>\n","protected":false},"author":4,"featured_media":0,"template":"","meta":{"ngg_post_thumbnail":0,"_price":"","_stock":"","_tribe_ticket_header":"","_tribe_default_ticket_provider":"","_ticket_start_date":"","_ticket_end_date":"","_tribe_ticket_show_description":"","_tribe_ticket_show_not_going":false,"_tribe_ticket_use_global_stock":"","_tribe_ticket_global_stock_level":"","_global_stock_mode":"","_global_stock_cap":"","_tribe_rsvp_for_event":"","_tribe_ticket_going_count":"","_tribe_ticket_not_going_count":"","_tribe_tickets_list":"[]","_tribe_ticket_has_attendee_info_fields":false,"_tribe_events_status":"","_tribe_events_status_reason":"","footnotes":"","_tec_slr_enabled":"","_tec_slr_layout":""},"tags":[],"tribe_events_cat":[],"class_list":["post-70915","tribe_events","type-tribe_events","status-publish","hentry"],"ticketed":false,"post_mailing_queue_ids":[],"_links":{"self":[{"href":"https:\/\/13muz.eu\/en\/wp-json\/wp\/v2\/tribe_events\/70915","targetHints":{"allow":["GET"]}}],"collection":[{"href":"https:\/\/13muz.eu\/en\/wp-json\/wp\/v2\/tribe_events"}],"about":[{"href":"https:\/\/13muz.eu\/en\/wp-json\/wp\/v2\/types\/tribe_events"}],"author":[{"embeddable":true,"href":"https:\/\/13muz.eu\/en\/wp-json\/wp\/v2\/users\/4"}],"version-history":[{"count":0,"href":"https:\/\/13muz.eu\/en\/wp-json\/wp\/v2\/tribe_events\/70915\/revisions"}],"wp:attachment":[{"href":"https:\/\/13muz.eu\/en\/wp-json\/wp\/v2\/media?parent=70915"}],"wp:term":[{"taxonomy":"post_tag","embeddable":true,"href":"https:\/\/13muz.eu\/en\/wp-json\/wp\/v2\/tags?post=70915"},{"taxonomy":"tribe_events_cat","embeddable":true,"href":"https:\/\/13muz.eu\/en\/wp-json\/wp\/v2\/tribe_events_cat?post=70915"}],"curies":[{"name":"wp","href":"https:\/\/api.w.org\/{rel}","templated":true}]}}