{"id":70905,"date":"2025-12-02T14:59:45","date_gmt":"2025-12-02T13:59:45","guid":{"rendered":"https:\/\/13muz.eu\/?post_type=tribe_events&#038;p=70905"},"modified":"2026-01-15T13:31:50","modified_gmt":"2026-01-15T12:31:50","slug":"27-01-szczecinska-trzynastka-orkiestra-deta-dk-13-muz-koncert-noworoczny","status":"publish","type":"tribe_events","link":"https:\/\/13muz.eu\/en\/event\/27-01-szczecinska-trzynastka-orkiestra-deta-dk-13-muz-koncert-noworoczny\/","title":{"rendered":"27.01. \/ Szczeci\u0144ska Trzynastka &#8211; orkiestra d\u0119ta DK \u201e13 Muz\u201d &#8211; Koncert Noworoczny"},"content":{"rendered":"<p><img loading=\"lazy\" decoding=\"async\" class=\"size-large wp-image-70907\" src=\"https:\/\/13muz.eu\/wp-content\/uploads\/2025\/12\/27.01.2026-Szczecinska-Trzynastka-orkiestra-deta-DK-13-Muz-1920-1024x767.jpg\" alt=\"\" width=\"1024\" height=\"767\" srcset=\"https:\/\/13muz.eu\/wp-content\/uploads\/2025\/12\/27.01.2026-Szczecinska-Trzynastka-orkiestra-deta-DK-13-Muz-1920-1024x767.jpg 1024w, https:\/\/13muz.eu\/wp-content\/uploads\/2025\/12\/27.01.2026-Szczecinska-Trzynastka-orkiestra-deta-DK-13-Muz-1920-300x225.jpg 300w, https:\/\/13muz.eu\/wp-content\/uploads\/2025\/12\/27.01.2026-Szczecinska-Trzynastka-orkiestra-deta-DK-13-Muz-1920-768x576.jpg 768w, https:\/\/13muz.eu\/wp-content\/uploads\/2025\/12\/27.01.2026-Szczecinska-Trzynastka-orkiestra-deta-DK-13-Muz-1920-1536x1151.jpg 1536w, https:\/\/13muz.eu\/wp-content\/uploads\/2025\/12\/27.01.2026-Szczecinska-Trzynastka-orkiestra-deta-DK-13-Muz-1920-400x300.jpg 400w, https:\/\/13muz.eu\/wp-content\/uploads\/2025\/12\/27.01.2026-Szczecinska-Trzynastka-orkiestra-deta-DK-13-Muz-1920.jpg 1920w\" sizes=\"auto, (max-width: 1024px) 100vw, 1024px\" \/><\/p>\n<p><strong>27.01.2026 wtorek g. 18:00<\/strong><\/p>\n<p style=\"text-align: justify;\">Serdecznie zapraszamy na kolejny koncert w wykonaniu Szczeci\u0144skiej Trzynastki &#8211; orkiestry d\u0119tej Domu Kultury \u201e13 Muz\u201d.<\/p>\n<p style=\"text-align: justify;\"><a href=\"https:\/\/13muz.eu\/szczecinska-trzynastka-orkiestra-deta-domu-kultury-13-muz\/\" target=\"_blank\" rel=\"noopener\">Szczeci\u0144ska Trzynastka &#8211; orkiestra d\u0119ta Domu Kultury \u201e13 Muz\u201d<\/a> zosta\u0142a powo\u0142ana w 2021 r. z inicjatywy Waldemara Kulpy, dyrektora Domu Kultury \u201e13 Muz\u201d przez Mateusza Kupskiego, dyrektora artystycznego. Dyrygentem orkiestry jest Mi\u0142osz Otto.<\/p>\n<p style=\"text-align: justify;\">Celem Orkiestry jest propagowanie idei zjednoczenia spo\u0142eczno\u015bci muzyk\u00f3w graj\u0105cych na instrumentach d\u0119tych, nie zwa\u017caj\u0105c, czy kto\u015b jest amatorem, uczniem czy profesjonalist\u0105, a tak\u017ce zaszczepienie tradycji orkiestr d\u0119tych w naszym mie\u015bcie. Chcieliby\u015bmy, by wyst\u0119py Orkiestry odbywa\u0142y si\u0119 wsz\u0119dzie tam, gdzie mo\u017cemy muzyk\u0105 umila\u0107 czas mieszka\u0144com Szczecina oraz turystom odwiedzaj\u0105cym miasto \u2013 na scenach wewn\u0119trznych i plenerowych, podczas \u015bwi\u0105t i wydarze\u0144 kulturalnych. \u0141\u0105czymy wiele pokole\u0144 muzyk\u00f3w, dlatego w sk\u0142ad zespo\u0142u wchodz\u0105: Zesp\u00f3\u0142&nbsp;&nbsp; D\u0119ty&nbsp;&nbsp; Blaszany Domu Kultury \u201e13 Muz\u201d, uczniowie szczeci\u0144skich szk\u00f3\u0142 muzycznych, a tak\u017ce szkoleni przez nas amatorzy \u2013 osoby bez wykszta\u0142cenia muzycznego, ale z muzyczn\u0105 pasj\u0105.<\/p>\n<p style=\"text-align: justify;\">Organizacj\u0105 i prowadzeniem zespo\u0142\u00f3w zajmuje si\u0119 Mateusz Kupski, na co dzie\u0144 pe\u0142ni\u0105cy funkcj\u0119 pierwszego puzonisty w orkiestrze Filharmonii im. Mieczys\u0142awa Kar\u0142owicza w Szczecinie. Jest absolwentem Akademii Muzycznej im. Karola Szymanowskiego w Katowicach. Wsp\u00f3\u0142pracowa\u0142 z wieloma orkiestrami polskimi i mi\u0119dzynarodowymi, m. in.: z Narodow\u0105 Orkiestr\u0105 Symfoniczn\u0105 Polskiego Radia, Filharmoni\u0105 Gorzowsk\u0105, Oper\u0105 \u015al\u0105sk\u0105 w Bytomiu, Filharmoni\u0105 im. J\u00f3zefa Elsnera w Opolu, I, CULTURE Orchestra. Mateusz Kupski jest r\u00f3wnie\u017c pedagogiem w ZPSM przy ul. Starom\u0142y\u0144skiej w Szczecinie oraz wyk\u0142adowc\u0105 w Akademii Sztuki w Szczecinie.<\/p>\n<p style=\"text-align: justify;\">Mi\u0142osz Otto &#8211; student II roku studi\u00f3w licencjackich w Akademii Muzycznej im. I. J. Paderewskiego w Poznaniu. Kszta\u0142ci si\u0119 na dw\u00f3ch kierunkach: dyrygentura symfoniczna w klasie prof. Jos\u00e9 Marii Florencio oraz klarnet w klasie prof. Paw\u0142a Drobnika i dr hab. Paw\u0142a Kroczka.<\/p>\n<p style=\"text-align: justify;\">Z tytu\u0142em primus inter pares uko\u0144czy\u0142 Szko\u0142\u0119 Muzyczn\u0105 I stopnia w Gryfinie oraz kontynuowa\u0142 edukacj\u0119 w Zespole Pa\u0144stwowych Szk\u00f3\u0142 Muzycznych im. Feliksa Nowowiejskiego w Szczecinie w klasie klarnetu prof. Bogus\u0142awa Jakubowskiego. W latach 2015\u20132019 by\u0142 wielokrotnie wyr\u00f3\u017cniany przez Burmistrza Gryfina za osi\u0105gni\u0119cia artystyczne i dzia\u0142alno\u015b\u0107 na rzecz kultury.<\/p>\n<p style=\"text-align: justify;\">Koncertowa\u0142 w Polsce i za granic\u0105 &#8211; m.in. w Niemczech, Holandii i w Ukrainie &#8211; bior\u0105c udzia\u0142 w projektach takich jak Constantijn Sinfonietta. Mi\u0142osz jest czterokrotnym stypendyst\u0105 marsza\u0142kowskim oraz zdoby\u0142 laury na wielu konkursach og\u00f3lnopolskich jak i mi\u0119dzynarodowych: Power Sunrise, KraCamera, Duetomania, Malchower Kirchenpreis oraz wiele innych. Jako laureat wyst\u0105pi\u0142 r\u00f3wnie\u017c kameralnie podczas XI Europejskiego Kongresu Klarnetowego w Krakowie.<\/p>\n<p style=\"text-align: justify;\">Jako dyrygent zrealizowa\u0142 liczne projekty ze Szczeci\u0144sk\u0105 Trzynastka &#8211; orkiestr\u0105 d\u0119t\u0105 DK \u201e13 Muz\u201d, Gryfi\u0144sk\u0105 Orkiestr\u0105 D\u0119t\u0105 oraz orkiestr\u0105 symfoniczn\u0105 Sonare Collective w Poznaniu, wykonuj\u0105c takie dzie\u0142a jak Koncert fagotowy B-dur W. A. Mozarta czy Dies Irae Giuseppe Verdiego. W 2025 roku poprowadzi\u0142 zesp\u00f3\u0142 J\u00f3zef Madeja Clarinet Ensemble podczas Mi\u0119dzynarodowego Festiwalu im. J\u00f3zefa Madei, wykonuj\u0105c prapremier\u0119 utworu Concertino na klarnet i ch\u00f3r klarnetowy dr hab. Ewy Fabia\u0144skiej-Jeli\u0144skiej oraz The Woodwind Choir Paw\u0142a Ba\u0142utowskiego.<\/p>\n<p style=\"text-align: justify;\">Obecnie jest wsp\u00f3\u0142za\u0142o\u017cycielem i dyrygentem orkiestry symfonicznej Sonare Collective w Poznaniu, a tak\u017ce dyrygentem Szczeci\u0144skiej Trzynastki &#8211; orkiestry d\u0119tej DK \u201e13 Muz\u201d oraz Gryfi\u0144skiej Orkiestry D\u0119tej.<\/p>\n<p style=\"text-align: justify;\">Mi\u0142osz Otto &#8211; dyrygent<br \/>\nMateusz Kupski &#8211; organizacja wydarzenia<\/p>\n<p style=\"text-align: justify;\">Program:<br \/>\nSamuel Hazo &#8211; Arabesque<br \/>\nEric Cook &#8211; Bolivar<br \/>\nArturo Marquez &#8211; Danzon nr 2<br \/>\nAstor Piazzolla &#8211; Maria from Buenos Aires (suita arr. Steven Verhelst)<\/p>\n<p style=\"text-align: justify;\">Miejsce: Sala Kominkowa<\/p>\n<p style=\"text-align: justify;\">Bilety: normalny 20 z\u0142 \/ ulgowy 10 z\u0142 (uczniowie, studenci, seniorzy) \/ <a href=\"https:\/\/kicket.com\/wydarzenia\/szczecinska-trzynastka--29101?eventId=327456\" target=\"_blank\" rel=\"noopener\">www.biletomat.pl<\/a><\/p>\n<p style=\"text-align: justify;\"><strong>Nie ma mo\u017cliwo\u015bci zakupu biletu na miejscu przed wydarzeniem.<\/strong><\/p>\n<p style=\"text-align: justify;\">Koncerty \u201eSzczeci\u0144skiej Trzynastki\u201d orkiestry d\u0119tej Domu Kultury \u201e13 Muz\u201d wspiera Miasto Szczecin.<\/p>\n<p>Wydarzenie na <a href=\"https:\/\/www.facebook.com\/events\/1207798431213654\/?acontext=%7B%22event_action_history%22%3A[%7B%22extra_data%22%3A%22%22%2C%22mechanism%22%3A%22unknown%22%2C%22surface%22%3A%22home%22%7D%2C%7B%22extra_data%22%3A%22%22%2C%22mechanism%22%3A%22left_rail%22%2C%22surface%22%3A%22bookmark%22%7D%2C%7B%22extra_data%22%3A%22%22%2C%22mechanism%22%3A%22surface%22%2C%22surface%22%3A%22create_dialog%22%7D]%2C%22ref_notif_type%22%3Anull%7D&amp;onload_action=open_invite_flow&amp;show_created_event_toast=true\" target=\"_blank\" rel=\"noopener\"><strong>FB<\/strong><\/a><\/p>\n<p>Orkiestra ca\u0142ym sercem zach\u0119ca do wsparcia 3-letniej Mariki &#x2665; Szczeg\u00f3\u0142y pod <strong><a href=\"https:\/\/pomagam.cancerfighters.pl\/zbiorka\/marika-ratajczak\/\" target=\"_blank\" rel=\"noopener\">linkiem<\/a><\/strong>.<\/p>\n","protected":false},"excerpt":{"rendered":"<p>27.01.2026 wtorek g. 18:00 Serdecznie zapraszamy na kolejny koncert w wykonaniu Szczeci\u0144skiej Trzynastki &#8211; orkiestry d\u0119tej Domu Kultury \u201e13 Muz\u201d. Szczeci\u0144ska Trzynastka &#8211; orkiestra d\u0119ta Domu Kultury \u201e13 Muz\u201d zosta\u0142a powo\u0142ana w 2021 r. z inicjatywy Waldemara Kulpy, dyrektora Domu Kultury \u201e13 Muz\u201d przez Mateusza Kupskiego, dyrektora artystycznego. Dyrygentem orkiestry jest Mi\u0142osz Otto. Celem Orkiestry jest propagowanie idei zjednoczenia spo\u0142eczno\u015bci muzyk\u00f3w graj\u0105cych na instrumentach d\u0119tych, nie zwa\u017caj\u0105c, czy kto\u015b jest amatorem, uczniem czy profesjonalist\u0105, a tak\u017ce zaszczepienie tradycji orkiestr d\u0119tych w naszym mie\u015bcie. Chcieliby\u015bmy, by wyst\u0119py Orkiestry odbywa\u0142y si\u0119 wsz\u0119dzie tam, gdzie mo\u017cemy muzyk\u0105 umila\u0107 czas mieszka\u0144com Szczecina oraz turystom [&hellip;]<\/p>\n","protected":false},"author":4,"featured_media":0,"template":"","meta":{"ngg_post_thumbnail":0,"_price":"","_stock":"","_tribe_ticket_header":"","_tribe_default_ticket_provider":"","_ticket_start_date":"","_ticket_end_date":"","_tribe_ticket_show_description":"","_tribe_ticket_show_not_going":false,"_tribe_ticket_use_global_stock":"","_tribe_ticket_global_stock_level":"","_global_stock_mode":"","_global_stock_cap":"","_tribe_rsvp_for_event":"","_tribe_ticket_going_count":"","_tribe_ticket_not_going_count":"","_tribe_tickets_list":"[]","_tribe_ticket_has_attendee_info_fields":false,"_tribe_events_status":"","_tribe_events_status_reason":"","footnotes":"","_tec_slr_enabled":"","_tec_slr_layout":""},"tags":[],"tribe_events_cat":[],"class_list":["post-70905","tribe_events","type-tribe_events","status-publish","hentry"],"ticketed":false,"post_mailing_queue_ids":[],"_links":{"self":[{"href":"https:\/\/13muz.eu\/en\/wp-json\/wp\/v2\/tribe_events\/70905","targetHints":{"allow":["GET"]}}],"collection":[{"href":"https:\/\/13muz.eu\/en\/wp-json\/wp\/v2\/tribe_events"}],"about":[{"href":"https:\/\/13muz.eu\/en\/wp-json\/wp\/v2\/types\/tribe_events"}],"author":[{"embeddable":true,"href":"https:\/\/13muz.eu\/en\/wp-json\/wp\/v2\/users\/4"}],"version-history":[{"count":0,"href":"https:\/\/13muz.eu\/en\/wp-json\/wp\/v2\/tribe_events\/70905\/revisions"}],"wp:attachment":[{"href":"https:\/\/13muz.eu\/en\/wp-json\/wp\/v2\/media?parent=70905"}],"wp:term":[{"taxonomy":"post_tag","embeddable":true,"href":"https:\/\/13muz.eu\/en\/wp-json\/wp\/v2\/tags?post=70905"},{"taxonomy":"tribe_events_cat","embeddable":true,"href":"https:\/\/13muz.eu\/en\/wp-json\/wp\/v2\/tribe_events_cat?post=70905"}],"curies":[{"name":"wp","href":"https:\/\/api.w.org\/{rel}","templated":true}]}}