{"id":70872,"date":"2025-12-02T13:25:36","date_gmt":"2025-12-02T12:25:36","guid":{"rendered":"https:\/\/13muz.eu\/?post_type=tribe_events&#038;p=70872"},"modified":"2025-12-09T08:58:23","modified_gmt":"2025-12-09T07:58:23","slug":"23-01-i-festiwal-sztuki-slowa-im-k-i-galczynskiego-zielona-muza-w-dk-13-muz-w-121-rocznice-urodzin-poety","status":"publish","type":"tribe_events","link":"https:\/\/13muz.eu\/en\/event\/23-01-i-festiwal-sztuki-slowa-im-k-i-galczynskiego-zielona-muza-w-dk-13-muz-w-121-rocznice-urodzin-poety\/","title":{"rendered":"23.01. \/ I Festiwal Sztuki S\u0142owa im. K. I. Ga\u0142czy\u0144skiego &#8211; \u201eZielona Muza\u201d w DK \u201e13 Muz\u201d w 121. rocznic\u0119 urodzin poety"},"content":{"rendered":"<p><img loading=\"lazy\" decoding=\"async\" class=\"alignnone size-large wp-image-71162\" src=\"https:\/\/13muz.eu\/wp-content\/uploads\/2025\/12\/23.01.2026-I-Festiwal-Sztuki-Slowa-1024x728.jpg\" alt=\"\" width=\"1024\" height=\"728\" srcset=\"https:\/\/13muz.eu\/wp-content\/uploads\/2025\/12\/23.01.2026-I-Festiwal-Sztuki-Slowa-1024x728.jpg 1024w, https:\/\/13muz.eu\/wp-content\/uploads\/2025\/12\/23.01.2026-I-Festiwal-Sztuki-Slowa-300x213.jpg 300w, https:\/\/13muz.eu\/wp-content\/uploads\/2025\/12\/23.01.2026-I-Festiwal-Sztuki-Slowa-768x546.jpg 768w, https:\/\/13muz.eu\/wp-content\/uploads\/2025\/12\/23.01.2026-I-Festiwal-Sztuki-Slowa-1536x1092.jpg 1536w, https:\/\/13muz.eu\/wp-content\/uploads\/2025\/12\/23.01.2026-I-Festiwal-Sztuki-Slowa-400x284.jpg 400w, https:\/\/13muz.eu\/wp-content\/uploads\/2025\/12\/23.01.2026-I-Festiwal-Sztuki-Slowa.jpg 1920w\" sizes=\"auto, (max-width: 1024px) 100vw, 1024px\" \/><\/p>\n<p style=\"text-align: justify;\"><strong>23.01.2026 pi\u0105tek g. 17:00<\/strong><\/p>\n<p style=\"text-align: justify;\">Grupa teatralna senior\u00f3w Teatr Janusza oraz m\u0142odzie\u017c z Pracowni Teatralnej Teatr Uhuru &#8211; zespo\u0142y artystyczne dzia\u0142aj\u0105ce w Domu Kultury \u201e13 Muz\u201d przygotowa\u0142y nowy projekt kulturalny pod nazw\u0105 Festiwal Sztuki S\u0142owa im. Konstantego Ildefonsa Ga\u0142czy\u0144skiego.<\/p>\n<p style=\"text-align: justify;\">Pierwsza edycja odb\u0119dzie si\u0119 23 stycznia &#8211; czyli dok\u0142adnie w 121. rocznic\u0119 urodzin poety. W ten spos\u00f3b ka\u017cdego roku chcemy uczci\u0107 pami\u0119\u0107 patrona Domu Kultury \u201e13 Muz\u201d oraz przypomina\u0107 wspania\u0142\u0105 tw\u00f3rczo\u015b\u0107 tego wybitnego poety, kt\u00f3ry swego czasu by\u0142 tak\u017ce zwi\u0105zany ze Szczecinem.<\/p>\n<p style=\"text-align: justify;\">Festiwal Sztuki S\u0142owa to propozycja skierowana zar\u00f3wno dla recytator\u00f3w zwi\u0105zanych na co dzie\u0144 z Domem Kultury \u201e13 Muz\u201d, jak r\u00f3wnie\u017c dla wszystkich ch\u0119tnych &#8211; m\u0142odzie\u017cy szkolnej i wszystkich os\u00f3b doros\u0142ych, kt\u00f3re zechc\u0105 zaprezentowa\u0107 na scenie Domu Kultury \u201e13 Muz\u201d wybrany przez siebie wiersz. Mo\u017ce to by\u0107 utw\u00f3r K. I. Ga\u0142czy\u0144skiego lub innego znanego polskiego poety. Chcemy w ten spos\u00f3b popularyzowa\u0107 i rozwija\u0107 bardzo wa\u017cn\u0105 dla j\u0119zyka ojczystego sztuk\u0119 s\u0142owa m\u00f3wionego, scenicznego i aktorskiego. Ponadto festiwal ma na celu docenienie samego s\u0142owa poetyckiego, warto\u015bci i wa\u017cno\u015bci poezji w dzisiejszym &#8211; zapominaj\u0105cym o poezji \u015bwiecie.<\/p>\n<p style=\"text-align: justify;\">Inicjatorem i koordynatorem festiwalu jest Janusz Janiszewski.<\/p>\n<p style=\"text-align: justify;\">Program realizuj\u0105 Salon Artystyczny Senior\u00f3w oraz Pracownia Teatralna Teatr Uhuru w Domu Kultury \u201e13 Muz\u201d.<\/p>\n<p style=\"text-align: justify;\">Kto mo\u017ce wzi\u0105\u0107 udzia\u0142 w festiwalu?<br \/>\n&#8211; I Festiwal Sztuki S\u0142owa \u201eZielona Muza\u201d jest skierowany zar\u00f3wno do do\u015bwiadczonych recytator\u00f3w, jak i tych, kt\u00f3rzy dopiero debiutuj\u0105 na scenie.<br \/>\n&#8211; Uczestnikami mog\u0105 by\u0107 osoby od 15-go roku \u017cycia.<br \/>\n&#8211; Do udzia\u0142u mo\u017cna zg\u0142asza\u0107 si\u0119 mailowo pisz\u0105c na adres e-mail: <a href=\"mailto:j.janiszewski@13muz.eu\" target=\"_blank\" rel=\"noopener\">j.janiszewski@13muz.eu<\/a><br \/>\n&#8211; Uczestnik do prezentacji przygotowuje jeden utw\u00f3r poetycki &#8211; wybrany przez siebie wiersz z tw\u00f3rczo\u015bci K. I. Ga\u0142czy\u0144skiego lub innego dowolnego polskiego poety.<\/p>\n<p style=\"text-align: justify;\">Wszelkie dodatkowe informacje mo\u017cna uzyska\u0107 telefonicznie pod numerem: 501&nbsp;791&nbsp;491.<\/p>\n<p style=\"text-align: justify;\">Program<br \/>\nCz\u0119\u015b\u0107 I godz.17:00<br \/>\n\u201eZielona G\u0119\u015b\u201d. Spektakl Teatru \u201eM\u0142odzi inaczej\u201d wyre\u017cyserowany przez Adama Dzieciniaka, inspirowany kultowymi tekstami \u201eTeatrzyku Zielona G\u0119\u015b\u201d K. I. Ga\u0142czy\u0144skiego.<\/p>\n<p style=\"text-align: justify;\">Cz\u0119\u015b\u0107 II godz.18:00<br \/>\n\u201eZielona Muza\u201d. I Festiwal Sztuki S\u0142owa &#8211; Ga\u0142czy\u0144ski i inni, prezentacje recytator\u00f3w.<\/p>\n<p>Bardzo serdecznie zapraszamy wszystkich do udzia\u0142u w wydarzeniu &#8211; zar\u00f3wno uczestnik\u00f3w, jak i widz\u00f3w. Niech \u017cyje poezja!<\/p>\n<p style=\"text-align: justify;\">Miejsce: Sala Kominkowa<\/p>\n<p style=\"text-align: justify;\">Wst\u0119p wolny<\/p>\n<p>Wydarzenie na <a href=\"https:\/\/www.facebook.com\/events\/1206412991592396\/?acontext=%7B%22event_action_history%22%3A[%7B%22extra_data%22%3A%22%22%2C%22mechanism%22%3A%22unknown%22%2C%22surface%22%3A%22home%22%7D%2C%7B%22extra_data%22%3A%22%22%2C%22mechanism%22%3A%22left_rail%22%2C%22surface%22%3A%22bookmark%22%7D%2C%7B%22extra_data%22%3A%22%22%2C%22mechanism%22%3A%22surface%22%2C%22surface%22%3A%22create_dialog%22%7D]%2C%22ref_notif_type%22%3Anull%7D&amp;onload_action=open_invite_flow&amp;show_created_event_toast=true\" target=\"_blank\" rel=\"noopener\"><strong>FB<\/strong><\/a><\/p>\n","protected":false},"excerpt":{"rendered":"<p>23.01.2026 pi\u0105tek g. 17:00 Grupa teatralna senior\u00f3w Teatr Janusza oraz m\u0142odzie\u017c z Pracowni Teatralnej Teatr Uhuru &#8211; zespo\u0142y artystyczne dzia\u0142aj\u0105ce w Domu Kultury \u201e13 Muz\u201d przygotowa\u0142y nowy projekt kulturalny pod nazw\u0105 Festiwal Sztuki S\u0142owa im. Konstantego Ildefonsa Ga\u0142czy\u0144skiego. Pierwsza edycja odb\u0119dzie si\u0119 23 stycznia &#8211; czyli dok\u0142adnie w 121. rocznic\u0119 urodzin poety. W ten spos\u00f3b ka\u017cdego roku chcemy uczci\u0107 pami\u0119\u0107 patrona Domu Kultury \u201e13 Muz\u201d oraz przypomina\u0107 wspania\u0142\u0105 tw\u00f3rczo\u015b\u0107 tego wybitnego poety, kt\u00f3ry swego czasu by\u0142 tak\u017ce zwi\u0105zany ze Szczecinem. Festiwal Sztuki S\u0142owa to propozycja skierowana zar\u00f3wno dla recytator\u00f3w zwi\u0105zanych na co dzie\u0144 z Domem Kultury \u201e13 Muz\u201d, jak r\u00f3wnie\u017c [&hellip;]<\/p>\n","protected":false},"author":4,"featured_media":0,"template":"","meta":{"ngg_post_thumbnail":0,"_price":"","_stock":"","_tribe_ticket_header":"","_tribe_default_ticket_provider":"","_ticket_start_date":"","_ticket_end_date":"","_tribe_ticket_show_description":"","_tribe_ticket_show_not_going":false,"_tribe_ticket_use_global_stock":"","_tribe_ticket_global_stock_level":"","_global_stock_mode":"","_global_stock_cap":"","_tribe_rsvp_for_event":"","_tribe_ticket_going_count":"","_tribe_ticket_not_going_count":"","_tribe_tickets_list":"[]","_tribe_ticket_has_attendee_info_fields":false,"_tribe_events_status":"","_tribe_events_status_reason":"","footnotes":"","_tec_slr_enabled":"","_tec_slr_layout":""},"tags":[],"tribe_events_cat":[],"class_list":["post-70872","tribe_events","type-tribe_events","status-publish","hentry"],"ticketed":false,"post_mailing_queue_ids":[],"_links":{"self":[{"href":"https:\/\/13muz.eu\/en\/wp-json\/wp\/v2\/tribe_events\/70872","targetHints":{"allow":["GET"]}}],"collection":[{"href":"https:\/\/13muz.eu\/en\/wp-json\/wp\/v2\/tribe_events"}],"about":[{"href":"https:\/\/13muz.eu\/en\/wp-json\/wp\/v2\/types\/tribe_events"}],"author":[{"embeddable":true,"href":"https:\/\/13muz.eu\/en\/wp-json\/wp\/v2\/users\/4"}],"version-history":[{"count":0,"href":"https:\/\/13muz.eu\/en\/wp-json\/wp\/v2\/tribe_events\/70872\/revisions"}],"wp:attachment":[{"href":"https:\/\/13muz.eu\/en\/wp-json\/wp\/v2\/media?parent=70872"}],"wp:term":[{"taxonomy":"post_tag","embeddable":true,"href":"https:\/\/13muz.eu\/en\/wp-json\/wp\/v2\/tags?post=70872"},{"taxonomy":"tribe_events_cat","embeddable":true,"href":"https:\/\/13muz.eu\/en\/wp-json\/wp\/v2\/tribe_events_cat?post=70872"}],"curies":[{"name":"wp","href":"https:\/\/api.w.org\/{rel}","templated":true}]}}