{"id":70300,"date":"2025-11-05T12:15:12","date_gmt":"2025-11-05T11:15:12","guid":{"rendered":"https:\/\/13muz.eu\/?post_type=tribe_events&#038;p=70300"},"modified":"2025-11-07T13:39:03","modified_gmt":"2025-11-07T12:39:03","slug":"16-12-suita-na-orkiestre-koncert-w-ramach-uniwersytetu-mlodego-melomana","status":"publish","type":"tribe_events","link":"https:\/\/13muz.eu\/en\/event\/16-12-suita-na-orkiestre-koncert-w-ramach-uniwersytetu-mlodego-melomana\/","title":{"rendered":"16.12. \/ Suita na orkiestr\u0119 &#8211; koncert w ramach Uniwersytetu M\u0142odego Melomana"},"content":{"rendered":"<p><img loading=\"lazy\" decoding=\"async\" class=\"alignnone size-large wp-image-70302\" src=\"https:\/\/13muz.eu\/wp-content\/uploads\/2025\/11\/16.12.2025-Suita-na-orkiestre-koncert-w-ramach-Uniwersytetu-Mlodego-Melomana-1920-1024x576.jpeg\" alt=\"\" width=\"1024\" height=\"576\" srcset=\"https:\/\/13muz.eu\/wp-content\/uploads\/2025\/11\/16.12.2025-Suita-na-orkiestre-koncert-w-ramach-Uniwersytetu-Mlodego-Melomana-1920-1024x576.jpeg 1024w, https:\/\/13muz.eu\/wp-content\/uploads\/2025\/11\/16.12.2025-Suita-na-orkiestre-koncert-w-ramach-Uniwersytetu-Mlodego-Melomana-1920-300x169.jpeg 300w, https:\/\/13muz.eu\/wp-content\/uploads\/2025\/11\/16.12.2025-Suita-na-orkiestre-koncert-w-ramach-Uniwersytetu-Mlodego-Melomana-1920-768x432.jpeg 768w, https:\/\/13muz.eu\/wp-content\/uploads\/2025\/11\/16.12.2025-Suita-na-orkiestre-koncert-w-ramach-Uniwersytetu-Mlodego-Melomana-1920-1536x864.jpeg 1536w, https:\/\/13muz.eu\/wp-content\/uploads\/2025\/11\/16.12.2025-Suita-na-orkiestre-koncert-w-ramach-Uniwersytetu-Mlodego-Melomana-1920-400x225.jpeg 400w, https:\/\/13muz.eu\/wp-content\/uploads\/2025\/11\/16.12.2025-Suita-na-orkiestre-koncert-w-ramach-Uniwersytetu-Mlodego-Melomana-1920.jpeg 1920w\" sizes=\"auto, (max-width: 1024px) 100vw, 1024px\" \/><\/p>\n<p style=\"text-align: justify;\"><strong>16.12.2025 wtorek g. 18:00<\/strong><\/p>\n<p style=\"text-align: justify;\">Suita na orkiestr\u0119 to wielki fina\u0142 cyklu Uniwersytet M\u0142odego Melomana, zamykaj\u0105cy muzyczn\u0105 podr\u00f3\u017c przez wszystkie sekcje orkiestry. Po spotkaniach z instrumentami smyczkowymi, drewnianymi d\u0119tymi i blaszanymi, nadszed\u0142 czas, aby us\u0142ysze\u0107 je razem &#8211; w pe\u0142nym, barwnym dialogu. Zesp\u00f3\u0142 znakomitych muzyk\u00f3w otworzy przed s\u0142uchaczami bogaty \u015bwiat orkiestrowych barw i faktur.<\/p>\n<p style=\"text-align: justify;\">Podczas koncertu m\u0142odzi melomani przekonaj\u0105 si\u0119, jak instrumenty wsp\u00f3\u0142brzmi\u0105 ze sob\u0105, tworz\u0105c jedno\u015b\u0107 z\u0142o\u017con\u0105 z wielu g\u0142os\u00f3w. Suita na orkiestr\u0119 uka\u017ce orkiestr\u0119 niczym palet\u0119 malarsk\u0105, na kt\u00f3rej d\u017awi\u0119ki uk\u0142adaj\u0105 si\u0119 w r\u00f3\u017cnorodne obrazy i nastroje &#8211; od lirycznych miniatur po rytmiczne, taneczne fragmenty.<\/p>\n<p style=\"text-align: justify;\">To wydarzenie zamyka czterocz\u0119\u015bciowy cykl edukacyjny, kt\u00f3rego celem by\u0142o krok po kroku przybli\u017cy\u0107 dzieciom i m\u0142odzie\u017cy tajemnice orkiestry. Teraz, w finale, wszystkie elementy muzycznej uk\u0142adanki spotkaj\u0105 si\u0119 w jednej barwnej ca\u0142o\u015bci, pozwalaj\u0105c uczestnikom poczu\u0107 magi\u0119 orkiestrowego wsp\u00f3lnego grania.<\/p>\n<p style=\"text-align: justify;\">Szczeci\u0144scy Instrumentali\u015bci<br \/>\nSzymon Wyrzykowski &#8211; prowadzenie koncertu<\/p>\n<p style=\"text-align: justify;\">Organizator: Fundacja Opus<br \/>\n<a href=\"mailto:fundacjaopus@gmail.com\" target=\"_blank\" rel=\"noopener\">fundacjaopus@gmail.com<\/a> \/ 695 155&nbsp;770<\/p>\n<p style=\"text-align: justify;\">Czas trwania wydarzenia: 60 min<\/p>\n<p style=\"text-align: justify;\">Wydarzenie przeznaczone dla dzieci od 7-go roku \u017cycia<\/p>\n<p style=\"text-align: justify;\">Projekt wsp\u00f3\u0142finansowany ze \u015brodk\u00f3w Gminy Miasto Szczecin.<\/p>\n<p style=\"text-align: justify;\">Miejsce: Sala Kominkowa<\/p>\n<p style=\"text-align: justify;\">Bilety: 35 z\u0142 \/ <a href=\"http:\/\/www.biletomat.pl\" target=\"_blank\" rel=\"noopener\">www.biletomat.pl<\/a><\/p>\n<p style=\"text-align: justify;\"><strong>Nie ma mo\u017cliwo\u015bci zakupu biletu na miejscu przed wydarzeniem.<\/strong><\/p>\n<p>Wydarzenie na <a href=\"https:\/\/www.facebook.com\/events\/1348473350147704\/?acontext=%7B%22event_action_history%22%3A[%7B%22extra_data%22%3A%22%22%2C%22mechanism%22%3A%22left_rail%22%2C%22surface%22%3A%22bookmark%22%7D%2C%7B%22extra_data%22%3A%22%22%2C%22mechanism%22%3A%22surface%22%2C%22surface%22%3A%22create_dialog%22%7D]%2C%22ref_notif_type%22%3Anull%7D&amp;onload_action=open_invite_flow&amp;show_created_event_toast=true\" target=\"_blank\" rel=\"noopener\"><strong>FB<\/strong><\/a><\/p>\n","protected":false},"excerpt":{"rendered":"<p>16.12.2025 wtorek g. 18:00 Suita na orkiestr\u0119 to wielki fina\u0142 cyklu Uniwersytet M\u0142odego Melomana, zamykaj\u0105cy muzyczn\u0105 podr\u00f3\u017c przez wszystkie sekcje orkiestry. Po spotkaniach z instrumentami smyczkowymi, drewnianymi d\u0119tymi i blaszanymi, nadszed\u0142 czas, aby us\u0142ysze\u0107 je razem &#8211; w pe\u0142nym, barwnym dialogu. Zesp\u00f3\u0142 znakomitych muzyk\u00f3w otworzy przed s\u0142uchaczami bogaty \u015bwiat orkiestrowych barw i faktur. Podczas koncertu m\u0142odzi melomani przekonaj\u0105 si\u0119, jak instrumenty wsp\u00f3\u0142brzmi\u0105 ze sob\u0105, tworz\u0105c jedno\u015b\u0107 z\u0142o\u017con\u0105 z wielu g\u0142os\u00f3w. Suita na orkiestr\u0119 uka\u017ce orkiestr\u0119 niczym palet\u0119 malarsk\u0105, na kt\u00f3rej d\u017awi\u0119ki uk\u0142adaj\u0105 si\u0119 w r\u00f3\u017cnorodne obrazy i nastroje &#8211; od lirycznych miniatur po rytmiczne, taneczne fragmenty. To wydarzenie zamyka czterocz\u0119\u015bciowy [&hellip;]<\/p>\n","protected":false},"author":4,"featured_media":0,"template":"","meta":{"ngg_post_thumbnail":0,"_price":"","_stock":"","_tribe_ticket_header":"","_tribe_default_ticket_provider":"","_ticket_start_date":"","_ticket_end_date":"","_tribe_ticket_show_description":"","_tribe_ticket_show_not_going":false,"_tribe_ticket_use_global_stock":"","_tribe_ticket_global_stock_level":"","_global_stock_mode":"","_global_stock_cap":"","_tribe_rsvp_for_event":"","_tribe_ticket_going_count":"","_tribe_ticket_not_going_count":"","_tribe_tickets_list":"[]","_tribe_ticket_has_attendee_info_fields":false,"_tribe_events_status":"","_tribe_events_status_reason":"","footnotes":"","_tec_slr_enabled":"","_tec_slr_layout":""},"tags":[],"tribe_events_cat":[],"class_list":["post-70300","tribe_events","type-tribe_events","status-publish","hentry"],"ticketed":false,"post_mailing_queue_ids":[],"_links":{"self":[{"href":"https:\/\/13muz.eu\/en\/wp-json\/wp\/v2\/tribe_events\/70300","targetHints":{"allow":["GET"]}}],"collection":[{"href":"https:\/\/13muz.eu\/en\/wp-json\/wp\/v2\/tribe_events"}],"about":[{"href":"https:\/\/13muz.eu\/en\/wp-json\/wp\/v2\/types\/tribe_events"}],"author":[{"embeddable":true,"href":"https:\/\/13muz.eu\/en\/wp-json\/wp\/v2\/users\/4"}],"version-history":[{"count":0,"href":"https:\/\/13muz.eu\/en\/wp-json\/wp\/v2\/tribe_events\/70300\/revisions"}],"wp:attachment":[{"href":"https:\/\/13muz.eu\/en\/wp-json\/wp\/v2\/media?parent=70300"}],"wp:term":[{"taxonomy":"post_tag","embeddable":true,"href":"https:\/\/13muz.eu\/en\/wp-json\/wp\/v2\/tags?post=70300"},{"taxonomy":"tribe_events_cat","embeddable":true,"href":"https:\/\/13muz.eu\/en\/wp-json\/wp\/v2\/tribe_events_cat?post=70300"}],"curies":[{"name":"wp","href":"https:\/\/api.w.org\/{rel}","templated":true}]}}