{"id":70296,"date":"2025-11-05T12:03:20","date_gmt":"2025-11-05T11:03:20","guid":{"rendered":"https:\/\/13muz.eu\/?post_type=tribe_events&#038;p=70296"},"modified":"2025-11-28T15:41:07","modified_gmt":"2025-11-28T14:41:07","slug":"15-12-zwiazek-na-odleglosc-niewielka-spektakl","status":"publish","type":"tribe_events","link":"https:\/\/13muz.eu\/en\/event\/15-12-zwiazek-na-odleglosc-niewielka-spektakl\/","title":{"rendered":"15.12. \/ Zwi\u0105zek na odleg\u0142o\u015b\u0107 niewielk\u0105 &#8211; spektakl"},"content":{"rendered":"<p><img loading=\"lazy\" decoding=\"async\" class=\"alignnone size-large wp-image-68218\" src=\"https:\/\/13muz.eu\/wp-content\/uploads\/2025\/07\/0815.09.2025-Zwiazek-na-odleglosc-niewielka-1920-1024x747.jpg\" alt=\"\" width=\"1024\" height=\"747\" srcset=\"https:\/\/13muz.eu\/wp-content\/uploads\/2025\/07\/0815.09.2025-Zwiazek-na-odleglosc-niewielka-1920-1024x747.jpg 1024w, https:\/\/13muz.eu\/wp-content\/uploads\/2025\/07\/0815.09.2025-Zwiazek-na-odleglosc-niewielka-1920-300x219.jpg 300w, https:\/\/13muz.eu\/wp-content\/uploads\/2025\/07\/0815.09.2025-Zwiazek-na-odleglosc-niewielka-1920-768x560.jpg 768w, https:\/\/13muz.eu\/wp-content\/uploads\/2025\/07\/0815.09.2025-Zwiazek-na-odleglosc-niewielka-1920-1536x1120.jpg 1536w, https:\/\/13muz.eu\/wp-content\/uploads\/2025\/07\/0815.09.2025-Zwiazek-na-odleglosc-niewielka-1920-400x292.jpg 400w, https:\/\/13muz.eu\/wp-content\/uploads\/2025\/07\/0815.09.2025-Zwiazek-na-odleglosc-niewielka-1920.jpg 1920w\" sizes=\"auto, (max-width: 1024px) 100vw, 1024px\" \/><\/p>\n<p style=\"text-align: justify;\"><strong>15.12.2025 poniedzia\u0142ek g. 17:00 i 19:00<\/strong><\/p>\n<p>Na godz. 19:00 nie ma ju\u017c, niestety, wolnych miejsc. Zapraszamy na godz. 17.00.<\/p>\n<p style=\"text-align: justify;\"><strong>Spektakl \u201eZwi\u0105zek na odleg\u0142o\u015b\u0107 niewielk\u0105\u201d nominowany do \u201eBursztynowego Pier\u015bcienia\u201d w kategorii: najlepszy spektakl w sezonie 2024\/2025.<\/strong><\/p>\n<p style=\"text-align: justify;\"><strong>Dorota Chrulska nominowana do \u201eBursztynowego Pier\u015bcienia\u201d w kategorii: najlepsza aktorka\/najlepszy aktor w sezonie 2024\/2025 w spektaklu \u201eZwi\u0105zek na odleg\u0142o\u015b\u0107 niewielk\u0105\u201d.<\/strong><\/p>\n<p style=\"text-align: justify;\"><strong>Wi\u0119cej informacji nt. plebiscytu \u201eBursztynowy Pier\u015bcie\u0144\u201d (w tym jak mo\u017cna odda\u0107 g\u0142osy) znajduje si\u0119 pod <a href=\"https:\/\/24kurier.pl\/akcje-kuriera\/bursztynowy-pierscien-2025\/top-10-czyli-finalowa-dziesiatka\/\" target=\"_blank\" rel=\"noopener\">linkiem<\/a>. G\u0142osowanie potrwa do 25 listopada w\u0142\u0105cznie.<\/strong><\/p>\n<p style=\"text-align: justify;\">Oto Oni, oto My, oto Wy pod jednym dachem, w jednej kuchni, w jednym zwi\u0105zku. Dwa \u015bwiaty osobne w\u0119z\u0142em po\u0142\u0105czone i zaraz ochota na rozsup\u0142anie owego w\u0119z\u0142a &#8211; to zupe\u0142nie niepowa\u017cne i skutki op\u0142akane.<\/p>\n<p style=\"text-align: justify;\">Krotochwila satyryczno-makabryczna o pewnej Onej i Onym i jak im si\u0119 wiod\u0142o i nie wiod\u0142o w meandrach codzienno\u015bci opowiedziana w zabawnych skeczach Stefanii Grodzie\u0144skiej i pe\u0142nych czarnego humoru piosenkach Macieja Zembatego.<\/p>\n<p style=\"text-align: justify;\">Ona: Co tak siedzisz?<br \/>\nOn: Jak siedz\u0119?<br \/>\nOna: Taki znudzony. Dawniej si\u0119 ze mn\u0105 nie nudzi\u0142e\u015b.<br \/>\nOn: Nie jestem znudzony. Czytam gazet\u0119.<br \/>\nOna: Dawniej w moim towarzystwie nie czyta\u0142e\u015b gazety\u2026<\/p>\n<p style=\"text-align: justify;\">Obsada:<br \/>\nOna w zwi\u0105zku &#8211; Dorota Chrulska<br \/>\nOn w zwi\u0105zku &#8211; S\u0142awomir Ko\u0142akowski<br \/>\nW zwi\u0105zku z akordeonem &#8211; Krzysztof Baranowski<\/p>\n<p style=\"text-align: justify;\">Autorzy: Stefania Grodzie\u0144ska, Maciej Zembaty oraz Andrzej Poniedzielski &#8211; poeta u\u017cytkowy niezwi\u0105zany<\/p>\n<p style=\"text-align: justify;\">Organizator: Adduna Beata Buchner<\/p>\n<p style=\"text-align: justify;\">Miejsce: Sala Kominkowa<\/p>\n<p style=\"text-align: justify;\">Czas trwania: 80 min<\/p>\n<p style=\"text-align: justify;\">Bilety: normalny 80 z\u0142 \/ ulgowy 70 z\u0142 (uczniowie, studenci, seniorzy) \/ <a href=\"http:\/\/www.biletomat.pl\" target=\"_blank\" rel=\"noopener\">www.biletomat.pl<\/a><\/p>\n<p style=\"text-align: justify;\">Bilety grupowy od 20 os\u00f3b (tylko po wcze\u015bniejszej rezerwacji telefonicznej: 509 970&nbsp;423): 65 z\u0142<\/p>\n<p>Wydarzenie na <a href=\"https:\/\/www.facebook.com\/events\/827858909858213\/?acontext=%7B%22event_action_history%22%3A[%7B%22extra_data%22%3A%22%22%2C%22mechanism%22%3A%22left_rail%22%2C%22surface%22%3A%22bookmark%22%7D%2C%7B%22extra_data%22%3A%22%22%2C%22mechanism%22%3A%22surface%22%2C%22surface%22%3A%22create_dialog%22%7D]%2C%22ref_notif_type%22%3Anull%7D&amp;onload_action=open_invite_flow&amp;show_created_event_toast=true\" target=\"_blank\" rel=\"noopener\"><strong>FB<\/strong><\/a><\/p>\n","protected":false},"excerpt":{"rendered":"<p>15.12.2025 poniedzia\u0142ek g. 17:00 i 19:00 Na godz. 19:00 nie ma ju\u017c, niestety, wolnych miejsc. Zapraszamy na godz. 17.00. Spektakl \u201eZwi\u0105zek na odleg\u0142o\u015b\u0107 niewielk\u0105\u201d nominowany do \u201eBursztynowego Pier\u015bcienia\u201d w kategorii: najlepszy spektakl w sezonie 2024\/2025. Dorota Chrulska nominowana do \u201eBursztynowego Pier\u015bcienia\u201d w kategorii: najlepsza aktorka\/najlepszy aktor w sezonie 2024\/2025 w spektaklu \u201eZwi\u0105zek na odleg\u0142o\u015b\u0107 niewielk\u0105\u201d. Wi\u0119cej informacji nt. plebiscytu \u201eBursztynowy Pier\u015bcie\u0144\u201d (w tym jak mo\u017cna odda\u0107 g\u0142osy) znajduje si\u0119 pod linkiem. G\u0142osowanie potrwa do 25 listopada w\u0142\u0105cznie. Oto Oni, oto My, oto Wy pod jednym dachem, w jednej kuchni, w jednym zwi\u0105zku. Dwa \u015bwiaty osobne w\u0119z\u0142em po\u0142\u0105czone i zaraz ochota [&hellip;]<\/p>\n","protected":false},"author":4,"featured_media":0,"template":"","meta":{"ngg_post_thumbnail":0,"_price":"","_stock":"","_tribe_ticket_header":"","_tribe_default_ticket_provider":"","_ticket_start_date":"","_ticket_end_date":"","_tribe_ticket_show_description":"","_tribe_ticket_show_not_going":false,"_tribe_ticket_use_global_stock":"","_tribe_ticket_global_stock_level":"","_global_stock_mode":"","_global_stock_cap":"","_tribe_rsvp_for_event":"","_tribe_ticket_going_count":"","_tribe_ticket_not_going_count":"","_tribe_tickets_list":"[]","_tribe_ticket_has_attendee_info_fields":false,"_tribe_events_status":"","_tribe_events_status_reason":"","footnotes":"","_tec_slr_enabled":"","_tec_slr_layout":""},"tags":[],"tribe_events_cat":[],"class_list":["post-70296","tribe_events","type-tribe_events","status-publish","hentry"],"ticketed":false,"post_mailing_queue_ids":[],"_links":{"self":[{"href":"https:\/\/13muz.eu\/en\/wp-json\/wp\/v2\/tribe_events\/70296","targetHints":{"allow":["GET"]}}],"collection":[{"href":"https:\/\/13muz.eu\/en\/wp-json\/wp\/v2\/tribe_events"}],"about":[{"href":"https:\/\/13muz.eu\/en\/wp-json\/wp\/v2\/types\/tribe_events"}],"author":[{"embeddable":true,"href":"https:\/\/13muz.eu\/en\/wp-json\/wp\/v2\/users\/4"}],"version-history":[{"count":0,"href":"https:\/\/13muz.eu\/en\/wp-json\/wp\/v2\/tribe_events\/70296\/revisions"}],"wp:attachment":[{"href":"https:\/\/13muz.eu\/en\/wp-json\/wp\/v2\/media?parent=70296"}],"wp:term":[{"taxonomy":"post_tag","embeddable":true,"href":"https:\/\/13muz.eu\/en\/wp-json\/wp\/v2\/tags?post=70296"},{"taxonomy":"tribe_events_cat","embeddable":true,"href":"https:\/\/13muz.eu\/en\/wp-json\/wp\/v2\/tribe_events_cat?post=70296"}],"curies":[{"name":"wp","href":"https:\/\/api.w.org\/{rel}","templated":true}]}}