{"id":70101,"date":"2025-11-04T12:58:38","date_gmt":"2025-11-04T11:58:38","guid":{"rendered":"https:\/\/13muz.eu\/?post_type=tribe_events&#038;p=70101"},"modified":"2025-11-12T09:04:40","modified_gmt":"2025-11-12T08:04:40","slug":"09-12-szczecinska-trzynastka-orkiestra-deta-dk-13-muz","status":"publish","type":"tribe_events","link":"https:\/\/13muz.eu\/en\/event\/09-12-szczecinska-trzynastka-orkiestra-deta-dk-13-muz\/","title":{"rendered":"09.12. \/ Szczeci\u0144ska Trzynastka &#8211; orkiestra d\u0119ta DK \u201e13 Muz\u201d"},"content":{"rendered":"<p><img loading=\"lazy\" decoding=\"async\" class=\"size-large wp-image-70103\" src=\"https:\/\/13muz.eu\/wp-content\/uploads\/2025\/11\/09.12.2025-Szczecinska-Trzynastka-orkiestra-deta-DK-13-Muz-1920-z-logo-1024x768.jpg\" alt=\"\" width=\"1024\" height=\"768\" srcset=\"https:\/\/13muz.eu\/wp-content\/uploads\/2025\/11\/09.12.2025-Szczecinska-Trzynastka-orkiestra-deta-DK-13-Muz-1920-z-logo-1024x768.jpg 1024w, https:\/\/13muz.eu\/wp-content\/uploads\/2025\/11\/09.12.2025-Szczecinska-Trzynastka-orkiestra-deta-DK-13-Muz-1920-z-logo-300x225.jpg 300w, https:\/\/13muz.eu\/wp-content\/uploads\/2025\/11\/09.12.2025-Szczecinska-Trzynastka-orkiestra-deta-DK-13-Muz-1920-z-logo-768x576.jpg 768w, https:\/\/13muz.eu\/wp-content\/uploads\/2025\/11\/09.12.2025-Szczecinska-Trzynastka-orkiestra-deta-DK-13-Muz-1920-z-logo-1536x1152.jpg 1536w, https:\/\/13muz.eu\/wp-content\/uploads\/2025\/11\/09.12.2025-Szczecinska-Trzynastka-orkiestra-deta-DK-13-Muz-1920-z-logo-400x300.jpg 400w, https:\/\/13muz.eu\/wp-content\/uploads\/2025\/11\/09.12.2025-Szczecinska-Trzynastka-orkiestra-deta-DK-13-Muz-1920-z-logo.jpg 1920w\" sizes=\"auto, (max-width: 1024px) 100vw, 1024px\" \/><\/p>\n<p><strong style=\"text-align: justify; font-size: 16px;\">09.12.2025 wtorek g. 18:00&nbsp;<\/strong><\/p>\n<p style=\"text-align: justify;\">Serdecznie zapraszamy na kolejny koncert w wykonaniu Szczeci\u0144skiej Trzynastki &#8211; orkiestry d\u0119tej Domu Kultury \u201e13 Muz\u201d.<\/p>\n<p style=\"text-align: justify;\">Szczeci\u0144ska Trzynastka zosta\u0142a powo\u0142ana w 2021 r. z inicjatywy Waldemara Kulpy, dyrektora Domu Kultury \u201e13 Muz\u201d przez Mateusza Kupskiego, dyrektora artystycznego. Dyrygentem orkiestry jest Mi\u0142osz Otto.<\/p>\n<p style=\"text-align: justify;\">Celem Orkiestry jest propagowanie idei zjednoczenia spo\u0142eczno\u015bci muzyk\u00f3w graj\u0105cych na instrumentach d\u0119tych, nie zwa\u017caj\u0105c, czy kto\u015b jest amatorem, uczniem czy profesjonalist\u0105, a tak\u017ce zaszczepienie tradycji orkiestr d\u0119tych w naszym mie\u015bcie. Chcieliby\u015bmy, by wyst\u0119py Orkiestry odbywa\u0142y si\u0119 wsz\u0119dzie tam, gdzie mo\u017cemy muzyk\u0105 umila\u0107 czas mieszka\u0144com Szczecina oraz turystom odwiedzaj\u0105cym miasto \u2013 na scenach wewn\u0119trznych i plenerowych, podczas \u015bwi\u0105t i wydarze\u0144 kulturalnych. \u0141\u0105czymy wiele pokole\u0144 muzyk\u00f3w, dlatego w sk\u0142ad zespo\u0142u wchodz\u0105: Zesp\u00f3\u0142&nbsp;&nbsp; D\u0119ty&nbsp;&nbsp; Blaszany Domu Kultury \u201e13 Muz\u201d, uczniowie szczeci\u0144skich szk\u00f3\u0142 muzycznych, a tak\u017ce szkoleni przez nas amatorzy \u2013 osoby bez wykszta\u0142cenia muzycznego, ale z muzyczn\u0105 pasj\u0105.<\/p>\n<p style=\"text-align: justify;\">Organizacj\u0105 i prowadzeniem zespo\u0142\u00f3w zajmuje si\u0119 Mateusz Kupski, na co dzie\u0144 pe\u0142ni\u0105cy funkcj\u0119 pierwszego puzonisty w orkiestrze Filharmonii im. Mieczys\u0142awa Kar\u0142owicza w Szczecinie. Jest absolwentem Akademii Muzycznej im. Karola Szymanowskiego w Katowicach. Wsp\u00f3\u0142pracowa\u0142 z wieloma orkiestrami polskimi i mi\u0119dzynarodowymi, m. in.: z Narodow\u0105 Orkiestr\u0105 Symfoniczn\u0105 Polskiego Radia, Filharmoni\u0105 Gorzowsk\u0105, Oper\u0105 \u015al\u0105sk\u0105 w Bytomiu, Filharmoni\u0105 im. J\u00f3zefa Elsnera w Opolu, I, CULTURE Orchestra. Mateusz Kupski jest r\u00f3wnie\u017c pedagogiem w ZPSM przy ul. Starom\u0142y\u0144skiej w Szczecinie oraz wyk\u0142adowc\u0105 w Akademii Sztuki w Szczecinie.<\/p>\n<p style=\"text-align: justify;\">Mi\u0142osz Otto jest absolwentem Zespo\u0142u Pa\u0144stwowych Szk\u00f3\u0142 Muzycznych im. Feliksa Nowowiejskiego w Szczecinie, gdzie uczy\u0142 si\u0119 w klasie prof. Bogus\u0142awa Jakubowskiego. Obecnie jest studentem I roku studi\u00f3w licencjackich na Akademii Muzycznej im. Ignacego Jana Paderewskiego w Poznaniu. Studiuje dwa kierunki: dyrygentur\u0119 symfoniczn\u0105 w klasie prof. Jos\u00e9 e Maria Flor\u00eancio oraz klarnet u prof. Paw\u0142a Drobnika i dra Paw\u0142a Kroczka.<\/p>\n<p style=\"text-align: justify;\">Program<br \/>\nGustav Holst &#8211; Pierwsza Suita na Orkiestr\u0119 D\u0119t\u0105<br \/>\nDmitrij Szostakowicz &#8211; Uwertura Festiwalowa<br \/>\nAlfred Reed &#8211; A Christmas Celebration<\/p>\n<p style=\"text-align: justify;\">Mi\u0142osz Otto &#8211; dyrygent<\/p>\n<p style=\"text-align: justify;\">Mateusz Kupski &#8211; organizacja wydarzenia<\/p>\n<p style=\"text-align: justify;\">Miejsce: Sala Kominkowa<\/p>\n<p style=\"text-align: justify;\">Bilety: normalny 20 z\u0142 \/ ulgowy 10 z\u0142 (uczniowie, studenci, seniorzy) \/ <a href=\"https:\/\/www.biletomat.pl\/bilety\/szczecinska-trzynastka-orkiestra-deta-dk-13-muz-szczecin-szczecin-236443\/\" target=\"_blank\" rel=\"noopener\">www.biletomat.pl<\/a><\/p>\n<p style=\"text-align: justify;\"><strong>Nie ma mo\u017cliwo\u015bci zakupu biletu na miejscu przed wydarzeniem.<\/strong><\/p>\n<p style=\"text-align: justify;\">Koncerty \u201eSzczeci\u0144skiej Trzynastki\u201d orkiestry d\u0119tej Domu Kultury \u201e13 Muz\u201d wspiera Miasto Szczecin.<\/p>\n<p>Wydarzenie na <a href=\"https:\/\/www.facebook.com\/events\/1370666728023840\/?acontext=%7B%22event_action_history%22%3A[%7B%22extra_data%22%3A%22%22%2C%22mechanism%22%3A%22left_rail%22%2C%22surface%22%3A%22bookmark%22%7D%2C%7B%22extra_data%22%3A%22%22%2C%22mechanism%22%3A%22surface%22%2C%22surface%22%3A%22create_dialog%22%7D]%2C%22ref_notif_type%22%3Anull%7D&amp;onload_action=open_invite_flow&amp;show_created_event_toast=true\" target=\"_blank\" rel=\"noopener\"><strong>FB<\/strong><\/a><\/p>\n","protected":false},"excerpt":{"rendered":"<p>09.12.2025 wtorek g. 18:00&nbsp; Serdecznie zapraszamy na kolejny koncert w wykonaniu Szczeci\u0144skiej Trzynastki &#8211; orkiestry d\u0119tej Domu Kultury \u201e13 Muz\u201d. Szczeci\u0144ska Trzynastka zosta\u0142a powo\u0142ana w 2021 r. z inicjatywy Waldemara Kulpy, dyrektora Domu Kultury \u201e13 Muz\u201d przez Mateusza Kupskiego, dyrektora artystycznego. Dyrygentem orkiestry jest Mi\u0142osz Otto. Celem Orkiestry jest propagowanie idei zjednoczenia spo\u0142eczno\u015bci muzyk\u00f3w graj\u0105cych na instrumentach d\u0119tych, nie zwa\u017caj\u0105c, czy kto\u015b jest amatorem, uczniem czy profesjonalist\u0105, a tak\u017ce zaszczepienie tradycji orkiestr d\u0119tych w naszym mie\u015bcie. Chcieliby\u015bmy, by wyst\u0119py Orkiestry odbywa\u0142y si\u0119 wsz\u0119dzie tam, gdzie mo\u017cemy muzyk\u0105 umila\u0107 czas mieszka\u0144com Szczecina oraz turystom odwiedzaj\u0105cym miasto \u2013 na scenach wewn\u0119trznych i [&hellip;]<\/p>\n","protected":false},"author":4,"featured_media":0,"template":"","meta":{"ngg_post_thumbnail":0,"_price":"","_stock":"","_tribe_ticket_header":"","_tribe_default_ticket_provider":"","_ticket_start_date":"","_ticket_end_date":"","_tribe_ticket_show_description":"","_tribe_ticket_show_not_going":false,"_tribe_ticket_use_global_stock":"","_tribe_ticket_global_stock_level":"","_global_stock_mode":"","_global_stock_cap":"","_tribe_rsvp_for_event":"","_tribe_ticket_going_count":"","_tribe_ticket_not_going_count":"","_tribe_tickets_list":"[]","_tribe_ticket_has_attendee_info_fields":false,"_tribe_events_status":"","_tribe_events_status_reason":"","footnotes":"","_tec_slr_enabled":"","_tec_slr_layout":""},"tags":[],"tribe_events_cat":[],"class_list":["post-70101","tribe_events","type-tribe_events","status-publish","hentry"],"ticketed":false,"post_mailing_queue_ids":[],"_links":{"self":[{"href":"https:\/\/13muz.eu\/en\/wp-json\/wp\/v2\/tribe_events\/70101","targetHints":{"allow":["GET"]}}],"collection":[{"href":"https:\/\/13muz.eu\/en\/wp-json\/wp\/v2\/tribe_events"}],"about":[{"href":"https:\/\/13muz.eu\/en\/wp-json\/wp\/v2\/types\/tribe_events"}],"author":[{"embeddable":true,"href":"https:\/\/13muz.eu\/en\/wp-json\/wp\/v2\/users\/4"}],"version-history":[{"count":0,"href":"https:\/\/13muz.eu\/en\/wp-json\/wp\/v2\/tribe_events\/70101\/revisions"}],"wp:attachment":[{"href":"https:\/\/13muz.eu\/en\/wp-json\/wp\/v2\/media?parent=70101"}],"wp:term":[{"taxonomy":"post_tag","embeddable":true,"href":"https:\/\/13muz.eu\/en\/wp-json\/wp\/v2\/tags?post=70101"},{"taxonomy":"tribe_events_cat","embeddable":true,"href":"https:\/\/13muz.eu\/en\/wp-json\/wp\/v2\/tribe_events_cat?post=70101"}],"curies":[{"name":"wp","href":"https:\/\/api.w.org\/{rel}","templated":true}]}}