{"id":70068,"date":"2025-11-04T11:37:28","date_gmt":"2025-11-04T10:37:28","guid":{"rendered":"https:\/\/13muz.eu\/?post_type=tribe_events&#038;p=70068"},"modified":"2025-11-13T08:40:15","modified_gmt":"2025-11-13T07:40:15","slug":"03-12-szczecinskie-spotkania-literackie-13-muz-z-gornej-polki-artur-daniel-liskowacki-zimno","status":"publish","type":"tribe_events","link":"https:\/\/13muz.eu\/en\/event\/03-12-szczecinskie-spotkania-literackie-13-muz-z-gornej-polki-artur-daniel-liskowacki-zimno\/","title":{"rendered":"03.12. \/ Szczeci\u0144skie spotkania literackie \u201e13 Muz\u201d: Z g\u00f3rnej p\u00f3\u0142ki \/ Artur Daniel Liskowacki \/ Zimno"},"content":{"rendered":"<p><img loading=\"lazy\" decoding=\"async\" class=\"alignnone size-large wp-image-70070\" src=\"https:\/\/13muz.eu\/wp-content\/uploads\/2025\/11\/03.12.2025-Szczecinskie-spotkania-literackie-13-Muz-1920-1024x747.jpg\" alt=\"\" width=\"1024\" height=\"747\" srcset=\"https:\/\/13muz.eu\/wp-content\/uploads\/2025\/11\/03.12.2025-Szczecinskie-spotkania-literackie-13-Muz-1920-1024x747.jpg 1024w, https:\/\/13muz.eu\/wp-content\/uploads\/2025\/11\/03.12.2025-Szczecinskie-spotkania-literackie-13-Muz-1920-300x219.jpg 300w, https:\/\/13muz.eu\/wp-content\/uploads\/2025\/11\/03.12.2025-Szczecinskie-spotkania-literackie-13-Muz-1920-768x560.jpg 768w, https:\/\/13muz.eu\/wp-content\/uploads\/2025\/11\/03.12.2025-Szczecinskie-spotkania-literackie-13-Muz-1920-1536x1120.jpg 1536w, https:\/\/13muz.eu\/wp-content\/uploads\/2025\/11\/03.12.2025-Szczecinskie-spotkania-literackie-13-Muz-1920-400x292.jpg 400w, https:\/\/13muz.eu\/wp-content\/uploads\/2025\/11\/03.12.2025-Szczecinskie-spotkania-literackie-13-Muz-1920.jpg 1920w\" sizes=\"auto, (max-width: 1024px) 100vw, 1024px\" \/><\/p>\n<p style=\"text-align: justify;\"><strong>03.12.2025 \u015broda g. 19:00<\/strong><\/p>\n<p style=\"text-align: justify;\">Spotkanie z Arturem Danielem Liskowackim w ramach promocji powie\u015bci \u201eZimno\u201d.<\/p>\n<p style=\"text-align: justify;\">Prowadzenie: Piotr Krupi\u0144ski<\/p>\n<p style=\"text-align: justify;\">Go\u015bcie specjalni: Eryk Krasucki i Katarzyna Rembacka<\/p>\n<p style=\"text-align: justify;\">\u201eZimno\u201d<br \/>\nOstatnie dni spo\u0142eczno-politycznej rewolty na Wybrze\u017cu. Akcje i reakcje. A wszystko widziane z bardzo bliska, od \u015brodka.<\/p>\n<p style=\"text-align: justify;\">Jeszcze raz szczeci\u0144ski Grudzie\u0144 1970? Nie, to zupe\u0142nie inna opowie\u015b\u0107. Cho\u0107 w tym w\u0142a\u015bnie czasie osadzona. Brutalnie prawdziwa w ukazanym obrazie \u00f3wczesnego \u015bwiata w\u0142adzy, a zarazem intymna psychologicznie, poetycka w klimatach.<\/p>\n<p style=\"text-align: justify;\">Nowa powie\u015b\u0107 Liskowackiego to kontynuacja najlepszych cech jego pisarstwa, a jednocze\u015bnie nowa, bardzo osobista ods\u0142ona naszej wci\u0105\u017c wsp\u00f3\u0142czesnej historii.<\/p>\n<p style=\"text-align: justify;\">Zimno Artura Daniela Liskowackiego to znakomita rozrachunkowa powie\u015b\u0107 psychologiczno-obyczajowa o politycznym pod\u0142o\u017cu, odwo\u0142uj\u0105ca si\u0119 do wspomnie\u0144 pokolenia, kt\u00f3re ma dzisiaj 60-70 lat. Nasycona skomplikowanymi \u017cyciorysami, traumami wojennymi i wyborami typowymi dla PRL, kt\u00f3rego realia ukazane s\u0105 tu z wyj\u0105tkow\u0105 precyzj\u0105 i w wielkim zbli\u017ceniu. Rzecz dzieje si\u0119 w ci\u0105gu kilku dni Grudnia 1970 roku, kiedy wybuch\u0142y robotnicze strajki na Wybrze\u017cu. Miejscem wydarze\u0144 jest Szczecin, bohaterem g\u0142\u00f3wnym 12-13 letni Alik, syn redaktora lokalnej gazety &#8211; tuby w\u0142adzy &#8211; uwik\u0142anego w \u201egrudniowe wypadki\u201d. Dociekliwy, inteligentny ch\u0142opiec &#8211; czytaj\u0105cy w\u0142a\u015bnie z przej\u0119ciem \u201eDziennik wyprawy na biegun po\u0142udniowy\u201d R.F. Scotta, dojrzewaj\u0105cy fizycznie i emocjonalnie &#8211; pr\u00f3buje si\u0119 o ich dramacie dowiedzie\u0107 wi\u0119cej (z pos\u0142owia Kazimierza Brakonieckiego).<\/p>\n<p style=\"text-align: justify;\">Ksi\u0105\u017cka wsp\u00f3\u0142finansowana ze \u015brodk\u00f3w Miasta Szczecin<\/p>\n<p style=\"text-align: justify;\">Artur Daniel Liskowacki (ur. w 1956 r. w Szczecinie) &#8211; prozaik, poeta, eseista, autor s\u0142uchowisk radiowych oraz ksi\u0105\u017cek dla dzieci. Mieszka w Szczecinie. Laureat I nagrody II Krajowego Festiwalu PR i TVP \u201eDwa teatry 2002\u201d, Nagrody Artystycznej Miasta Szczecina (2002), Nagrody 60-lecia PR Szczecin (2005) i Nagrody Fundacji Nelli i W\u0142adys\u0142awa Turza\u0144skich (2013). Jego ksi\u0105\u017cki nominowane by\u0142y m.in. do: Nagrody Literackiej Nike, Europejskiej Nagrody Literackiej i Nagrody Literackiej Jantar. Ostatnio wyda\u0142 tomy poetyckie: \u201eP\u00f3\u017ane popo\u0142udnie\u201d (2017), \u201eSzkliwo\u201d (2021), \u201eDo \u017cywego\u201d (2023, Nagroda Literacka Jantar); zbiory opowiada\u0144: \u201eSpowiadania i wypowie\u015bci\u201d (2018), \u201eHotel Polski\u201d (2020, Nagroda Literacka Jantar); eseje: \u201eUlice Szczecina\u201d (ci\u0105g bli\u017cszy) (2015), \u201eUlice Szczecina\u201d (wydanie 2, 2016), \u201eBrzuch Niny Conti\u201d (2019), \u201eCukiernica pani Kirsch\u201d (wydanie 2, 2021); powie\u015b\u0107: \u201eEine kleine\u201d (wydanie 4, 2021).<\/p>\n<p style=\"text-align: justify;\">Miejsce: Sala Kominkowa<\/p>\n<p style=\"text-align: justify;\">Wst\u0119p wolny<\/p>\n<p>Wydarzenie na <a href=\"https:\/\/www.facebook.com\/events\/1152462913622695\/?acontext=%7B%22event_action_history%22%3A[%7B%22extra_data%22%3A%22%22%2C%22mechanism%22%3A%22left_rail%22%2C%22surface%22%3A%22bookmark%22%7D%2C%7B%22extra_data%22%3A%22%22%2C%22mechanism%22%3A%22surface%22%2C%22surface%22%3A%22create_dialog%22%7D]%2C%22ref_notif_type%22%3Anull%7D&amp;onload_action=open_invite_flow&amp;show_created_event_toast=true\" target=\"_blank\" rel=\"noopener\"><strong>FB<\/strong><\/a><\/p>\n<p><img loading=\"lazy\" decoding=\"async\" class=\"alignnone size-medium wp-image-14395\" src=\"https:\/\/13muz.eu\/wp-content\/uploads\/2018\/06\/logo-szczecin-300x200.jpg\" alt=\"\" width=\"300\" height=\"200\" srcset=\"https:\/\/13muz.eu\/wp-content\/uploads\/2018\/06\/logo-szczecin-300x200.jpg 300w, https:\/\/13muz.eu\/wp-content\/uploads\/2018\/06\/logo-szczecin-150x100.jpg 150w, https:\/\/13muz.eu\/wp-content\/uploads\/2018\/06\/logo-szczecin-400x266.jpg 400w, https:\/\/13muz.eu\/wp-content\/uploads\/2018\/06\/logo-szczecin.jpg 500w\" sizes=\"auto, (max-width: 300px) 100vw, 300px\" \/><\/p>\n","protected":false},"excerpt":{"rendered":"<p>03.12.2025 \u015broda g. 19:00 Spotkanie z Arturem Danielem Liskowackim w ramach promocji powie\u015bci \u201eZimno\u201d. Prowadzenie: Piotr Krupi\u0144ski Go\u015bcie specjalni: Eryk Krasucki i Katarzyna Rembacka \u201eZimno\u201d Ostatnie dni spo\u0142eczno-politycznej rewolty na Wybrze\u017cu. Akcje i reakcje. A wszystko widziane z bardzo bliska, od \u015brodka. Jeszcze raz szczeci\u0144ski Grudzie\u0144 1970? Nie, to zupe\u0142nie inna opowie\u015b\u0107. Cho\u0107 w tym w\u0142a\u015bnie czasie osadzona. Brutalnie prawdziwa w ukazanym obrazie \u00f3wczesnego \u015bwiata w\u0142adzy, a zarazem intymna psychologicznie, poetycka w klimatach. Nowa powie\u015b\u0107 Liskowackiego to kontynuacja najlepszych cech jego pisarstwa, a jednocze\u015bnie nowa, bardzo osobista ods\u0142ona naszej wci\u0105\u017c wsp\u00f3\u0142czesnej historii. Zimno Artura Daniela Liskowackiego to znakomita rozrachunkowa powie\u015b\u0107 [&hellip;]<\/p>\n","protected":false},"author":4,"featured_media":0,"template":"","meta":{"ngg_post_thumbnail":0,"_price":"","_stock":"","_tribe_ticket_header":"","_tribe_default_ticket_provider":"","_ticket_start_date":"","_ticket_end_date":"","_tribe_ticket_show_description":"","_tribe_ticket_show_not_going":false,"_tribe_ticket_use_global_stock":"","_tribe_ticket_global_stock_level":"","_global_stock_mode":"","_global_stock_cap":"","_tribe_rsvp_for_event":"","_tribe_ticket_going_count":"","_tribe_ticket_not_going_count":"","_tribe_tickets_list":"[]","_tribe_ticket_has_attendee_info_fields":false,"_tribe_events_status":"","_tribe_events_status_reason":"","footnotes":"","_tec_slr_enabled":"","_tec_slr_layout":""},"tags":[],"tribe_events_cat":[],"class_list":["post-70068","tribe_events","type-tribe_events","status-publish","hentry"],"ticketed":false,"post_mailing_queue_ids":[],"_links":{"self":[{"href":"https:\/\/13muz.eu\/en\/wp-json\/wp\/v2\/tribe_events\/70068","targetHints":{"allow":["GET"]}}],"collection":[{"href":"https:\/\/13muz.eu\/en\/wp-json\/wp\/v2\/tribe_events"}],"about":[{"href":"https:\/\/13muz.eu\/en\/wp-json\/wp\/v2\/types\/tribe_events"}],"author":[{"embeddable":true,"href":"https:\/\/13muz.eu\/en\/wp-json\/wp\/v2\/users\/4"}],"version-history":[{"count":0,"href":"https:\/\/13muz.eu\/en\/wp-json\/wp\/v2\/tribe_events\/70068\/revisions"}],"wp:attachment":[{"href":"https:\/\/13muz.eu\/en\/wp-json\/wp\/v2\/media?parent=70068"}],"wp:term":[{"taxonomy":"post_tag","embeddable":true,"href":"https:\/\/13muz.eu\/en\/wp-json\/wp\/v2\/tags?post=70068"},{"taxonomy":"tribe_events_cat","embeddable":true,"href":"https:\/\/13muz.eu\/en\/wp-json\/wp\/v2\/tribe_events_cat?post=70068"}],"curies":[{"name":"wp","href":"https:\/\/api.w.org\/{rel}","templated":true}]}}