{"id":69523,"date":"2025-10-07T15:30:04","date_gmt":"2025-10-07T13:30:04","guid":{"rendered":"https:\/\/13muz.eu\/?post_type=tribe_events&#038;p=69523"},"modified":"2025-11-18T12:45:29","modified_gmt":"2025-11-18T11:45:29","slug":"2629-11-carlos-gardel-dusza-tanga-monodram-muzyczno-teatralny","status":"publish","type":"tribe_events","link":"https:\/\/13muz.eu\/en\/event\/2629-11-carlos-gardel-dusza-tanga-monodram-muzyczno-teatralny\/","title":{"rendered":"26,29.11. \/ Carlos Gardel &#8211; Dusza Tanga &#8211; monodram muzyczno-teatralny"},"content":{"rendered":"<p><img loading=\"lazy\" decoding=\"async\" class=\"alignnone size-large wp-image-69525\" src=\"https:\/\/13muz.eu\/wp-content\/uploads\/2025\/10\/2629.11.2025-Dusza-Tanga-1920-717x1024.jpeg\" alt=\"\" width=\"717\" height=\"1024\" srcset=\"https:\/\/13muz.eu\/wp-content\/uploads\/2025\/10\/2629.11.2025-Dusza-Tanga-1920-717x1024.jpeg 717w, https:\/\/13muz.eu\/wp-content\/uploads\/2025\/10\/2629.11.2025-Dusza-Tanga-1920-210x300.jpeg 210w, https:\/\/13muz.eu\/wp-content\/uploads\/2025\/10\/2629.11.2025-Dusza-Tanga-1920-768x1097.jpeg 768w, https:\/\/13muz.eu\/wp-content\/uploads\/2025\/10\/2629.11.2025-Dusza-Tanga-1920-1076x1536.jpeg 1076w, https:\/\/13muz.eu\/wp-content\/uploads\/2025\/10\/2629.11.2025-Dusza-Tanga-1920-1434x2048.jpeg 1434w, https:\/\/13muz.eu\/wp-content\/uploads\/2025\/10\/2629.11.2025-Dusza-Tanga-1920-400x571.jpeg 400w, https:\/\/13muz.eu\/wp-content\/uploads\/2025\/10\/2629.11.2025-Dusza-Tanga-1920-scaled.jpeg 1793w\" sizes=\"auto, (max-width: 717px) 100vw, 717px\" \/><\/p>\n<p style=\"text-align: justify;\"><strong>26,29.11.2025 \u015broda, sobota g. 19:00<\/strong><\/p>\n<p style=\"text-align: justify;\"><strong>Na 26.11. nie ma ju\u017c, niestety, wolnych miejsc.<br \/>\nZapraszamy 29.11.<\/strong><\/p>\n<p style=\"text-align: justify;\">\u201eDusza Tanga\u201d to monodram muzyczny, kt\u00f3ry przywo\u0142uje \u017cycie Carlosa Gardel &#8211; cz\u0142owieka, kt\u00f3ry nada\u0142 tangu g\u0142os. Na scenie jeden aktor odtwarza jego dzieci\u0144stwo w Tuluzie, emigracj\u0119 do Buenos Aires, spotkanie z Jos\u00e9 Razzano oraz narodziny tanga.<\/p>\n<p style=\"text-align: justify;\">Spektakl splata s\u0142owo, teatr i muzyk\u0119, ukazuj\u0105c Gardela nie tylko jako mit, lecz tak\u017ce jako syna, przyjaciela, cz\u0142owieka. Prowadzi publiczno\u015b\u0107 w muzyczn\u0105 podr\u00f3\u017c przez najwa\u017cniejsze chwile jego kariery mi\u0119dzynarodowej, filmy, tourn\u00e9e a\u017c do tragicznej \u015bmierci.<\/p>\n<p style=\"text-align: justify;\">Felipe C\u00e9spedes wciela si\u0119 w Gardela i \u015bpiewa w tym poetyckim ho\u0142dzie, w kt\u00f3rym rozbrzmiewaj\u0105 nie\u015bmiertelne klasyki: \u201eEl d\u00eda que me quieras\u201d, \u201eVolver\u201d, \u201ePor una cabeza\u201d, \u201eMi Buenos Aires querido\u201d.<\/p>\n<p style=\"text-align: justify;\">To teatr intymny, minimalistyczny i pe\u0142en si\u0142y, gdzie g\u0142os, gitara i akordeon wystarcz\u0105, by przywo\u0142a\u0107 dusz\u0119 tanga.<\/p>\n<p style=\"text-align: justify;\">Czas trwania wydarzenia: 70-80 min<\/p>\n<p style=\"text-align: justify;\">J\u0119zyk: polski, z fragmentami \u015bpiewanymi po hiszpa\u0144sku<\/p>\n<p style=\"text-align: justify;\">Miejsce: Sala Kominkowa<\/p>\n<p style=\"text-align: justify;\">Bilety: 50 z\u0142 \/ <a href=\"http:\/\/www.biletomat.pl\" target=\"_blank\" rel=\"noopener\">www.biletomat.pl<\/a> \/ <strong><a href=\"https:\/\/www.biletomat.pl\/bilety\/dusza-tanga-szczecin-232796\/\" target=\"_blank\" rel=\"noopener\">26.11.<\/a> \/ <a href=\"https:\/\/www.biletomat.pl\/bilety\/carlos-gardel-szczecin-232797\/\" target=\"_blank\" rel=\"noopener\">29.11.<\/a><\/strong><\/p>\n<p style=\"text-align: justify;\"><strong>Nie ma mo\u017cliwo\u015bci zakupu biletu na miejscu przed wydarzeniem.<\/strong><\/p>\n<p>Wydarzenie na <a href=\"https:\/\/www.facebook.com\/events\/1426215831783655\/1426215841783654\/?acontext=%7B%22event_action_history%22%3A[%7B%22extra_data%22%3A%22%22%2C%22mechanism%22%3A%22left_rail%22%2C%22surface%22%3A%22bookmark%22%7D%2C%7B%22extra_data%22%3A%22%22%2C%22mechanism%22%3A%22surface%22%2C%22surface%22%3A%22create_dialog%22%7D]%2C%22ref_notif_type%22%3Anull%7D&amp;onload_action=open_invite_flow&amp;show_created_event_toast=true\" target=\"_blank\" rel=\"noopener\"><strong>FB<\/strong><\/a><\/p>\n","protected":false},"excerpt":{"rendered":"<p>26,29.11.2025 \u015broda, sobota g. 19:00 Na 26.11. nie ma ju\u017c, niestety, wolnych miejsc. Zapraszamy 29.11. \u201eDusza Tanga\u201d to monodram muzyczny, kt\u00f3ry przywo\u0142uje \u017cycie Carlosa Gardel &#8211; cz\u0142owieka, kt\u00f3ry nada\u0142 tangu g\u0142os. Na scenie jeden aktor odtwarza jego dzieci\u0144stwo w Tuluzie, emigracj\u0119 do Buenos Aires, spotkanie z Jos\u00e9 Razzano oraz narodziny tanga. Spektakl splata s\u0142owo, teatr i muzyk\u0119, ukazuj\u0105c Gardela nie tylko jako mit, lecz tak\u017ce jako syna, przyjaciela, cz\u0142owieka. Prowadzi publiczno\u015b\u0107 w muzyczn\u0105 podr\u00f3\u017c przez najwa\u017cniejsze chwile jego kariery mi\u0119dzynarodowej, filmy, tourn\u00e9e a\u017c do tragicznej \u015bmierci. Felipe C\u00e9spedes wciela si\u0119 w Gardela i \u015bpiewa w tym poetyckim ho\u0142dzie, w kt\u00f3rym [&hellip;]<\/p>\n","protected":false},"author":4,"featured_media":0,"template":"","meta":{"ngg_post_thumbnail":0,"_price":"","_stock":"","_tribe_ticket_header":"","_tribe_default_ticket_provider":"","_ticket_start_date":"","_ticket_end_date":"","_tribe_ticket_show_description":"","_tribe_ticket_show_not_going":false,"_tribe_ticket_use_global_stock":"","_tribe_ticket_global_stock_level":"","_global_stock_mode":"","_global_stock_cap":"","_tribe_rsvp_for_event":"","_tribe_ticket_going_count":"","_tribe_ticket_not_going_count":"","_tribe_tickets_list":"[]","_tribe_ticket_has_attendee_info_fields":false,"_tribe_events_status":"","_tribe_events_status_reason":"","footnotes":"","_tec_slr_enabled":"","_tec_slr_layout":""},"tags":[],"tribe_events_cat":[],"class_list":["post-69523","tribe_events","type-tribe_events","status-publish","hentry"],"ticketed":false,"post_mailing_queue_ids":[],"_links":{"self":[{"href":"https:\/\/13muz.eu\/en\/wp-json\/wp\/v2\/tribe_events\/69523","targetHints":{"allow":["GET"]}}],"collection":[{"href":"https:\/\/13muz.eu\/en\/wp-json\/wp\/v2\/tribe_events"}],"about":[{"href":"https:\/\/13muz.eu\/en\/wp-json\/wp\/v2\/types\/tribe_events"}],"author":[{"embeddable":true,"href":"https:\/\/13muz.eu\/en\/wp-json\/wp\/v2\/users\/4"}],"version-history":[{"count":0,"href":"https:\/\/13muz.eu\/en\/wp-json\/wp\/v2\/tribe_events\/69523\/revisions"}],"wp:attachment":[{"href":"https:\/\/13muz.eu\/en\/wp-json\/wp\/v2\/media?parent=69523"}],"wp:term":[{"taxonomy":"post_tag","embeddable":true,"href":"https:\/\/13muz.eu\/en\/wp-json\/wp\/v2\/tags?post=69523"},{"taxonomy":"tribe_events_cat","embeddable":true,"href":"https:\/\/13muz.eu\/en\/wp-json\/wp\/v2\/tribe_events_cat?post=69523"}],"curies":[{"name":"wp","href":"https:\/\/api.w.org\/{rel}","templated":true}]}}