{"id":69517,"date":"2025-10-07T15:23:40","date_gmt":"2025-10-07T13:23:40","guid":{"rendered":"https:\/\/13muz.eu\/?post_type=tribe_events&#038;p=69517"},"modified":"2025-10-27T13:15:08","modified_gmt":"2025-10-27T12:15:08","slug":"25-11-serenada-na-instrumenty-dete-blaszane-koncert-w-ramach-uniwersytetu-mlodego-melomana","status":"publish","type":"tribe_events","link":"https:\/\/13muz.eu\/en\/event\/25-11-serenada-na-instrumenty-dete-blaszane-koncert-w-ramach-uniwersytetu-mlodego-melomana\/","title":{"rendered":"25.11. \/ Serenada na instrumenty d\u0119te blaszane &#8211; koncert w ramach Uniwersytetu M\u0142odego Melomana"},"content":{"rendered":"<p><img loading=\"lazy\" decoding=\"async\" class=\"alignnone size-large wp-image-69519\" src=\"https:\/\/13muz.eu\/wp-content\/uploads\/2025\/10\/25.11.2025-Koncert-w-ramach-Uniwersytetu-Mlodego-Melomana-1920-1024x576.jpg\" alt=\"\" width=\"1024\" height=\"576\" srcset=\"https:\/\/13muz.eu\/wp-content\/uploads\/2025\/10\/25.11.2025-Koncert-w-ramach-Uniwersytetu-Mlodego-Melomana-1920-1024x576.jpg 1024w, https:\/\/13muz.eu\/wp-content\/uploads\/2025\/10\/25.11.2025-Koncert-w-ramach-Uniwersytetu-Mlodego-Melomana-1920-300x169.jpg 300w, https:\/\/13muz.eu\/wp-content\/uploads\/2025\/10\/25.11.2025-Koncert-w-ramach-Uniwersytetu-Mlodego-Melomana-1920-768x432.jpg 768w, https:\/\/13muz.eu\/wp-content\/uploads\/2025\/10\/25.11.2025-Koncert-w-ramach-Uniwersytetu-Mlodego-Melomana-1920-1536x864.jpg 1536w, https:\/\/13muz.eu\/wp-content\/uploads\/2025\/10\/25.11.2025-Koncert-w-ramach-Uniwersytetu-Mlodego-Melomana-1920-400x225.jpg 400w, https:\/\/13muz.eu\/wp-content\/uploads\/2025\/10\/25.11.2025-Koncert-w-ramach-Uniwersytetu-Mlodego-Melomana-1920.jpg 1920w\" sizes=\"auto, (max-width: 1024px) 100vw, 1024px\" \/><\/p>\n<p style=\"text-align: justify;\"><strong>25.11.2025 wtorek g. 18:00<\/strong><\/p>\n<p style=\"text-align: justify;\">Serenada na instrumenty d\u0119te blaszane to trzeci koncert z cyklu Uniwersytet M\u0142odego Melomana, skierowany do dzieci od 7. roku \u017cycia oraz wszystkich, kt\u00f3rzy chc\u0105 wnikn\u0105\u0107 g\u0142\u0119biej w \u015bwiat muzyki klasycznej. Tym razem uczestnicy poznaj\u0105 pot\u0119g\u0119 i blask instrument\u00f3w d\u0119tych blaszanych takich jak: tr\u0105bka, waltornia, puzon i tuba. To w\u0142a\u015bnie one nadaj\u0105 orkiestrze monumentalne brzmienie, potrafi\u0105 zabrzmie\u0107 dostojnie i podnio\u015ble, ale te\u017c lekko i \u017cartobliwie.<\/p>\n<p style=\"text-align: justify;\">Podczas koncertu m\u0142odzi s\u0142uchacze odkryj\u0105, jak skonstruowane s\u0105 instrumenty blaszane, us\u0142ysz\u0105 ich charakterystyczne brzmienia, a tak\u017ce dowiedz\u0105 si\u0119, jak\u0105 rol\u0119 pe\u0142ni\u0105 w wielkiej orkiestrze symfonicznej.<\/p>\n<p style=\"text-align: justify;\">Serenada na instrumenty d\u0119te blaszane stanie si\u0119 nie tylko muzycznym spotkaniem z imponuj\u0105c\u0105 palet\u0105 barw i efekt\u00f3w, lecz tak\u017ce inspiruj\u0105c\u0105 lekcj\u0105 kultury, rozwijaj\u0105c\u0105 wra\u017cliwo\u015b\u0107 i wyobra\u017ani\u0119.<\/p>\n<p style=\"text-align: justify;\">Szczeci\u0144scy Instrumentali\u015bci<br \/>\nSzymon Wyrzykowski &#8211; prowadzenie koncertu<\/p>\n<p style=\"text-align: justify;\">Organizator: Fundacja Opus<br \/>\n<a href=\"mailto:fundacjaopus@gmail.com\" target=\"_blank\" rel=\"noopener\">fundacjaopus@gmail.com<\/a> \/ 695 155&nbsp;770<\/p>\n<p style=\"text-align: justify;\">Czas trwania wydarzenia: 60 min<br \/>\nWydarzenie przeznaczone dla dzieci od 7-go roku \u017cycia<\/p>\n<p style=\"text-align: justify;\">Projekt wsp\u00f3\u0142finansowany ze \u015brodk\u00f3w Gminy Miasto Szczecin.<\/p>\n<p style=\"text-align: justify;\">Miejsce: Sala Kominkowa<\/p>\n<p style=\"text-align: justify;\">Bilety: 35 z\u0142 \/ <a href=\"http:\/\/www.biletomat.pl\" target=\"_blank\" rel=\"noopener\">www.biletomat.pl<\/a><\/p>\n<p style=\"text-align: justify;\"><strong>Nie ma mo\u017cliwo\u015bci zakupu biletu na miejscu przed wydarzeniem.<\/strong><\/p>\n<p>Wydarzenie na <a href=\"https:\/\/www.facebook.com\/events\/1261918605689981\/?acontext=%7B%22event_action_history%22%3A[%7B%22extra_data%22%3A%22%22%2C%22mechanism%22%3A%22left_rail%22%2C%22surface%22%3A%22bookmark%22%7D%2C%7B%22extra_data%22%3A%22%22%2C%22mechanism%22%3A%22surface%22%2C%22surface%22%3A%22create_dialog%22%7D]%2C%22ref_notif_type%22%3Anull%7D&amp;onload_action=open_invite_flow&amp;show_created_event_toast=true\" target=\"_blank\" rel=\"noopener\"><strong>FB<\/strong><\/a><\/p>\n","protected":false},"excerpt":{"rendered":"<p>25.11.2025 wtorek g. 18:00 Serenada na instrumenty d\u0119te blaszane to trzeci koncert z cyklu Uniwersytet M\u0142odego Melomana, skierowany do dzieci od 7. roku \u017cycia oraz wszystkich, kt\u00f3rzy chc\u0105 wnikn\u0105\u0107 g\u0142\u0119biej w \u015bwiat muzyki klasycznej. Tym razem uczestnicy poznaj\u0105 pot\u0119g\u0119 i blask instrument\u00f3w d\u0119tych blaszanych takich jak: tr\u0105bka, waltornia, puzon i tuba. To w\u0142a\u015bnie one nadaj\u0105 orkiestrze monumentalne brzmienie, potrafi\u0105 zabrzmie\u0107 dostojnie i podnio\u015ble, ale te\u017c lekko i \u017cartobliwie. Podczas koncertu m\u0142odzi s\u0142uchacze odkryj\u0105, jak skonstruowane s\u0105 instrumenty blaszane, us\u0142ysz\u0105 ich charakterystyczne brzmienia, a tak\u017ce dowiedz\u0105 si\u0119, jak\u0105 rol\u0119 pe\u0142ni\u0105 w wielkiej orkiestrze symfonicznej. Serenada na instrumenty d\u0119te blaszane stanie si\u0119 [&hellip;]<\/p>\n","protected":false},"author":4,"featured_media":0,"template":"","meta":{"ngg_post_thumbnail":0,"_price":"","_stock":"","_tribe_ticket_header":"","_tribe_default_ticket_provider":"","_ticket_start_date":"","_ticket_end_date":"","_tribe_ticket_show_description":"","_tribe_ticket_show_not_going":false,"_tribe_ticket_use_global_stock":"","_tribe_ticket_global_stock_level":"","_global_stock_mode":"","_global_stock_cap":"","_tribe_rsvp_for_event":"","_tribe_ticket_going_count":"","_tribe_ticket_not_going_count":"","_tribe_tickets_list":"[]","_tribe_ticket_has_attendee_info_fields":false,"_tribe_events_status":"","_tribe_events_status_reason":"","footnotes":"","_tec_slr_enabled":"","_tec_slr_layout":""},"tags":[],"tribe_events_cat":[],"class_list":["post-69517","tribe_events","type-tribe_events","status-publish","hentry"],"ticketed":false,"post_mailing_queue_ids":[],"_links":{"self":[{"href":"https:\/\/13muz.eu\/en\/wp-json\/wp\/v2\/tribe_events\/69517","targetHints":{"allow":["GET"]}}],"collection":[{"href":"https:\/\/13muz.eu\/en\/wp-json\/wp\/v2\/tribe_events"}],"about":[{"href":"https:\/\/13muz.eu\/en\/wp-json\/wp\/v2\/types\/tribe_events"}],"author":[{"embeddable":true,"href":"https:\/\/13muz.eu\/en\/wp-json\/wp\/v2\/users\/4"}],"version-history":[{"count":0,"href":"https:\/\/13muz.eu\/en\/wp-json\/wp\/v2\/tribe_events\/69517\/revisions"}],"wp:attachment":[{"href":"https:\/\/13muz.eu\/en\/wp-json\/wp\/v2\/media?parent=69517"}],"wp:term":[{"taxonomy":"post_tag","embeddable":true,"href":"https:\/\/13muz.eu\/en\/wp-json\/wp\/v2\/tags?post=69517"},{"taxonomy":"tribe_events_cat","embeddable":true,"href":"https:\/\/13muz.eu\/en\/wp-json\/wp\/v2\/tribe_events_cat?post=69517"}],"curies":[{"name":"wp","href":"https:\/\/api.w.org\/{rel}","templated":true}]}}