{"id":69510,"date":"2025-10-07T14:58:58","date_gmt":"2025-10-07T12:58:58","guid":{"rendered":"https:\/\/13muz.eu\/?post_type=tribe_events&#038;p=69510"},"modified":"2025-10-09T11:32:50","modified_gmt":"2025-10-09T09:32:50","slug":"23-11-teatry-z-13-muz-na-iii-chojenskich-spotkaniach-artystycznych-seniorow-jesienny-lisc-2025","status":"publish","type":"tribe_events","link":"https:\/\/13muz.eu\/en\/event\/23-11-teatry-z-13-muz-na-iii-chojenskich-spotkaniach-artystycznych-seniorow-jesienny-lisc-2025\/","title":{"rendered":"23.11. \/ Teatry z \u201e13 Muz\u201d na III Choje\u0144skich Spotkaniach Artystycznych Senior\u00f3w \u201eJesienny li\u015b\u0107 2025\u201d"},"content":{"rendered":"<p><img loading=\"lazy\" decoding=\"async\" class=\"alignnone size-large wp-image-69512\" src=\"https:\/\/13muz.eu\/wp-content\/uploads\/2025\/10\/23.11.2025-Teatry-z-13-Muz-na-III-Chojenskich-Spotkaniach-Artystycznych-1920-1024x831.jpg\" alt=\"\" width=\"1024\" height=\"831\" srcset=\"https:\/\/13muz.eu\/wp-content\/uploads\/2025\/10\/23.11.2025-Teatry-z-13-Muz-na-III-Chojenskich-Spotkaniach-Artystycznych-1920-1024x831.jpg 1024w, https:\/\/13muz.eu\/wp-content\/uploads\/2025\/10\/23.11.2025-Teatry-z-13-Muz-na-III-Chojenskich-Spotkaniach-Artystycznych-1920-300x243.jpg 300w, https:\/\/13muz.eu\/wp-content\/uploads\/2025\/10\/23.11.2025-Teatry-z-13-Muz-na-III-Chojenskich-Spotkaniach-Artystycznych-1920-768x623.jpg 768w, https:\/\/13muz.eu\/wp-content\/uploads\/2025\/10\/23.11.2025-Teatry-z-13-Muz-na-III-Chojenskich-Spotkaniach-Artystycznych-1920-1536x1246.jpg 1536w, https:\/\/13muz.eu\/wp-content\/uploads\/2025\/10\/23.11.2025-Teatry-z-13-Muz-na-III-Chojenskich-Spotkaniach-Artystycznych-1920-400x325.jpg 400w, https:\/\/13muz.eu\/wp-content\/uploads\/2025\/10\/23.11.2025-Teatry-z-13-Muz-na-III-Chojenskich-Spotkaniach-Artystycznych-1920.jpg 1920w\" sizes=\"auto, (max-width: 1024px) 100vw, 1024px\" \/><\/p>\n<p style=\"text-align: justify;\"><strong>23.11.2025 niedziela<\/strong><\/p>\n<p style=\"text-align: justify;\">Szczeg\u00f3\u0142owa godzina prezentacji muzowych spektakli zostanie podana na stronie internetowej oraz profilu facebook Centrum Kultury w Chojnie: <a href=\"http:\/\/www.ckchojna.pl\" target=\"_blank\" rel=\"noopener\">www.ckchojna.pl<\/a>, <a href=\"http:\/\/www.facebook.com\/CKChojna\" target=\"_blank\" rel=\"noopener\">www.facebook.com\/CKChojna<\/a> oraz na profilu facebook <a href=\"https:\/\/www.facebook.com\/profile.php?id=100054627181158\" target=\"_blank\" rel=\"noopener\">Choje\u0144skich Spotka\u0144 Artystycznych Senior\u00f3w<\/a>.<\/p>\n<p style=\"text-align: justify;\">A\u017c trzy formacje artystyczne z Domu Kultury \u201e13 Muz\u201d zaprezentuj\u0105 si\u0119 podczas III Choje\u0144skich Spotka\u0144 Artystycznych Senior\u00f3w \u201eJesienny li\u015b\u0107 2025\u201d w Chojnie.<\/p>\n<p style=\"text-align: justify;\">Teatr Janusza przedstawi spektakl dla dzieci \u201eBajka o zagubionym u\u015bmiechu\u201d, Teatr TeART na Raz wyst\u0105pi ze spektaklem \u201eDiva\u201d, a Grupa Poetycka Ars Poetica poka\u017ce spektakl poetycki \u201ePoezja w nas\u201d zbudowany z w\u0142asnych autorskich tekst\u00f3w poetyckich.<\/p>\n<p style=\"text-align: justify;\">Poza \u201emuzowianami\u201d tego dnia na deskach sceny Choje\u0144skiego Centrum Kultury wyst\u0105pi tak\u017ce inna szczeci\u0144ska grupa &#8211; Teatr M\u0142odzi Inaczej z Akademii Seniora Stowarzyszenia Akademia Wiedzy, ze spektaklem \u201eMi\u015b, czyli m\u0105drze i \u015bmiesznie\u201d pod kierunkiem Adama Dzieciniaka.<\/p>\n<p style=\"text-align: justify;\">\u201eJesienny li\u015b\u0107\u201d to nazwa Choje\u0144skich Spotka\u0144 Artystycznych Senior\u00f3w, cyklicznego wydarzenia organizowanego w Chojnie, maj\u0105cego na celu promocj\u0119 dzia\u0142alno\u015bci artystycznej senior\u00f3w z regionu. Po raz pierwszy spotkanie odby\u0142o si\u0119 w listopadzie 2023 roku, a jego tegoroczn\u0105 edycj\u0119 zaplanowano w dniach 21-23 listopada w Centrum Kultury w Chojnie. Inicjatywa, kt\u00f3rej pomys\u0142odawc\u0105 jest re\u017cyser Teatru Fajne Babki &#8211; Janusz Janiszewski, gromadzi zespo\u0142y i artyst\u00f3w senior\u00f3w z uniwersytet\u00f3w trzeciego wieku i centr\u00f3w kultury z ca\u0142ego wojew\u00f3dztwa zachodniopomorskiego i nie tylko.<\/p>\n<p style=\"text-align: justify;\">Salon Artystyczny Senior\u00f3w w Domu Kultury \u201e13 Muz\u201d&nbsp;<br \/>\nSalon sk\u0142ada si\u0119 z os\u00f3b zwi\u0105zanych ze szczeci\u0144skim \u015brodowiskiem artyst\u00f3w amator\u00f3w, kt\u00f3rzy sw\u00f3j wolny czas przeznaczaj\u0105 na aktywno\u015b\u0107 tw\u00f3rcz\u0105 dla siebie samych oraz dla szerokiej publiczno\u015bci. Jest to grupa bardzo aktywnych spo\u0142ecznie i artystycznie senior\u00f3w, kt\u00f3ra od ponad siedmiu lat dzia\u0142a pod egid\u0105 Domu Kultury \u201e13 Muz\u201d. G\u0142\u00f3wnym zadaniem SAS-u jest tworzenie program\u00f3w artystycznych i rozrywkowych, nie tylko dla senior\u00f3w w Domu Kultury \u201e13 Muz\u201d, animowanie dzia\u0142a\u0144 tw\u00f3rczych, organizacja wydarze\u0144 artystycznych, wsp\u00f3\u0142praca z Uniwersytetami Trzeciego Wieku w naszym wojew\u00f3dztwie, szczeci\u0144skimi klubami seniora oraz innymi instytucjami kultury. SAS tworzy tak\u017ce cykliczne spotkania ze sztuk\u0105, prezentacje ciekawych dokona\u0144 artystycznych w ci\u0105gu ca\u0142ego sezonu. Najwa\u017cniejsz\u0105 i zarazem najwi\u0119ksz\u0105 imprez\u0105 artystyczn\u0105 tworzon\u0105 przez SAS s\u0105 Zachodniopomorskie Spotkania Artystyczne Senior\u00f3w, czyli przegl\u0105d tw\u00f3rczo\u015bci artystycznej senior\u00f3w z wojew\u00f3dztwa zachodniopomorskiego. Opiekunem artystycznym SAS-u jest Janusz Janiszewski.<\/p>\n<p style=\"text-align: justify;\">Grupa Ars Poetica<br \/>\nGrupa jest cz\u0119\u015bci\u0105 dzia\u0142aj\u0105cego od 8. lat w Domu Kultury \u201e13 Muz\u201d Salonu Artystycznego Senior\u00f3w i ma ju\u017c na swoim koncie wiele artystycznych dokona\u0144, w tym tak\u017ce wydanie tomiku poetyckiego \u201ePo\u0142\u0105czy\u0142a nas poezja\u201d b\u0119d\u0105cego zbiorem wybranych utwor\u00f3w grupy. \u201eArs Poetica\u201d jest grup\u0105 senior\u00f3w, kt\u00f3ra od wielu lat przygotowuje i prezentuje na scenie Domu Kultury \u201e13 Muz\u201d inscenizacje oparte zar\u00f3wno na w\u0142asnej tw\u00f3rczo\u015bci jak i na tw\u00f3rczo\u015bci znanych wybitnych poet\u00f3w.<\/p>\n<p style=\"text-align: justify;\">Teatr Janusza to amatorska grupa teatralna senior\u00f3w, kt\u00f3ra dzia\u0142a od kilku lat w Domu Kultury \u201e13 Muz\u201d, jako cz\u0119\u015b\u0107 projektu dla senior\u00f3w pod nazw\u0105 Salon Artystyczny Senior\u00f3w. Teatr tworzy spektakle teatralne i programy poetyckie. Ma ju\u017c na swoim koncie du\u017c\u0105 liczb\u0119 program\u00f3w artystycznych prezentowanych z powodzeniem na scenie Domu Kultury \u201e13 Muz\u201d, kilka znacz\u0105cych spektakli teatralnych, takich jak m.in. \u201eWa\u0142\u0119sa moja mi\u0142o\u015b\u0107\u201d, \u201eS\u0142owo sta\u0142o si\u0119 cia\u0142em, czyli Seksodyna\u201d, \u201eMuza\u201d, \u201eEndorfina, czyli radosny powr\u00f3t na Ziemi\u0119\u201d &#8211; spektakl dla dzieci oraz ostatnio wystawiany i ciesz\u0105cy ogromnym powodzeniem \u201eSzeherezada i Internet\u201d. Spektakle Teatru Janusza by\u0142y wielokrotnie prezentowane tak\u017ce w innych o\u015brodkach kultury poza Szczecinem.<\/p>\n<p style=\"text-align: justify;\">Amatorski teatr \u201eTeART na Raz\u201d zwi\u0105zany jest z Domem Kultury \u201e13 Muz\u201d od 2017 roku. Teatr zrodzi\u0142 si\u0119 z inicjatywy Marka Brzezi\u0144skiego jako grupa dawnych uczni\u00f3w szczeci\u0144skiego Liceum Plastycznego. \u201eTeART na Raz\u201d zadebiutowa\u0142 na scenie Teatru NIEaktor\u00f3w w Szczecinie spektaklem \u201eNast\u0119pni do raju\u201d opartym na tekstach Marka H\u0142aski i wierszach W\u0142adys\u0142awa Broniewskiego. Mia\u0142 to by\u0107 jedyny spektakl, jaki dawni uczniowie PLSP przygotowuj\u0105 na imprez\u0119 \u201eMistrz i ucze\u0144\u201d. Po docenieniu spektaklu przez publiczno\u015b\u0107 i ludzi teatru ta spontanicznie utworzona grupa postanowi\u0142a przygotowa\u0107 kolejne przedstawienia.<\/p>\n<p style=\"text-align: justify;\">Opieka organizacyjna i artystyczna nad wydarzeniem: Janusz Janiszewski<\/p>\n<p style=\"text-align: justify;\">Wst\u0119p wolny<\/p>\n<p>Wydarzenie na <a href=\"https:\/\/www.facebook.com\/events\/9649761285148742\/?acontext=%7B%22event_action_history%22%3A[%7B%22extra_data%22%3A%22%22%2C%22mechanism%22%3A%22left_rail%22%2C%22surface%22%3A%22bookmark%22%7D%2C%7B%22extra_data%22%3A%22%22%2C%22mechanism%22%3A%22surface%22%2C%22surface%22%3A%22create_dialog%22%7D]%2C%22ref_notif_type%22%3Anull%7D&amp;onload_action=open_invite_flow&amp;show_created_event_toast=true\" target=\"_blank\" rel=\"noopener\"><strong>FB<\/strong><\/a><\/p>\n","protected":false},"excerpt":{"rendered":"<p>23.11.2025 niedziela Szczeg\u00f3\u0142owa godzina prezentacji muzowych spektakli zostanie podana na stronie internetowej oraz profilu facebook Centrum Kultury w Chojnie: www.ckchojna.pl, www.facebook.com\/CKChojna oraz na profilu facebook Choje\u0144skich Spotka\u0144 Artystycznych Senior\u00f3w. A\u017c trzy formacje artystyczne z Domu Kultury \u201e13 Muz\u201d zaprezentuj\u0105 si\u0119 podczas III Choje\u0144skich Spotka\u0144 Artystycznych Senior\u00f3w \u201eJesienny li\u015b\u0107 2025\u201d w Chojnie. Teatr Janusza przedstawi spektakl dla dzieci \u201eBajka o zagubionym u\u015bmiechu\u201d, Teatr TeART na Raz wyst\u0105pi ze spektaklem \u201eDiva\u201d, a Grupa Poetycka Ars Poetica poka\u017ce spektakl poetycki \u201ePoezja w nas\u201d zbudowany z w\u0142asnych autorskich tekst\u00f3w poetyckich. Poza \u201emuzowianami\u201d tego dnia na deskach sceny Choje\u0144skiego Centrum Kultury wyst\u0105pi tak\u017ce inna szczeci\u0144ska [&hellip;]<\/p>\n","protected":false},"author":4,"featured_media":0,"template":"","meta":{"ngg_post_thumbnail":0,"_price":"","_stock":"","_tribe_ticket_header":"","_tribe_default_ticket_provider":"","_ticket_start_date":"","_ticket_end_date":"","_tribe_ticket_show_description":"","_tribe_ticket_show_not_going":false,"_tribe_ticket_use_global_stock":"","_tribe_ticket_global_stock_level":"","_global_stock_mode":"","_global_stock_cap":"","_tribe_rsvp_for_event":"","_tribe_ticket_going_count":"","_tribe_ticket_not_going_count":"","_tribe_tickets_list":"[]","_tribe_ticket_has_attendee_info_fields":false,"_tribe_events_status":"","_tribe_events_status_reason":"","footnotes":"","_tec_slr_enabled":"","_tec_slr_layout":""},"tags":[],"tribe_events_cat":[],"class_list":["post-69510","tribe_events","type-tribe_events","status-publish","hentry"],"ticketed":false,"post_mailing_queue_ids":[],"_links":{"self":[{"href":"https:\/\/13muz.eu\/en\/wp-json\/wp\/v2\/tribe_events\/69510","targetHints":{"allow":["GET"]}}],"collection":[{"href":"https:\/\/13muz.eu\/en\/wp-json\/wp\/v2\/tribe_events"}],"about":[{"href":"https:\/\/13muz.eu\/en\/wp-json\/wp\/v2\/types\/tribe_events"}],"author":[{"embeddable":true,"href":"https:\/\/13muz.eu\/en\/wp-json\/wp\/v2\/users\/4"}],"version-history":[{"count":0,"href":"https:\/\/13muz.eu\/en\/wp-json\/wp\/v2\/tribe_events\/69510\/revisions"}],"wp:attachment":[{"href":"https:\/\/13muz.eu\/en\/wp-json\/wp\/v2\/media?parent=69510"}],"wp:term":[{"taxonomy":"post_tag","embeddable":true,"href":"https:\/\/13muz.eu\/en\/wp-json\/wp\/v2\/tags?post=69510"},{"taxonomy":"tribe_events_cat","embeddable":true,"href":"https:\/\/13muz.eu\/en\/wp-json\/wp\/v2\/tribe_events_cat?post=69510"}],"curies":[{"name":"wp","href":"https:\/\/api.w.org\/{rel}","templated":true}]}}