{"id":69483,"date":"2025-10-07T13:19:07","date_gmt":"2025-10-07T11:19:07","guid":{"rendered":"https:\/\/13muz.eu\/?post_type=tribe_events&#038;p=69483"},"modified":"2025-11-07T13:21:12","modified_gmt":"2025-11-07T12:21:12","slug":"16-11-szczecinska-gielda-plytowa-spotkania-kolekcjonerow","status":"publish","type":"tribe_events","link":"https:\/\/13muz.eu\/en\/event\/16-11-szczecinska-gielda-plytowa-spotkania-kolekcjonerow\/","title":{"rendered":"16.11. \/ Szczeci\u0144ska Gie\u0142da P\u0142ytowa &#8211; spotkania kolekcjoner\u00f3w"},"content":{"rendered":"<p><img loading=\"lazy\" decoding=\"async\" class=\"alignnone size-large wp-image-68236\" src=\"https:\/\/13muz.eu\/wp-content\/uploads\/2025\/07\/22.09.2025-Szczecinska-Gielda-Plytowa-grafika-pexels-tima-miroshnichenko-6826795-1024x683.jpg\" alt=\"\" width=\"1024\" height=\"683\" srcset=\"https:\/\/13muz.eu\/wp-content\/uploads\/2025\/07\/22.09.2025-Szczecinska-Gielda-Plytowa-grafika-pexels-tima-miroshnichenko-6826795-1024x683.jpg 1024w, https:\/\/13muz.eu\/wp-content\/uploads\/2025\/07\/22.09.2025-Szczecinska-Gielda-Plytowa-grafika-pexels-tima-miroshnichenko-6826795-300x200.jpg 300w, https:\/\/13muz.eu\/wp-content\/uploads\/2025\/07\/22.09.2025-Szczecinska-Gielda-Plytowa-grafika-pexels-tima-miroshnichenko-6826795-768x512.jpg 768w, https:\/\/13muz.eu\/wp-content\/uploads\/2025\/07\/22.09.2025-Szczecinska-Gielda-Plytowa-grafika-pexels-tima-miroshnichenko-6826795-1536x1024.jpg 1536w, https:\/\/13muz.eu\/wp-content\/uploads\/2025\/07\/22.09.2025-Szczecinska-Gielda-Plytowa-grafika-pexels-tima-miroshnichenko-6826795-150x100.jpg 150w, https:\/\/13muz.eu\/wp-content\/uploads\/2025\/07\/22.09.2025-Szczecinska-Gielda-Plytowa-grafika-pexels-tima-miroshnichenko-6826795-400x267.jpg 400w, https:\/\/13muz.eu\/wp-content\/uploads\/2025\/07\/22.09.2025-Szczecinska-Gielda-Plytowa-grafika-pexels-tima-miroshnichenko-6826795.jpg 1920w\" sizes=\"auto, (max-width: 1024px) 100vw, 1024px\" \/><\/p>\n<p style=\"text-align: justify;\"><strong>16.11.2025 niedziela g. 13:00-16:00<\/strong><\/p>\n<p style=\"text-align: justify;\">W latach 70. i 80. gie\u0142d p\u0142ytowych w Szczecinie by\u0142o sporo. Kilka lat przerwy do 2009 r. zwi\u0105zanych by\u0142o poniek\u0105d z mod\u0105, kt\u00f3ra min\u0119\u0142a na p\u0142yty analogowe. Gie\u0142d\u0119 w Kontrastach reaktywowali kolekcjonerzy, fani muzyki. Potem spotkania odbywa\u0142y si\u0119 regularnie w Rockerze i Browarze Polskim.<\/p>\n<p style=\"text-align: justify;\">Szczeci\u0144ska Gie\u0142da P\u0142ytowa wr\u00f3ci\u0142a. Odbywa si\u0119 w Domu Kultury \u201e13 Muz\u201d raz w miesi\u0105cu (w wybran\u0105 niedziel\u0119 &#8211; szczeg\u00f3\u0142y zawsze na stronie internetowej) w godzinach 13:00-16:00.<\/p>\n<p style=\"text-align: justify;\">Szczeci\u0144ska Gie\u0142da P\u0142ytowa &#8211; to przede wszystkim spotkania kolekcjoner\u00f3w czarnych kr\u0105\u017ck\u00f3w, wymiana do\u015bwiadcze\u0144, dzielenie si\u0119 pasj\u0105. Podczas comiesi\u0119cznych spotka\u0144 mo\u017cna wymieni\u0107 si\u0119 p\u0142ytami, ods\u0142ucha\u0107, kupi\u0107, sprzeda\u0107 p\u0142yty winylowe, CD, czy nawet kasety magnetofonowe.<\/p>\n<p style=\"text-align: justify;\"><a href=\"https:\/\/riversedge.pl\/szczecinska-gielda-plytowa-w-sck-kontrasty\" target=\"_blank\" rel=\"noopener\">O historii SGP w Kontrastach od 2009 r.<\/a><\/p>\n<p style=\"text-align: justify;\"><a href=\"https:\/\/wszczecinie.pl\/wydarzenie\/szczecinska-gielda-plytowa\/23696\" target=\"_blank\" rel=\"noopener\">Materia\u0142 o SGP w 2016 r.<\/a><\/p>\n<p style=\"text-align: justify;\"><a href=\"https:\/\/www.youtube.com\/watch?v=63v4qB4OySA\" target=\"_blank\" rel=\"noopener\">Film z gie\u0142dy w Rockerze w 2012 r.<\/a><\/p>\n<p style=\"text-align: justify;\">Miejsce: Foyer przed Galeri\u0105 Enter oraz sala nr 2<\/p>\n<p style=\"text-align: justify;\">Wst\u0119p oraz mo\u017cliwo\u015b\u0107 ekspozycji p\u0142yt s\u0105 bezp\u0142atne.<\/p>\n<p>Wydarzenie na <a href=\"https:\/\/www.facebook.com\/events\/684675317493513\/\" target=\"_blank\" rel=\"noopener\"><strong>FB<\/strong><\/a><\/p>\n<p>Grafika pexels-tima-miroshnichenko-6826795<\/p>\n","protected":false},"excerpt":{"rendered":"<p>16.11.2025 niedziela g. 13:00-16:00 W latach 70. i 80. gie\u0142d p\u0142ytowych w Szczecinie by\u0142o sporo. Kilka lat przerwy do 2009 r. zwi\u0105zanych by\u0142o poniek\u0105d z mod\u0105, kt\u00f3ra min\u0119\u0142a na p\u0142yty analogowe. Gie\u0142d\u0119 w Kontrastach reaktywowali kolekcjonerzy, fani muzyki. Potem spotkania odbywa\u0142y si\u0119 regularnie w Rockerze i Browarze Polskim. Szczeci\u0144ska Gie\u0142da P\u0142ytowa wr\u00f3ci\u0142a. Odbywa si\u0119 w Domu Kultury \u201e13 Muz\u201d raz w miesi\u0105cu (w wybran\u0105 niedziel\u0119 &#8211; szczeg\u00f3\u0142y zawsze na stronie internetowej) w godzinach 13:00-16:00. Szczeci\u0144ska Gie\u0142da P\u0142ytowa &#8211; to przede wszystkim spotkania kolekcjoner\u00f3w czarnych kr\u0105\u017ck\u00f3w, wymiana do\u015bwiadcze\u0144, dzielenie si\u0119 pasj\u0105. Podczas comiesi\u0119cznych spotka\u0144 mo\u017cna wymieni\u0107 si\u0119 p\u0142ytami, ods\u0142ucha\u0107, kupi\u0107, sprzeda\u0107 [&hellip;]<\/p>\n","protected":false},"author":4,"featured_media":0,"template":"","meta":{"ngg_post_thumbnail":0,"_price":"","_stock":"","_tribe_ticket_header":"","_tribe_default_ticket_provider":"","_ticket_start_date":"","_ticket_end_date":"","_tribe_ticket_show_description":"","_tribe_ticket_show_not_going":false,"_tribe_ticket_use_global_stock":"","_tribe_ticket_global_stock_level":"","_global_stock_mode":"","_global_stock_cap":"","_tribe_rsvp_for_event":"","_tribe_ticket_going_count":"","_tribe_ticket_not_going_count":"","_tribe_tickets_list":"[]","_tribe_ticket_has_attendee_info_fields":false,"_tribe_events_status":"","_tribe_events_status_reason":"","footnotes":"","_tec_slr_enabled":"","_tec_slr_layout":""},"tags":[],"tribe_events_cat":[],"class_list":["post-69483","tribe_events","type-tribe_events","status-publish","hentry"],"ticketed":false,"post_mailing_queue_ids":[],"_links":{"self":[{"href":"https:\/\/13muz.eu\/en\/wp-json\/wp\/v2\/tribe_events\/69483","targetHints":{"allow":["GET"]}}],"collection":[{"href":"https:\/\/13muz.eu\/en\/wp-json\/wp\/v2\/tribe_events"}],"about":[{"href":"https:\/\/13muz.eu\/en\/wp-json\/wp\/v2\/types\/tribe_events"}],"author":[{"embeddable":true,"href":"https:\/\/13muz.eu\/en\/wp-json\/wp\/v2\/users\/4"}],"version-history":[{"count":0,"href":"https:\/\/13muz.eu\/en\/wp-json\/wp\/v2\/tribe_events\/69483\/revisions"}],"wp:attachment":[{"href":"https:\/\/13muz.eu\/en\/wp-json\/wp\/v2\/media?parent=69483"}],"wp:term":[{"taxonomy":"post_tag","embeddable":true,"href":"https:\/\/13muz.eu\/en\/wp-json\/wp\/v2\/tags?post=69483"},{"taxonomy":"tribe_events_cat","embeddable":true,"href":"https:\/\/13muz.eu\/en\/wp-json\/wp\/v2\/tribe_events_cat?post=69483"}],"curies":[{"name":"wp","href":"https:\/\/api.w.org\/{rel}","templated":true}]}}