{"id":69462,"date":"2025-10-07T12:44:47","date_gmt":"2025-10-07T10:44:47","guid":{"rendered":"https:\/\/13muz.eu\/?post_type=tribe_events&#038;p=69462"},"modified":"2025-10-09T10:35:12","modified_gmt":"2025-10-09T08:35:12","slug":"06-11-recital-jolanty-janus-gwiazdy-salonu-artystycznego-seniorow-z-13-muz","status":"publish","type":"tribe_events","link":"https:\/\/13muz.eu\/en\/event\/06-11-recital-jolanty-janus-gwiazdy-salonu-artystycznego-seniorow-z-13-muz\/","title":{"rendered":"06.11. \/ Recital Jolanty Janus &#8211; gwiazdy Salonu Artystycznego Senior\u00f3w z \u201e13 Muz\u201d"},"content":{"rendered":"<p><img loading=\"lazy\" decoding=\"async\" class=\"alignnone size-large wp-image-69465\" src=\"https:\/\/13muz.eu\/wp-content\/uploads\/2025\/10\/06.11.2025-Recital-Jolanty-Janus-1920-fot.-Joanna-Kazmierczak-1024x660.jpg\" alt=\"\" width=\"1024\" height=\"660\" srcset=\"https:\/\/13muz.eu\/wp-content\/uploads\/2025\/10\/06.11.2025-Recital-Jolanty-Janus-1920-fot.-Joanna-Kazmierczak-1024x660.jpg 1024w, https:\/\/13muz.eu\/wp-content\/uploads\/2025\/10\/06.11.2025-Recital-Jolanty-Janus-1920-fot.-Joanna-Kazmierczak-300x193.jpg 300w, https:\/\/13muz.eu\/wp-content\/uploads\/2025\/10\/06.11.2025-Recital-Jolanty-Janus-1920-fot.-Joanna-Kazmierczak-768x495.jpg 768w, https:\/\/13muz.eu\/wp-content\/uploads\/2025\/10\/06.11.2025-Recital-Jolanty-Janus-1920-fot.-Joanna-Kazmierczak-1536x990.jpg 1536w, https:\/\/13muz.eu\/wp-content\/uploads\/2025\/10\/06.11.2025-Recital-Jolanty-Janus-1920-fot.-Joanna-Kazmierczak-400x258.jpg 400w, https:\/\/13muz.eu\/wp-content\/uploads\/2025\/10\/06.11.2025-Recital-Jolanty-Janus-1920-fot.-Joanna-Kazmierczak.jpg 1920w\" sizes=\"auto, (max-width: 1024px) 100vw, 1024px\" \/><\/p>\n<p style=\"text-align: justify;\"><strong>06.11.2025 czwartek g. 18:00<\/strong><\/p>\n<p style=\"text-align: justify;\">Jolanta Janus, gwiazda naszego programu to pogodna seniorka, o duszy nastolatki. Wiecznie u\u015bmiechni\u0119ta, energiczna i bardzo towarzyska, z ka\u017cdym pogada, zrobi szybko kawk\u0119, pocz\u0119stuje cukierkiem i czym tam ma, sypnie dowcipami &#8211; s\u0142owem \u201e\u017cycie to nieustanny teatr\u201d. Ma sw\u00f3j niepowtarzalny styl. Od lat pisze wiersze, \u015bpiewa piosenki, udziela si\u0119 w teatrze i w kabarecie. Jol\u0119 cz\u0119sto mo\u017cna zobaczy\u0107 id\u0105c\u0105 po ulicy Szczecina, z du\u017c\u0105 walizk\u0105 na k\u00f3\u0142kach. B\u0105d\u017acie pewni, \u017ce Jola udaje si\u0119 wtedy na pr\u00f3b\u0119, a w tej walizce ma swoje kolorowe suknie, kt\u00f3re ch\u0119tnie u\u017cycza swoim kole\u017cankom.<\/p>\n<p style=\"text-align: justify;\">M\u00f3wi\u0105 o niej zjawiskowa pani Jola. Twarz jasna, okolona bia\u0142ymi falami w\u0142os\u00f3w, usta zaznaczone czerwon\u0105 szmink\u0105, policzki zar\u00f3\u017cowione i dwie zdecydowane linie brwi. Zawsze obcas, sukienka i szeroki pasek, bo tali\u0119 nale\u017cy podkre\u015bla\u0107. D\u0142ugie kolczyki i d\u017awi\u0119cz\u0105ce bransolety. Pani Jola zawsze wygl\u0105da jak gwiazda, kt\u00f3ra w\u0142a\u015bnie zesz\u0142a ze sceny. Ale nie zawsze by\u0142a taka, ma przecie\u017c za sob\u0105 tak\u017ce wiele trudnych lat, o kt\u00f3rych opowiada w filmie \u201eLekcja mi\u0142o\u015bci\u201d.<\/p>\n<p style=\"text-align: justify;\">Ale teraz czas na wyst\u0119p! Jolu, zapraszamy Ci\u0119!<\/p>\n<p style=\"text-align: justify;\">Muzyka. Na scen\u0119 wchodzi Jola i \u015bpiewa piosenk\u0119 z autorskim tekstem \u2026<\/p>\n<p>Hallo czy s\u0142yszysz mnie,<br \/>\nS\u0142owa porywa wiatr.<br \/>\nJak mi bez Ciebie smutno,<br \/>\nJak mi Ciebie jest brak.<\/p>\n<p style=\"text-align: justify;\">Nasza Gwiazda Jola Janus \u015bpiewa i zabawia publiczno\u015b\u0107, jak to Jola tylko potrafi a towarzyszy jej Janek Stasiak &#8211; kolega, narrator i recytator, aktor Teatru Janusza z Salonu Artystycznego Senior\u00f3w.<\/p>\n<p style=\"text-align: justify;\">Na pytanie \u201eSk\u0105d zainteresowania artystyczne w Pani \u017cyciu?\u201d w wywiadzie dla \u201eG\u0142osu Szczeci\u0144skiego\u201d m\u00f3wi tak: \u201eZawsze lubi\u0142am si\u0119 wyg\u0142upia\u0107. M\u00f3j tata by\u0142 bardzo weso\u0142y, mo\u017ce odziedziczy\u0142am to po nim. Tata pracowa\u0142 jako aptekarz i wszyscy klienci opowiadali, \u017ce jak tata co\u015b powiedzia\u0142, to mo\u017cna by\u0142o p\u0119ka\u0107 ze \u015bmiechu. We W\u0142oszech nie mia\u0142am polskich ksi\u0105\u017cek, wi\u0119c zacz\u0119\u0142am mojej c\u00f3rce uk\u0142ada\u0107 wierszyki do snu. Potem zacz\u0119\u0142am te wierszyki i bajki zapisywa\u0107. Z tego powsta\u0142y r\u00f3\u017cne piosenki o kwiatach, o mi\u0142o\u015bci, o \u017cyciu. Mam za sob\u0105 ci\u0119\u017ck\u0105 chorob\u0119 i zauwa\u017cy\u0142am, \u017ce po chorobie \u015bwiat si\u0119 otwiera na nowo. Kochasz ludzi, kochasz przyrod\u0119, chcesz wszystko prze\u017cywa\u0107 intensywniej. Cieszysz si\u0119, jak kto\u015b ci\u0119 odwiedzi. Jeste\u015b jak nowo narodzona. Trzy razy uciek\u0142am \u015bmierci spod \u0142opaty, bo mam za sob\u0105 trzy ci\u0119\u017ckie operacje. Ja na drugi czy trzeci dzie\u0144 po operacji wstawa\u0142am i robi\u0142am sobie makija\u017c. Lekarz si\u0119 \u015bmia\u0142, \u017ce pacjentka zdrowieje. Zacz\u0119\u0142am w szpitalu \u015bpiewa\u0107 piosenki. Jak wr\u00f3ci\u0142am z W\u0142och, moja siostra zaproponowa\u0142a mi prac\u0119 w szpitalu. Zmartwi\u0142o mnie, \u017ce ka\u017cdy pacjent by\u0142 taki smutny, zrozpaczony, wi\u0119c sprz\u0105ta\u0142am i \u015bpiewa\u0142am pacjentom piosenki. Kiedy\u015b wkrada\u0142am si\u0119 do takiej babuni, kt\u00f3ra le\u017ca\u0142a w izolatce i codziennie jej \u015bpiewa\u0142am. Jak odchodzi\u0142am, zaprasza\u0142am wszystkich do \u201eCafe U\u015bmiech\u201d.<\/p>\n<p style=\"text-align: justify;\">Powiedzia\u0142a Pani, \u017ce w Domu Kultury \u201e13 Muz\u201d jest Pani drugi dom.<\/p>\n<p style=\"text-align: justify;\">Tak. \u015apiewa\u0142am w r\u00f3\u017cnych miejscach i jedna z moich kole\u017canek zaprosi\u0142a mnie do zespo\u0142u przy Muzach. Bardzo si\u0119 ucieszy\u0142am. Tutaj mog\u0119 robi\u0107 wszystko &#8211; \u015bpiewa\u0107, pokazywa\u0107 swoj\u0105 rado\u015b\u0107, gra\u0107 w teatrze. W ko\u0144cu si\u0119 czuj\u0119 spe\u0142niona. Dzieci doros\u0142y, ja jestem bardzo ruchliwa, niemo\u017cliwe, \u017cebym siedzia\u0142a w domu i p\u0142aka\u0142a nad swoim losem.\u201d<\/p>\n<p style=\"text-align: justify;\">Fragmenty rozmowy: \u201eGwiazda g\u0142o\u015bnej produkcji \u201eLekcja Mi\u0142o\u015bci\u201d. Poznajcie Jolant\u0119 Janus, niezwyk\u0142\u0105 szczeciniank\u0119.\u201d Ma\u0142gorzata Klimczak, GS24.pl jest dost\u0119pny pod <a href=\"https:\/\/gs24.pl\/gwiazda-glosnej-produkcji-lekcja-milosci-poznajcie-jolante-janus-niezwykla-szczecinianke\/ar\/c6-15524803\" target=\"_blank\" rel=\"noopener\">linkiem<\/a>.<\/p>\n<p style=\"text-align: justify;\">Opieka artystyczna i organizacyjna nad wydarzeniem: Janusz Janiszewski<\/p>\n<p style=\"text-align: justify;\">Miejsce: Sala Kominkowa<\/p>\n<p style=\"text-align: justify;\">Wst\u0119p wolny<\/p>\n<p>Wydarzenie na <a href=\"https:\/\/www.facebook.com\/events\/1096453915846724\/?acontext=%7B%22event_action_history%22%3A[%7B%22extra_data%22%3A%22%22%2C%22mechanism%22%3A%22surface%22%2C%22surface%22%3A%22create_dialog%22%7D%2C%7B%22extra_data%22%3A%22%22%2C%22mechanism%22%3A%22surface%22%2C%22surface%22%3A%22permalink%22%7D%2C%7B%22extra_data%22%3A%22%22%2C%22mechanism%22%3A%22surface%22%2C%22surface%22%3A%22edit_dialog%22%7D]%2C%22ref_notif_type%22%3Anull%7D\" target=\"_blank\" rel=\"noopener\"><strong>FB<\/strong><\/a><\/p>\n<p style=\"text-align: justify;\">Fot. Joanna Ka\u017amierczak<\/p>\n<p>&nbsp;<\/p>\n","protected":false},"excerpt":{"rendered":"<p>06.11.2025 czwartek g. 18:00 Jolanta Janus, gwiazda naszego programu to pogodna seniorka, o duszy nastolatki. Wiecznie u\u015bmiechni\u0119ta, energiczna i bardzo towarzyska, z ka\u017cdym pogada, zrobi szybko kawk\u0119, pocz\u0119stuje cukierkiem i czym tam ma, sypnie dowcipami &#8211; s\u0142owem \u201e\u017cycie to nieustanny teatr\u201d. Ma sw\u00f3j niepowtarzalny styl. Od lat pisze wiersze, \u015bpiewa piosenki, udziela si\u0119 w teatrze i w kabarecie. Jol\u0119 cz\u0119sto mo\u017cna zobaczy\u0107 id\u0105c\u0105 po ulicy Szczecina, z du\u017c\u0105 walizk\u0105 na k\u00f3\u0142kach. B\u0105d\u017acie pewni, \u017ce Jola udaje si\u0119 wtedy na pr\u00f3b\u0119, a w tej walizce ma swoje kolorowe suknie, kt\u00f3re ch\u0119tnie u\u017cycza swoim kole\u017cankom. M\u00f3wi\u0105 o niej zjawiskowa pani Jola. Twarz [&hellip;]<\/p>\n","protected":false},"author":4,"featured_media":0,"template":"","meta":{"ngg_post_thumbnail":0,"_price":"","_stock":"","_tribe_ticket_header":"","_tribe_default_ticket_provider":"","_ticket_start_date":"","_ticket_end_date":"","_tribe_ticket_show_description":"","_tribe_ticket_show_not_going":false,"_tribe_ticket_use_global_stock":"","_tribe_ticket_global_stock_level":"","_global_stock_mode":"","_global_stock_cap":"","_tribe_rsvp_for_event":"","_tribe_ticket_going_count":"","_tribe_ticket_not_going_count":"","_tribe_tickets_list":"[]","_tribe_ticket_has_attendee_info_fields":false,"_tribe_events_status":"","_tribe_events_status_reason":"","footnotes":"","_tec_slr_enabled":"","_tec_slr_layout":""},"tags":[],"tribe_events_cat":[],"class_list":["post-69462","tribe_events","type-tribe_events","status-publish","hentry"],"ticketed":false,"post_mailing_queue_ids":[],"_links":{"self":[{"href":"https:\/\/13muz.eu\/en\/wp-json\/wp\/v2\/tribe_events\/69462","targetHints":{"allow":["GET"]}}],"collection":[{"href":"https:\/\/13muz.eu\/en\/wp-json\/wp\/v2\/tribe_events"}],"about":[{"href":"https:\/\/13muz.eu\/en\/wp-json\/wp\/v2\/types\/tribe_events"}],"author":[{"embeddable":true,"href":"https:\/\/13muz.eu\/en\/wp-json\/wp\/v2\/users\/4"}],"version-history":[{"count":0,"href":"https:\/\/13muz.eu\/en\/wp-json\/wp\/v2\/tribe_events\/69462\/revisions"}],"wp:attachment":[{"href":"https:\/\/13muz.eu\/en\/wp-json\/wp\/v2\/media?parent=69462"}],"wp:term":[{"taxonomy":"post_tag","embeddable":true,"href":"https:\/\/13muz.eu\/en\/wp-json\/wp\/v2\/tags?post=69462"},{"taxonomy":"tribe_events_cat","embeddable":true,"href":"https:\/\/13muz.eu\/en\/wp-json\/wp\/v2\/tribe_events_cat?post=69462"}],"curies":[{"name":"wp","href":"https:\/\/api.w.org\/{rel}","templated":true}]}}