{"id":69432,"date":"2025-10-07T11:44:34","date_gmt":"2025-10-07T09:44:34","guid":{"rendered":"https:\/\/13muz.eu\/?post_type=tribe_events&#038;p=69432"},"modified":"2025-10-27T12:58:25","modified_gmt":"2025-10-27T11:58:25","slug":"03-11-inspektor-jass-na-tropie-czyli-jazz-z-historia-w-tle-jazz-at-workshop","status":"publish","type":"tribe_events","link":"https:\/\/13muz.eu\/en\/event\/03-11-inspektor-jass-na-tropie-czyli-jazz-z-historia-w-tle-jazz-at-workshop\/","title":{"rendered":"03.11. \/ Inspektor Jass na tropie, czyli jazz z histori\u0105 w tle: Jazz at Workshop"},"content":{"rendered":"<p><img loading=\"lazy\" decoding=\"async\" class=\"alignnone size-large wp-image-69434\" src=\"https:\/\/13muz.eu\/wp-content\/uploads\/2025\/10\/03.11.2025-Inspektor-Jass-1920-1024x747.jpg\" alt=\"\" width=\"1024\" height=\"747\" srcset=\"https:\/\/13muz.eu\/wp-content\/uploads\/2025\/10\/03.11.2025-Inspektor-Jass-1920-1024x747.jpg 1024w, https:\/\/13muz.eu\/wp-content\/uploads\/2025\/10\/03.11.2025-Inspektor-Jass-1920-300x219.jpg 300w, https:\/\/13muz.eu\/wp-content\/uploads\/2025\/10\/03.11.2025-Inspektor-Jass-1920-768x560.jpg 768w, https:\/\/13muz.eu\/wp-content\/uploads\/2025\/10\/03.11.2025-Inspektor-Jass-1920-1536x1120.jpg 1536w, https:\/\/13muz.eu\/wp-content\/uploads\/2025\/10\/03.11.2025-Inspektor-Jass-1920-400x292.jpg 400w, https:\/\/13muz.eu\/wp-content\/uploads\/2025\/10\/03.11.2025-Inspektor-Jass-1920.jpg 1920w\" sizes=\"auto, (max-width: 1024px) 100vw, 1024px\" \/><\/p>\n<p style=\"text-align: justify;\"><strong>03.11.2025 poniedzia\u0142ek g. 19:00<\/strong><\/p>\n<p style=\"text-align: justify;\">Jazz to gatunek muzyczny, kt\u00f3ry \u017cyje dzi\u0119ki r\u00f3\u017cnorodno\u015bci, ci\u0105g\u0142ym wp\u0142ywom i inspiracjom, nie znosi sta\u0142o\u015bci i nudy. W r\u00f3\u017cnych okresach jego historii ta cecha nie tylko wp\u0142ywa\u0142a na rozw\u00f3j tej muzyki &#8211; czasem bardziej burzliwy, ale i oddzia\u0142ywa\u0142a silnie na otoczenie. I tak np. w Nowym Jorku na prze\u0142omie lat 40 i 50-tych pojawi\u0142a si\u0119 grupa wiernych fan\u00f3w bebopu, kt\u00f3rych nazywano \u201ehipsterami\u201d (czy wiedzieli\u015bcie, \u017ce to sfomu\u0142owanie ma jazzowe konotacje?). Zawsze jednak motorem nap\u0119dowym byli m\u0142odzi adepci, poniewa\u017c to w nich drzemie najwi\u0119kszy potencja\u0142 rozwoju jazzu i jego nowych kierunk\u00f3w. Tym razem na naszej scenie pojawi\u0105 si\u0119 studenci Wydzia\u0142u Jazzu i Produkcji Muzycznej. Zaprezentuj\u0105 oni program przygotowany podczas warsztat\u00f3w jazzowych, kt\u00f3re poprowadzi znakomity pianista i kompozytor mieszkaj\u0105cy na co dzie\u0144 w Kopenhadze &#8211; Artur Tu\u017anik.<\/p>\n<p style=\"text-align: justify;\">Artur Tu\u017anik jest zwyci\u0119zc\u0105 wielu znacz\u0105cych konkurs\u00f3w jazzowych w Europie i zyska\u0142 miano jednego z najbardziej obiecuj\u0105cych pianist\u00f3w swojego pokolenia. Studiowa\u0142 zar\u00f3wno w \u201ejazzowym\u201d Rhythmic Music Conservatory, jak i \u201eklasycznej\u201d Royal Danish Academy of Music w Kopenhadze; obecnie cz\u0119sto tworzy na pograniczu gatunk\u00f3w.<\/p>\n<p style=\"text-align: justify;\">Albumy jego tria, kwintetu oraz sytuuj\u0105cego si\u0119 mi\u0119dzy jazzow\u0105 a klasyczn\u0105 kameralistyk\u0105 zespo\u0142u The Space Above zosta\u0142y doskonale przyj\u0119te przez krytyk\u0119 oraz publiczno\u015b\u0107. Pianista mia\u0142 okazj\u0119 wsp\u00f3\u0142pracowa\u0107 z artystami takimi jak Tomasz Sta\u0144ko, Chris Cheek, Danish Radio Big Band, Thomas Agergaard, Thomas Blachman, Maciej Obara, Piotr Damasiewicz, Kuba Wi\u0119cek, Janne Mark i wieloma innymi.<\/p>\n<p style=\"text-align: justify;\">W ostatnich latach bra\u0142 udzia\u0142 w produkcjach Du\u0144skiego Radia m.in. \u201eP8 Jazz-Alive\u2019 i \u201eDR Fredagsscenen\u201d, gdzie koncertowa\u0142 ze swoj\u0105 muzyk\u0105 na \u017cywo w TV DR2 i radiu P8-Jazz.<\/p>\n<p style=\"text-align: justify;\">Miejsce: Sala Kominkowa<\/p>\n<p style=\"text-align: justify;\">Bilety: normalny 20 z\u0142 \/ ulgowy 10 z\u0142 (uczniowie, studenci, seniorzy) \/ <a href=\"https:\/\/www.biletomat.pl\/bilety\/inspektor-jass-szczecin-232778\/\" target=\"_blank\" rel=\"noopener\">www.biletomat.pl<\/a><\/p>\n<p style=\"text-align: justify;\"><strong>Nie ma mo\u017cliwo\u015bci zakupu biletu na miejscu przed wydarzeniem.<\/strong><\/p>\n<p>Wydarzenie na <a href=\"https:\/\/www.facebook.com\/events\/2828893200634927\/?acontext=%7B%22event_action_history%22%3A[%7B%22extra_data%22%3A%22%22%2C%22mechanism%22%3A%22left_rail%22%2C%22surface%22%3A%22bookmark%22%7D%2C%7B%22extra_data%22%3A%22%22%2C%22mechanism%22%3A%22surface%22%2C%22surface%22%3A%22create_dialog%22%7D]%2C%22ref_notif_type%22%3Anull%7D&amp;onload_action=open_invite_flow&amp;show_created_event_toast=true\" target=\"_blank\" rel=\"noopener\"><strong>FB<\/strong><\/a><\/p>\n","protected":false},"excerpt":{"rendered":"<p>03.11.2025 poniedzia\u0142ek g. 19:00 Jazz to gatunek muzyczny, kt\u00f3ry \u017cyje dzi\u0119ki r\u00f3\u017cnorodno\u015bci, ci\u0105g\u0142ym wp\u0142ywom i inspiracjom, nie znosi sta\u0142o\u015bci i nudy. W r\u00f3\u017cnych okresach jego historii ta cecha nie tylko wp\u0142ywa\u0142a na rozw\u00f3j tej muzyki &#8211; czasem bardziej burzliwy, ale i oddzia\u0142ywa\u0142a silnie na otoczenie. I tak np. w Nowym Jorku na prze\u0142omie lat 40 i 50-tych pojawi\u0142a si\u0119 grupa wiernych fan\u00f3w bebopu, kt\u00f3rych nazywano \u201ehipsterami\u201d (czy wiedzieli\u015bcie, \u017ce to sfomu\u0142owanie ma jazzowe konotacje?). Zawsze jednak motorem nap\u0119dowym byli m\u0142odzi adepci, poniewa\u017c to w nich drzemie najwi\u0119kszy potencja\u0142 rozwoju jazzu i jego nowych kierunk\u00f3w. Tym razem na naszej scenie pojawi\u0105 [&hellip;]<\/p>\n","protected":false},"author":4,"featured_media":0,"template":"","meta":{"ngg_post_thumbnail":0,"_price":"","_stock":"","_tribe_ticket_header":"","_tribe_default_ticket_provider":"","_ticket_start_date":"","_ticket_end_date":"","_tribe_ticket_show_description":"","_tribe_ticket_show_not_going":false,"_tribe_ticket_use_global_stock":"","_tribe_ticket_global_stock_level":"","_global_stock_mode":"","_global_stock_cap":"","_tribe_rsvp_for_event":"","_tribe_ticket_going_count":"","_tribe_ticket_not_going_count":"","_tribe_tickets_list":"[]","_tribe_ticket_has_attendee_info_fields":false,"_tribe_events_status":"","_tribe_events_status_reason":"","footnotes":"","_tec_slr_enabled":"","_tec_slr_layout":""},"tags":[],"tribe_events_cat":[],"class_list":["post-69432","tribe_events","type-tribe_events","status-publish","hentry"],"ticketed":false,"post_mailing_queue_ids":[],"_links":{"self":[{"href":"https:\/\/13muz.eu\/en\/wp-json\/wp\/v2\/tribe_events\/69432","targetHints":{"allow":["GET"]}}],"collection":[{"href":"https:\/\/13muz.eu\/en\/wp-json\/wp\/v2\/tribe_events"}],"about":[{"href":"https:\/\/13muz.eu\/en\/wp-json\/wp\/v2\/types\/tribe_events"}],"author":[{"embeddable":true,"href":"https:\/\/13muz.eu\/en\/wp-json\/wp\/v2\/users\/4"}],"version-history":[{"count":0,"href":"https:\/\/13muz.eu\/en\/wp-json\/wp\/v2\/tribe_events\/69432\/revisions"}],"wp:attachment":[{"href":"https:\/\/13muz.eu\/en\/wp-json\/wp\/v2\/media?parent=69432"}],"wp:term":[{"taxonomy":"post_tag","embeddable":true,"href":"https:\/\/13muz.eu\/en\/wp-json\/wp\/v2\/tags?post=69432"},{"taxonomy":"tribe_events_cat","embeddable":true,"href":"https:\/\/13muz.eu\/en\/wp-json\/wp\/v2\/tribe_events_cat?post=69432"}],"curies":[{"name":"wp","href":"https:\/\/api.w.org\/{rel}","templated":true}]}}