{"id":68793,"date":"2025-09-10T15:32:53","date_gmt":"2025-09-10T13:32:53","guid":{"rendered":"https:\/\/13muz.eu\/?post_type=tribe_events&#038;p=68793"},"modified":"2025-10-31T09:44:09","modified_gmt":"2025-10-31T08:44:09","slug":"31-10-zaduszki-jazzowe-2025","status":"publish","type":"tribe_events","link":"https:\/\/13muz.eu\/en\/event\/31-10-zaduszki-jazzowe-2025\/","title":{"rendered":"31.10. \/ Zaduszki Jazzowe 2025"},"content":{"rendered":"<p><img loading=\"lazy\" decoding=\"async\" class=\"alignnone size-large wp-image-68795\" src=\"https:\/\/13muz.eu\/wp-content\/uploads\/2025\/09\/31.10.2025-Zaduszki-Jazzowe-1920-1024x743.jpg\" alt=\"\" width=\"1024\" height=\"743\" srcset=\"https:\/\/13muz.eu\/wp-content\/uploads\/2025\/09\/31.10.2025-Zaduszki-Jazzowe-1920-1024x743.jpg 1024w, https:\/\/13muz.eu\/wp-content\/uploads\/2025\/09\/31.10.2025-Zaduszki-Jazzowe-1920-300x218.jpg 300w, https:\/\/13muz.eu\/wp-content\/uploads\/2025\/09\/31.10.2025-Zaduszki-Jazzowe-1920-768x558.jpg 768w, https:\/\/13muz.eu\/wp-content\/uploads\/2025\/09\/31.10.2025-Zaduszki-Jazzowe-1920-1536x1115.jpg 1536w, https:\/\/13muz.eu\/wp-content\/uploads\/2025\/09\/31.10.2025-Zaduszki-Jazzowe-1920-400x290.jpg 400w, https:\/\/13muz.eu\/wp-content\/uploads\/2025\/09\/31.10.2025-Zaduszki-Jazzowe-1920.jpg 1920w\" sizes=\"auto, (max-width: 1024px) 100vw, 1024px\" \/><\/p>\n<p style=\"text-align: justify;\"><strong>31.10.2025 pi\u0105tek g. 19:00<\/strong><\/p>\n<p style=\"text-align: justify;\">Zapraszamy wszystkich fan\u00f3w jazzu, rocka, bluesa, wszystkich, kt\u00f3rzy chc\u0105 powspomina\u0107 swoich idoli, wielkich artyst\u00f3w, znanych muzyk\u00f3w, ale te\u017c przyjaci\u00f3\u0142, znajomych, s\u0105siad\u00f3w i tych wszystkich zwi\u0105zanych ze szczeci\u0144sk\u0105 scen\u0105 muzyczn\u0105, a kt\u00f3rych ju\u017c niestety mi\u0119dzy nami nie ma.<\/p>\n<p style=\"text-align: justify;\">Koncert \u201eTym, kt\u00f3rzy odeszli\u201d Zachodniopomorskiego Stowarzyszenia Jazzowego to kontynuacja wieloletniej tradycji przypominania i wspominania muzyk\u00f3w, wokalist\u00f3w, artyst\u00f3w, dziennikarzy, dzia\u0142aczy muzycznych, ludzi kultury, sceny, estrady, kt\u00f3rzy przez lata zwi\u0105zani byli w r\u00f3\u017cny spos\u00f3b ze \u015brodowiskiem muzycznym Szczecina, a kt\u00f3rych nie ma ju\u017c niestety w\u015br\u00f3d nas.<\/p>\n<p style=\"text-align: justify;\">W 2025 roku wspominamy w spos\u00f3b szczeg\u00f3lny tw\u00f3rc\u00f3w zespo\u0142u \u201eCzerwono Czarnych\u201d, kt\u00f3ry za spraw\u0105 Estrady Szczeci\u0144skiej i Festiwalu M\u0142odych Talent\u00f3w by\u0142 bardzo mocno zwi\u0105zany ze Szczecinem. B\u0119dziemy poprzez wykonywane utwory wspomina\u0107 muzyk\u00f3w tego zespo\u0142y, kt\u00f3rzy niedawno od nas odeszli jak Ryszard Poznakowski i Jan Knap, ale te\u017c pozosta\u0142ych niezapomnianych wykonawc\u00f3w jak Kasia Sobczyk, Henryk Fabian, Piotr Pu\u0142awski, J\u00f3zef Krzeczek, a przede wszystkim tw\u00f3rc\u0119 Festiwalu M\u0142odych Talent\u00f3w dyrektora Jacka Nie\u017cychowskiego.<\/p>\n<p style=\"text-align: justify;\">W trakcie tego wyj\u0105tkowego koncertu chcemy wspomina\u0107 tych wszystkich, kt\u00f3rzy zapisali si\u0119 w naszej pami\u0119ci. Chcemy uczci\u0107 Ich pami\u0119\u0107 najlepiej, jak umiemy &#8211; Ich muzyk\u0105, kt\u00f3r\u0105 tworzyli i wykonywali lub muzyk\u0105, kt\u00f3r\u0105 Oni najbardziej lubili.<\/p>\n<p style=\"text-align: justify;\">W koncercie wyst\u0105pi\u0105 szczeci\u0144scy, ale nie tylko, muzycy jazzowi, rockowi i bluesowi, kt\u00f3rzy z potrzeby serca pragn\u0105 wspomnie\u0107 swoich koleg\u00f3w, nauczycieli, znajomych, a czasami dawnych idoli.<\/p>\n<p style=\"text-align: justify;\">Wyst\u0105pi\u0105:<br \/>\nBasia W\u0142odarczyk (\u015bpiew)<br \/>\nNailah Vitha (\u015bpiew)<br \/>\nPrzemek Raminiak (piano)<br \/>\nWojciech Rapa (gitara, \u015bpiew)<br \/>\nJaros\u0142aw Rapa (gitara)<br \/>\nJacek Rudnicki (gitara, \u015bpiew)<br \/>\nAndrzej Szpak (\u015bpiew)<br \/>\nGruba Ryba<\/p>\n<p style=\"text-align: justify;\">Wydarzenie wsp\u00f3\u0142finansowane ze \u015brodk\u00f3w Miasta Szczecin.<\/p>\n<p style=\"text-align: justify;\">Organizator: Zachodniopomorskie Stowarzyszenie Jazzowe<br \/>\n<a href=\"http:\/\/www.zsj.com.pl\" target=\"_blank\" rel=\"noopener\">www.zsj.com.pl<\/a><br \/>\n<a href=\"http:\/\/www.facebook.com\/ZachodniopomorskieStowarzyszenieJazzowe\" target=\"_blank\" rel=\"noopener\">www.facebook.com\/ZachodniopomorskieStowarzyszenieJazzowe<\/a><br \/>\n<a href=\"http:\/\/www.facebook.com\/zaduszkijazzoweszczecin\" target=\"_blank\" rel=\"noopener\">www.facebook.com\/zaduszkijazzoweszczecin<\/a><\/p>\n<p style=\"text-align: justify;\">Partner: Dom Kultury \u201e13 Muz\u201d oraz Szczeci\u0144ska Agencja Artystyczna<\/p>\n<p style=\"text-align: justify;\">Miejsce: Sala Kominkowa<\/p>\n<p style=\"text-align: justify;\">Bilety: normalny 40 z\u0142 \/ <a href=\"https:\/\/www.biletomat.pl\/bilety\/zaduszki-jazzowe-szczecin-233459\/\" target=\"_blank\" rel=\"noopener\">www.biletomat.pl<\/a><\/p>\n<p style=\"text-align: justify;\">Bilety s\u0105 dost\u0119pne na stronie: <a href=\"http:\/\/www.biletomat.pl\" target=\"_blank\" rel=\"noopener\">www.biletomat.pl<\/a> i w punkcie stacjonarnym biletomatu: Zamek Ksi\u0105\u017c\u0105t Pomorskich, ma\u0142y dziedziniec, wej\u015bcie \u201eI\u201d (Centrum Informacji Kulturalnej i Turystycznej &#8211; punkt w CIKiT znajduje si\u0119 po lewej stronie). Punkt stacjonarny biletomatu czynny jest od poniedzia\u0142ku do pi\u0105tku w godz. 10:00-17:00.<\/p>\n<p style=\"text-align: justify;\">Bilety b\u0119d\u0105 dost\u0119pne tak\u017ce przed wydarzeniem.<\/p>\n<p>Wydarzenie na <a href=\"https:\/\/www.facebook.com\/events\/797137219494714\/?acontext=%7B%22event_action_history%22%3A[%7B%22extra_data%22%3A%22%22%2C%22mechanism%22%3A%22calendar_tab_event%22%2C%22surface%22%3A%22bookmark_calendar%22%7D%2C%7B%22extra_data%22%3A%22%22%2C%22mechanism%22%3A%22left_rail%22%2C%22surface%22%3A%22bookmark%22%7D%2C%7B%22extra_data%22%3A%22%22%2C%22mechanism%22%3A%22surface%22%2C%22surface%22%3A%22create_dialog%22%7D]%2C%22ref_notif_type%22%3Anull%7D&amp;onload_action=open_invite_flow&amp;show_created_event_toast=true\" target=\"_blank\" rel=\"noopener\"><strong>FB<\/strong><\/a><\/p>\n<p><img loading=\"lazy\" decoding=\"async\" class=\"alignnone size-full wp-image-66787\" src=\"https:\/\/13muz.eu\/wp-content\/uploads\/2025\/05\/30.11.2024-Szczecinskie-spotkania-literackie-Miasto-Szczecin.jpg\" alt=\"\" width=\"295\" height=\"110\"><\/p>\n","protected":false},"excerpt":{"rendered":"<p>31.10.2025 pi\u0105tek g. 19:00 Zapraszamy wszystkich fan\u00f3w jazzu, rocka, bluesa, wszystkich, kt\u00f3rzy chc\u0105 powspomina\u0107 swoich idoli, wielkich artyst\u00f3w, znanych muzyk\u00f3w, ale te\u017c przyjaci\u00f3\u0142, znajomych, s\u0105siad\u00f3w i tych wszystkich zwi\u0105zanych ze szczeci\u0144sk\u0105 scen\u0105 muzyczn\u0105, a kt\u00f3rych ju\u017c niestety mi\u0119dzy nami nie ma. Koncert \u201eTym, kt\u00f3rzy odeszli\u201d Zachodniopomorskiego Stowarzyszenia Jazzowego to kontynuacja wieloletniej tradycji przypominania i wspominania muzyk\u00f3w, wokalist\u00f3w, artyst\u00f3w, dziennikarzy, dzia\u0142aczy muzycznych, ludzi kultury, sceny, estrady, kt\u00f3rzy przez lata zwi\u0105zani byli w r\u00f3\u017cny spos\u00f3b ze \u015brodowiskiem muzycznym Szczecina, a kt\u00f3rych nie ma ju\u017c niestety w\u015br\u00f3d nas. W 2025 roku wspominamy w spos\u00f3b szczeg\u00f3lny tw\u00f3rc\u00f3w zespo\u0142u \u201eCzerwono Czarnych\u201d, kt\u00f3ry za spraw\u0105 Estrady [&hellip;]<\/p>\n","protected":false},"author":4,"featured_media":0,"template":"","meta":{"ngg_post_thumbnail":0,"_price":"","_stock":"","_tribe_ticket_header":"","_tribe_default_ticket_provider":"","_ticket_start_date":"","_ticket_end_date":"","_tribe_ticket_show_description":"","_tribe_ticket_show_not_going":false,"_tribe_ticket_use_global_stock":"","_tribe_ticket_global_stock_level":"","_global_stock_mode":"","_global_stock_cap":"","_tribe_rsvp_for_event":"","_tribe_ticket_going_count":"","_tribe_ticket_not_going_count":"","_tribe_tickets_list":"[]","_tribe_ticket_has_attendee_info_fields":false,"_tribe_events_status":"","_tribe_events_status_reason":"","footnotes":"","_tec_slr_enabled":"","_tec_slr_layout":""},"tags":[],"tribe_events_cat":[],"class_list":["post-68793","tribe_events","type-tribe_events","status-publish","hentry"],"ticketed":false,"post_mailing_queue_ids":[],"_links":{"self":[{"href":"https:\/\/13muz.eu\/en\/wp-json\/wp\/v2\/tribe_events\/68793","targetHints":{"allow":["GET"]}}],"collection":[{"href":"https:\/\/13muz.eu\/en\/wp-json\/wp\/v2\/tribe_events"}],"about":[{"href":"https:\/\/13muz.eu\/en\/wp-json\/wp\/v2\/types\/tribe_events"}],"author":[{"embeddable":true,"href":"https:\/\/13muz.eu\/en\/wp-json\/wp\/v2\/users\/4"}],"version-history":[{"count":0,"href":"https:\/\/13muz.eu\/en\/wp-json\/wp\/v2\/tribe_events\/68793\/revisions"}],"wp:attachment":[{"href":"https:\/\/13muz.eu\/en\/wp-json\/wp\/v2\/media?parent=68793"}],"wp:term":[{"taxonomy":"post_tag","embeddable":true,"href":"https:\/\/13muz.eu\/en\/wp-json\/wp\/v2\/tags?post=68793"},{"taxonomy":"tribe_events_cat","embeddable":true,"href":"https:\/\/13muz.eu\/en\/wp-json\/wp\/v2\/tribe_events_cat?post=68793"}],"curies":[{"name":"wp","href":"https:\/\/api.w.org\/{rel}","templated":true}]}}