{"id":68729,"date":"2025-09-10T13:34:43","date_gmt":"2025-09-10T11:34:43","guid":{"rendered":"https:\/\/13muz.eu\/?post_type=tribe_events&#038;p=68729"},"modified":"2025-09-12T11:21:26","modified_gmt":"2025-09-12T09:21:26","slug":"17-i-27-10-helunia-trzynasta-muza-program-poetycko-edukacyjny-grupy-poetyckiej-ars-poetica-z-13-muz-dla-mlodziezy-szkolnej","status":"publish","type":"tribe_events","link":"https:\/\/13muz.eu\/en\/event\/17-i-27-10-helunia-trzynasta-muza-program-poetycko-edukacyjny-grupy-poetyckiej-ars-poetica-z-13-muz-dla-mlodziezy-szkolnej\/","title":{"rendered":"17 i 27.10. \/ \u201eHelunia &#8211; Trzynasta Muza\u201d &#8211; program poetycko-edukacyjny Grupy Poetyckiej Ars Poetica z \u201e13 Muz\u201d dla m\u0142odzie\u017cy szkolnej"},"content":{"rendered":"<p><img loading=\"lazy\" decoding=\"async\" class=\"alignnone size-large wp-image-68731\" src=\"https:\/\/13muz.eu\/wp-content\/uploads\/2025\/09\/1727.10.2025.-Helunia-Trzynasta-Muza.-Program-poetycko-edukacyjny-1920-1024x537.jpg\" alt=\"\" width=\"1024\" height=\"537\" srcset=\"https:\/\/13muz.eu\/wp-content\/uploads\/2025\/09\/1727.10.2025.-Helunia-Trzynasta-Muza.-Program-poetycko-edukacyjny-1920-1024x537.jpg 1024w, https:\/\/13muz.eu\/wp-content\/uploads\/2025\/09\/1727.10.2025.-Helunia-Trzynasta-Muza.-Program-poetycko-edukacyjny-1920-300x157.jpg 300w, https:\/\/13muz.eu\/wp-content\/uploads\/2025\/09\/1727.10.2025.-Helunia-Trzynasta-Muza.-Program-poetycko-edukacyjny-1920-768x402.jpg 768w, https:\/\/13muz.eu\/wp-content\/uploads\/2025\/09\/1727.10.2025.-Helunia-Trzynasta-Muza.-Program-poetycko-edukacyjny-1920-1536x805.jpg 1536w, https:\/\/13muz.eu\/wp-content\/uploads\/2025\/09\/1727.10.2025.-Helunia-Trzynasta-Muza.-Program-poetycko-edukacyjny-1920-600x315.jpg 600w, https:\/\/13muz.eu\/wp-content\/uploads\/2025\/09\/1727.10.2025.-Helunia-Trzynasta-Muza.-Program-poetycko-edukacyjny-1920-400x210.jpg 400w, https:\/\/13muz.eu\/wp-content\/uploads\/2025\/09\/1727.10.2025.-Helunia-Trzynasta-Muza.-Program-poetycko-edukacyjny-1920.jpg 1920w\" sizes=\"auto, (max-width: 1024px) 100vw, 1024px\" \/><\/p>\n<p style=\"text-align: justify;\"><strong>17 i 27.10.2025 pi\u0105tek i poniedzia\u0142ek g. 11:00<\/strong><\/p>\n<p style=\"text-align: justify;\">Grupa Poetycka Ars Poetica przygotowa\u0142a program artystyczny po\u015bwi\u0119cony g\u0142\u00f3wnie Helenie Kurcyuszowej oraz Konstantemu Ildefonsowi Ga\u0142czy\u0144skiemu &#8211; patronom Domu Kultury \u201e13 Muz\u201d.<\/p>\n<p style=\"text-align: justify;\">Tematycznie nasz program wpisuje si\u0119 tak\u017ce w obchodzony w tym roku jubileusz 80. lat polskiego Szczecina. Spektakl poetycko-edukacyjny przygotowany przez samych senior\u00f3w powsta\u0142 z my\u015bl\u0105 o wszystkich szczecinianach, g\u0142\u00f3wnie jednak kierowany jest do m\u0142odzie\u017cy szkolnej i student\u00f3w, aby w formie edukacyjnych lekcji artystycznych przybli\u017cy\u0107 najm\u0142odszym pokoleniom sylwetki jednych z najwa\u017cniejszych postaci naszej szczeci\u0144skiej historii i kultury.<\/p>\n<p style=\"text-align: justify;\">W przyst\u0119pnej i atrakcyjnej formie nasi widzowie b\u0119d\u0105 mogli zapozna\u0107 si\u0119 z sylwetk\u0105 pionierki Szczecina &#8211; Heleny Kurcyusz (\u201eHeluni\u0105\u201d). Helena Kurcyusz to jedna z najwybitniejszych postaci powojennego Szczecina, kt\u00f3ra uwa\u017cana jest za Trzynast\u0105 Muz\u0119 &#8211; patronk\u0119 pierwszego po wojnie Klubu Literacko-Artystycznego, a p\u00f3\u017aniej Domu Kultury \u015arodowisk Tw\u00f3rczych Klub \u201e13 Muz\u201d. G\u0142\u00f3wnym celem projektu jest upami\u0119tnienie Heleny Kurcyusz, kt\u00f3ra na trwa\u0142e wpisa\u0142a si\u0119 w powojenn\u0105 histori\u0119 naszego miasta, tworz\u0105c fundamenty \u017cycia kulturalnego powojennego Szczecina. Wa\u017cnym celem projektu jest tak\u017ce budzenie zainteresowa\u0144 histori\u0105 i kultur\u0105 polskiego Szczecina.<\/p>\n<p style=\"text-align: justify;\">W programie znajd\u0105 si\u0119 mi\u0119dzy innymi:<br \/>\n&#8211; Opis dzia\u0142alno\u015bci oraz utwory poetyckie samej Heleny Kurcyuszowej a tak\u017ce autorskie wiersze poet\u00f3w z Grupy Poetyckiej \u201eArs Poetica\u201d o \u201eHeluni\u201d i Szczecinie.<\/p>\n<p style=\"text-align: justify;\">&#8211; Recytacje wierszy poet\u00f3w z Grupy Poetyckiej Ars Poetica i aktor\u00f3w Teatru Janusza z Salonu Artystycznego Senior\u00f3w. W programie zobaczymy tak\u017ce fragmenty filmu poetyckiego pt. \u201eSzczecin poet\u00f3w\u201d. Na film sk\u0142adaj\u0105 si\u0119 impresje wspomnieniowo-literackie przygotowane przez artyst\u00f3w z Salonu Artystycznego Senior\u00f3w oraz Grupy Poetyckiej z Domu Kultury \u201e13 Muz\u201d oraz kilka utwor\u00f3w najbli\u017cszych nam poet\u00f3w, patron\u00f3w Domu Kultury \u201e13 Muz\u201d &#8211; Heleny Kurcyuszowej oraz K. I. Ga\u0142czy\u0144skiego.<\/p>\n<p style=\"text-align: justify;\">&#8211; Film \u201ePionierzy Szczecina: Helena Kurcyusz &#8211; pierwsza architekt i tw\u00f3rczyni \u017cycia kulturalnego Klubu \u015arodowisk Tw\u00f3rczych \u201e13 Muz\u201d. Jest to historia przybycia Heleny Kurcyusz do Szczecina oraz jej dalsze losy w naszym mie\u015bcie w relacji Cecylii Judek z Ksi\u0105\u017cnicy Pomorskiej.<\/p>\n<p style=\"text-align: justify;\">Grupa Ars Poetica<br \/>\nGrupa jest cz\u0119\u015bci\u0105 dzia\u0142aj\u0105cego od 8. lat w Domu Kultury \u201e13 Muz\u201d Salonu Artystycznego Senior\u00f3w i ma ju\u017c na swoim koncie wiele artystycznych dokona\u0144, w tym tak\u017ce wydanie tomiku poetyckiego \u201ePo\u0142\u0105czy\u0142a nas poezja\u201d b\u0119d\u0105cego zbiorem wybranych utwor\u00f3w grupy. \u201eArs Poetica\u201d jest grup\u0105 senior\u00f3w, kt\u00f3ra od wielu lat przygotowuje i prezentuje na scenie Domu Kultury \u201e13 Muz\u201d inscenizacje oparte zar\u00f3wno na w\u0142asnej tw\u00f3rczo\u015bci jak i na tw\u00f3rczo\u015bci znanych wybitnych poet\u00f3w.<\/p>\n<p style=\"text-align: justify;\">Salon Artystyczny Senior\u00f3w<br \/>\nSalon Artystyczny Senior\u00f3w dzia\u0142aj\u0105cy w Domu Kultury \u201e13 Muz\u201d to formacja artystyczna senior\u00f3w, kt\u00f3ra powsta\u0142a w wyniku du\u017cego zainteresowania tego rodzaju dzia\u0142alno\u015bci\u0105 artystyczn\u0105 jako form\u0105 sp\u0119dzania wolnego czasu oraz integracji spo\u0142eczno\u015bci lokalnej. SAS dzia\u0142a od o\u015bmiu lat pod egid\u0105 Domu Kultury \u201e13 Muz\u201d, zainicjowany zosta\u0142 przez Janusza Janiszewskiego, animatora kultury, scenarzyst\u0119 i re\u017cysera, inicjatora wielu wydarze\u0144 i projekt\u00f3w artystycznych w regionie, kt\u00f3ry do chwili obecnej jest opiekunem artystycznym grupy.<\/p>\n<p style=\"text-align: justify;\">Salon ma na swoim koncie wiele sukces\u00f3w, prezentacji wyjazdowych i dziesi\u0105tki zrealizowanych na scenie Domu Kultury \u201e13 Muz\u201d program\u00f3w artystycznych: poetyckich, kabaretowych i teatralnych.<\/p>\n<p style=\"text-align: justify;\">Du\u017cym i najwa\u017cniejszym wydarzeniem organizowanym co roku przez SAS s\u0105 majowe Zachodniopomorskie Spotkania Artystyczne Senior\u00f3w, kt\u00f3re w tym roku odby\u0142y si\u0119 ju\u017c po raz si\u00f3dmy.<\/p>\n<p style=\"text-align: justify;\">Wydarzenie finansowane ze \u015brodk\u00f3w otrzymanych z bud\u017cetu Wojew\u00f3dztwa Zachodniopomorskiego.<\/p>\n<p style=\"text-align: justify;\">Pomoc organizacyjna: Fundacja Rewelacja.<\/p>\n<p style=\"text-align: justify;\">Opieka artystyczna i organizacyjna nad wydarzeniem: Janusz Janiszewski<\/p>\n<p style=\"text-align: justify;\">Miejsce: Sala Kominkowa<\/p>\n<p style=\"text-align: justify;\">Wst\u0119p wolny<\/p>\n<p>Wydarzenie na <a href=\"https:\/\/www.facebook.com\/events\/1364606002332700\/1364606012332699\/?acontext=%7B%22event_action_history%22%3A[%7B%22extra_data%22%3A%22%22%2C%22mechanism%22%3A%22left_rail%22%2C%22surface%22%3A%22bookmark%22%7D%2C%7B%22extra_data%22%3A%22%22%2C%22mechanism%22%3A%22surface%22%2C%22surface%22%3A%22create_dialog%22%7D]%2C%22ref_notif_type%22%3Anull%7D&amp;onload_action=open_invite_flow&amp;show_created_event_toast=true\" target=\"_blank\" rel=\"noopener\"><strong>FB<\/strong><\/a><\/p>\n<p><img loading=\"lazy\" decoding=\"async\" class=\"alignnone wp-image-68662\" src=\"https:\/\/13muz.eu\/wp-content\/uploads\/2025\/09\/4172527-Helunia-oraz-Bajka-o-zagubionym-usmiechu-logo-Pomorze_Zachodnie-300x238.jpg\" alt=\"\" width=\"122\" height=\"97\" srcset=\"https:\/\/13muz.eu\/wp-content\/uploads\/2025\/09\/4172527-Helunia-oraz-Bajka-o-zagubionym-usmiechu-logo-Pomorze_Zachodnie-300x238.jpg 300w, https:\/\/13muz.eu\/wp-content\/uploads\/2025\/09\/4172527-Helunia-oraz-Bajka-o-zagubionym-usmiechu-logo-Pomorze_Zachodnie-1024x812.jpg 1024w, https:\/\/13muz.eu\/wp-content\/uploads\/2025\/09\/4172527-Helunia-oraz-Bajka-o-zagubionym-usmiechu-logo-Pomorze_Zachodnie-768x609.jpg 768w, https:\/\/13muz.eu\/wp-content\/uploads\/2025\/09\/4172527-Helunia-oraz-Bajka-o-zagubionym-usmiechu-logo-Pomorze_Zachodnie-400x317.jpg 400w, https:\/\/13muz.eu\/wp-content\/uploads\/2025\/09\/4172527-Helunia-oraz-Bajka-o-zagubionym-usmiechu-logo-Pomorze_Zachodnie.jpg 1240w\" sizes=\"auto, (max-width: 122px) 100vw, 122px\" \/> <img loading=\"lazy\" decoding=\"async\" class=\"alignnone wp-image-68663\" src=\"https:\/\/13muz.eu\/wp-content\/uploads\/2025\/09\/4172527.10.2025-Helunia-oraz-Bajka-o-zagubionym-usmiechu-logo-fundacja-rewelacja-300x154.jpg\" alt=\"\" width=\"164\" height=\"84\" srcset=\"https:\/\/13muz.eu\/wp-content\/uploads\/2025\/09\/4172527.10.2025-Helunia-oraz-Bajka-o-zagubionym-usmiechu-logo-fundacja-rewelacja-300x154.jpg 300w, https:\/\/13muz.eu\/wp-content\/uploads\/2025\/09\/4172527.10.2025-Helunia-oraz-Bajka-o-zagubionym-usmiechu-logo-fundacja-rewelacja-1024x526.jpg 1024w, https:\/\/13muz.eu\/wp-content\/uploads\/2025\/09\/4172527.10.2025-Helunia-oraz-Bajka-o-zagubionym-usmiechu-logo-fundacja-rewelacja-768x395.jpg 768w, https:\/\/13muz.eu\/wp-content\/uploads\/2025\/09\/4172527.10.2025-Helunia-oraz-Bajka-o-zagubionym-usmiechu-logo-fundacja-rewelacja-1536x789.jpg 1536w, https:\/\/13muz.eu\/wp-content\/uploads\/2025\/09\/4172527.10.2025-Helunia-oraz-Bajka-o-zagubionym-usmiechu-logo-fundacja-rewelacja-2048x1052.jpg 2048w, https:\/\/13muz.eu\/wp-content\/uploads\/2025\/09\/4172527.10.2025-Helunia-oraz-Bajka-o-zagubionym-usmiechu-logo-fundacja-rewelacja-400x205.jpg 400w\" sizes=\"auto, (max-width: 164px) 100vw, 164px\" \/><\/p>\n","protected":false},"excerpt":{"rendered":"<p>17 i 27.10.2025 pi\u0105tek i poniedzia\u0142ek g. 11:00 Grupa Poetycka Ars Poetica przygotowa\u0142a program artystyczny po\u015bwi\u0119cony g\u0142\u00f3wnie Helenie Kurcyuszowej oraz Konstantemu Ildefonsowi Ga\u0142czy\u0144skiemu &#8211; patronom Domu Kultury \u201e13 Muz\u201d. Tematycznie nasz program wpisuje si\u0119 tak\u017ce w obchodzony w tym roku jubileusz 80. lat polskiego Szczecina. Spektakl poetycko-edukacyjny przygotowany przez samych senior\u00f3w powsta\u0142 z my\u015bl\u0105 o wszystkich szczecinianach, g\u0142\u00f3wnie jednak kierowany jest do m\u0142odzie\u017cy szkolnej i student\u00f3w, aby w formie edukacyjnych lekcji artystycznych przybli\u017cy\u0107 najm\u0142odszym pokoleniom sylwetki jednych z najwa\u017cniejszych postaci naszej szczeci\u0144skiej historii i kultury. W przyst\u0119pnej i atrakcyjnej formie nasi widzowie b\u0119d\u0105 mogli zapozna\u0107 si\u0119 z sylwetk\u0105 pionierki Szczecina [&hellip;]<\/p>\n","protected":false},"author":4,"featured_media":0,"template":"","meta":{"ngg_post_thumbnail":0,"_price":"","_stock":"","_tribe_ticket_header":"","_tribe_default_ticket_provider":"","_ticket_start_date":"","_ticket_end_date":"","_tribe_ticket_show_description":"","_tribe_ticket_show_not_going":false,"_tribe_ticket_use_global_stock":"","_tribe_ticket_global_stock_level":"","_global_stock_mode":"","_global_stock_cap":"","_tribe_rsvp_for_event":"","_tribe_ticket_going_count":"","_tribe_ticket_not_going_count":"","_tribe_tickets_list":"[]","_tribe_ticket_has_attendee_info_fields":false,"_tribe_events_status":"","_tribe_events_status_reason":"","footnotes":"","_tec_slr_enabled":"","_tec_slr_layout":""},"tags":[],"tribe_events_cat":[],"class_list":["post-68729","tribe_events","type-tribe_events","status-publish","hentry"],"ticketed":false,"post_mailing_queue_ids":[],"_links":{"self":[{"href":"https:\/\/13muz.eu\/en\/wp-json\/wp\/v2\/tribe_events\/68729","targetHints":{"allow":["GET"]}}],"collection":[{"href":"https:\/\/13muz.eu\/en\/wp-json\/wp\/v2\/tribe_events"}],"about":[{"href":"https:\/\/13muz.eu\/en\/wp-json\/wp\/v2\/types\/tribe_events"}],"author":[{"embeddable":true,"href":"https:\/\/13muz.eu\/en\/wp-json\/wp\/v2\/users\/4"}],"version-history":[{"count":0,"href":"https:\/\/13muz.eu\/en\/wp-json\/wp\/v2\/tribe_events\/68729\/revisions"}],"wp:attachment":[{"href":"https:\/\/13muz.eu\/en\/wp-json\/wp\/v2\/media?parent=68729"}],"wp:term":[{"taxonomy":"post_tag","embeddable":true,"href":"https:\/\/13muz.eu\/en\/wp-json\/wp\/v2\/tags?post=68729"},{"taxonomy":"tribe_events_cat","embeddable":true,"href":"https:\/\/13muz.eu\/en\/wp-json\/wp\/v2\/tribe_events_cat?post=68729"}],"curies":[{"name":"wp","href":"https:\/\/api.w.org\/{rel}","templated":true}]}}