{"id":68703,"date":"2025-09-08T15:23:44","date_gmt":"2025-09-08T13:23:44","guid":{"rendered":"https:\/\/13muz.eu\/?post_type=tribe_events&#038;p=68703"},"modified":"2025-10-16T15:30:29","modified_gmt":"2025-10-16T13:30:29","slug":"15-10-galeria-foyer-drugi-przeglad-pracowni","status":"publish","type":"tribe_events","link":"https:\/\/13muz.eu\/en\/event\/15-10-galeria-foyer-drugi-przeglad-pracowni\/","title":{"rendered":"15.10. \/ Galeria Foyer &#8211; Drugi Przegl\u0105d Pracowni"},"content":{"rendered":"<p><img loading=\"lazy\" decoding=\"async\" class=\"alignnone size-large wp-image-68705\" src=\"https:\/\/13muz.eu\/wp-content\/uploads\/2025\/09\/15.10.2025-Galeria-Foyer-Drugi-Przeglad-Pracowni-1920-1024x768.jpg\" alt=\"\" width=\"1024\" height=\"768\" srcset=\"https:\/\/13muz.eu\/wp-content\/uploads\/2025\/09\/15.10.2025-Galeria-Foyer-Drugi-Przeglad-Pracowni-1920-1024x768.jpg 1024w, https:\/\/13muz.eu\/wp-content\/uploads\/2025\/09\/15.10.2025-Galeria-Foyer-Drugi-Przeglad-Pracowni-1920-300x225.jpg 300w, https:\/\/13muz.eu\/wp-content\/uploads\/2025\/09\/15.10.2025-Galeria-Foyer-Drugi-Przeglad-Pracowni-1920-768x576.jpg 768w, https:\/\/13muz.eu\/wp-content\/uploads\/2025\/09\/15.10.2025-Galeria-Foyer-Drugi-Przeglad-Pracowni-1920-1536x1152.jpg 1536w, https:\/\/13muz.eu\/wp-content\/uploads\/2025\/09\/15.10.2025-Galeria-Foyer-Drugi-Przeglad-Pracowni-1920-400x300.jpg 400w, https:\/\/13muz.eu\/wp-content\/uploads\/2025\/09\/15.10.2025-Galeria-Foyer-Drugi-Przeglad-Pracowni-1920.jpg 1920w\" sizes=\"auto, (max-width: 1024px) 100vw, 1024px\" \/><\/p>\n<p style=\"text-align: justify;\"><strong>15.10.2025 \u015broda g. 17:00<\/strong><\/p>\n<p><strong><a href=\"https:\/\/13muz.eu\/wernisaze\/nggallery\/album\/galeria-foyer-drugi-przeglad-pracowni\" target=\"_blank\" rel=\"noopener\">Zdj\u0119cia z wernisa\u017cu<\/a><\/strong><\/p>\n<p style=\"text-align: justify;\">15 pa\u017adziernika (\u015broda) o godz. 17:00 zapraszamy do Galerii Foyer na otwarcie wystawy &#8211; wst\u0119p wolny.<\/p>\n<p style=\"text-align: justify;\">Wystawa czynna do 31 pa\u017adziernika od poniedzia\u0142ku do pi\u0105tku w godz. 8:00-18:00 oraz w trakcie trwania wydarze\u0144 &#8211; wst\u0119p wolny.<\/p>\n<p style=\"text-align: justify;\">Drugi Przegl\u0105d Pracowni to prezentacja plakat\u00f3w student\u00f3w Pracowni Multimedialnego Projektowania Graficznego Wydzia\u0142u Grafiki Akademii Sztuki w Szczecinie prowadzonej przez dr Agat\u0119 Pe\u0142echaty w minionym roku akademickim 2024\/2025.<\/p>\n<p style=\"text-align: justify;\">Tematyka prezentowanych prac skupia si\u0119 na codzienno\u015bci &#8211; sytuacjach zaczerpni\u0119tych z \u017cycia, czasem zabawnych, czasem irytuj\u0105cych, a czasem refleksyjnych. Ka\u017cdego dnia spotykamy si\u0119 z r\u00f3\u017cnorodnymi zdarzeniami, wynikaj\u0105cymi zar\u00f3wno z ludzkich zachowa\u0144, jak i z pomy\u0142ek, b\u0142\u0119d\u00f3w czy nieporozumie\u0144. Niekt\u00f3re z nich potrafi\u0105 rozbawi\u0107, inne sk\u0142aniaj\u0105 do zadumy\u2026<\/p>\n<p style=\"text-align: justify;\">Serdecznie zapraszamy do obejrzenia graficznych interpretacji codziennych sytuacji, uchwyconych okiem student\u00f3w.<\/p>\n<p style=\"text-align: justify;\">Wystawa wsp\u00f3\u0142organizowana z Pa\u0144stwowym Liceum Sztuk Plastycznych w Szczecinie.<\/p>\n<p>Wydarzenie na <a href=\"https:\/\/www.facebook.com\/events\/1934870117296478\/?acontext=%7B%22event_action_history%22%3A[%7B%22extra_data%22%3A%22%22%2C%22mechanism%22%3A%22left_rail%22%2C%22surface%22%3A%22bookmark%22%7D%2C%7B%22extra_data%22%3A%22%22%2C%22mechanism%22%3A%22surface%22%2C%22surface%22%3A%22create_dialog%22%7D]%2C%22ref_notif_type%22%3Anull%7D&amp;onload_action=open_invite_flow&amp;show_created_event_toast=true\" target=\"_blank\" rel=\"noopener\"><strong>FB<\/strong><\/a><\/p>\n","protected":false},"excerpt":{"rendered":"<p>15.10.2025 \u015broda g. 17:00 Zdj\u0119cia z wernisa\u017cu 15 pa\u017adziernika (\u015broda) o godz. 17:00 zapraszamy do Galerii Foyer na otwarcie wystawy &#8211; wst\u0119p wolny. Wystawa czynna do 31 pa\u017adziernika od poniedzia\u0142ku do pi\u0105tku w godz. 8:00-18:00 oraz w trakcie trwania wydarze\u0144 &#8211; wst\u0119p wolny. Drugi Przegl\u0105d Pracowni to prezentacja plakat\u00f3w student\u00f3w Pracowni Multimedialnego Projektowania Graficznego Wydzia\u0142u Grafiki Akademii Sztuki w Szczecinie prowadzonej przez dr Agat\u0119 Pe\u0142echaty w minionym roku akademickim 2024\/2025. Tematyka prezentowanych prac skupia si\u0119 na codzienno\u015bci &#8211; sytuacjach zaczerpni\u0119tych z \u017cycia, czasem zabawnych, czasem irytuj\u0105cych, a czasem refleksyjnych. Ka\u017cdego dnia spotykamy si\u0119 z r\u00f3\u017cnorodnymi zdarzeniami, wynikaj\u0105cymi zar\u00f3wno z ludzkich [&hellip;]<\/p>\n","protected":false},"author":4,"featured_media":0,"template":"","meta":{"ngg_post_thumbnail":0,"_price":"","_stock":"","_tribe_ticket_header":"","_tribe_default_ticket_provider":"","_ticket_start_date":"","_ticket_end_date":"","_tribe_ticket_show_description":"","_tribe_ticket_show_not_going":false,"_tribe_ticket_use_global_stock":"","_tribe_ticket_global_stock_level":"","_global_stock_mode":"","_global_stock_cap":"","_tribe_rsvp_for_event":"","_tribe_ticket_going_count":"","_tribe_ticket_not_going_count":"","_tribe_tickets_list":"[]","_tribe_ticket_has_attendee_info_fields":false,"_tribe_events_status":"","_tribe_events_status_reason":"","footnotes":"","_tec_slr_enabled":"","_tec_slr_layout":""},"tags":[],"tribe_events_cat":[],"class_list":["post-68703","tribe_events","type-tribe_events","status-publish","hentry"],"ticketed":false,"post_mailing_queue_ids":[],"_links":{"self":[{"href":"https:\/\/13muz.eu\/en\/wp-json\/wp\/v2\/tribe_events\/68703","targetHints":{"allow":["GET"]}}],"collection":[{"href":"https:\/\/13muz.eu\/en\/wp-json\/wp\/v2\/tribe_events"}],"about":[{"href":"https:\/\/13muz.eu\/en\/wp-json\/wp\/v2\/types\/tribe_events"}],"author":[{"embeddable":true,"href":"https:\/\/13muz.eu\/en\/wp-json\/wp\/v2\/users\/4"}],"version-history":[{"count":0,"href":"https:\/\/13muz.eu\/en\/wp-json\/wp\/v2\/tribe_events\/68703\/revisions"}],"wp:attachment":[{"href":"https:\/\/13muz.eu\/en\/wp-json\/wp\/v2\/media?parent=68703"}],"wp:term":[{"taxonomy":"post_tag","embeddable":true,"href":"https:\/\/13muz.eu\/en\/wp-json\/wp\/v2\/tags?post=68703"},{"taxonomy":"tribe_events_cat","embeddable":true,"href":"https:\/\/13muz.eu\/en\/wp-json\/wp\/v2\/tribe_events_cat?post=68703"}],"curies":[{"name":"wp","href":"https:\/\/api.w.org\/{rel}","templated":true}]}}