{"id":1385,"date":"2018-05-04T20:24:51","date_gmt":"2018-05-04T18:24:51","guid":{"rendered":"http:\/\/test.13muz.eu\/?page_id=1385"},"modified":"2018-05-30T23:21:08","modified_gmt":"2018-05-30T21:21:08","slug":"spektakle","status":"publish","type":"page","link":"https:\/\/13muz.eu\/en\/spektakle\/","title":{"rendered":"Spektakle"},"content":{"rendered":"\t<div class=\"ngg-albumoverview\">\n\t\t\t\t\t<div class=\"ngg-album-compact\">\n\t\t\t\t<div class=\"ngg-album-compactbox\">\n\t\t\t\t\t<div class=\"ngg-album-link\">\n\t\t\t\t\t\t\t\t\t\t\t\t\t<a title='Teatrzyk Bajto - Ksi\u0119\u017cniczka na ziarnku grochu' href='https:\/\/13muz.eu\/en\/spektakle\/nggallery\/imprezy\/teatrzyk-bajto-ksiezniczka-na-ziarnku-grochu'>\n\t\t\t\t\t\t\t\t<img class=\"Thumb\"\n\t\t\t\t\t\t\t\t\talt=\"Teatrzyk Bajto - Ksi\u0119\u017cniczka na ziarnku grochu\"\n\t\t\t\t\t\t\t\t\tsrc=\"https:\/\/13muz.eu\/http%3A\/test.13muz.eu\/wp-content\/gallery\/teatrzyk-bajto-ksiezniczka-na-ziarnku-grochu\/cache\/20260117_RS_ROBS5846.jpg-nggid0536035-ngg0dyn-238x158x100-00f0w010c011r110f110r010t010.jpg\"\/>\n\t\t\t\t\t\t\t<\/a>\n\t\t\t\t\t\t\t\t\t\t\t<\/div>\n\t\t\t\t<\/div>\n\t\t\t\t\t\t\t\t<h4>\n\t\t\t\t\t<a class='ngg-album-desc'\n\t\t\t\t\t\ttitle='Teatrzyk Bajto - Ksi\u0119\u017cniczka na ziarnku grochu' href='https:\/\/13muz.eu\/en\/spektakle\/nggallery\/imprezy\/teatrzyk-bajto-ksiezniczka-na-ziarnku-grochu'style=\"max-width: 258px\"\t\t\t\t\t>\n\t\t\t\t\t\tTeatrzyk Bajto - Ksi\u0119\u017cniczka na ziarnku grochu\t\t\t\t\t<\/a>\n\t\t\t\t<\/h4>\n\t\t\t\t<p class=\"ngg-album-gallery-image-counter\">\n\t\t\t\t\t\t\t\t\t\t\t<strong>36<\/strong>&nbsp;Photos\t\t\t\t\t\t\t\t\t<\/p>\n\t\t\t<\/div>\n\t\t\t\t\t<div class=\"ngg-album-compact\">\n\t\t\t\t<div class=\"ngg-album-compactbox\">\n\t\t\t\t\t<div class=\"ngg-album-link\">\n\t\t\t\t\t\t\t\t\t\t\t\t\t<a title='Carlos Gardel - Dusza Tanga - monodram muzyczno-teatralny' href='https:\/\/13muz.eu\/en\/spektakle\/nggallery\/imprezy\/carlos-gardel-dusza-tanga-monodram-muzyczno-teatralny'>\n\t\t\t\t\t\t\t\t<img class=\"Thumb\"\n\t\t\t\t\t\t\t\t\talt=\"Carlos Gardel - Dusza Tanga - monodram muzyczno-teatralny\"\n\t\t\t\t\t\t\t\t\tsrc=\"https:\/\/13muz.eu\/http%3A\/test.13muz.eu\/wp-content\/gallery\/carlos-gardel-dusza-tanga-monodram-muzyczno-teatralny\/cache\/20251126_RS_ROBS7509.jpg-nggid0535290-ngg0dyn-238x158x100-00f0w010c011r110f110r010t010.jpg\"\/>\n\t\t\t\t\t\t\t<\/a>\n\t\t\t\t\t\t\t\t\t\t\t<\/div>\n\t\t\t\t<\/div>\n\t\t\t\t\t\t\t\t<h4>\n\t\t\t\t\t<a class='ngg-album-desc'\n\t\t\t\t\t\ttitle='Carlos Gardel - Dusza Tanga - monodram muzyczno-teatralny' href='https:\/\/13muz.eu\/en\/spektakle\/nggallery\/imprezy\/carlos-gardel-dusza-tanga-monodram-muzyczno-teatralny'style=\"max-width: 258px\"\t\t\t\t\t>\n\t\t\t\t\t\tCarlos Gardel - Dusza Tanga - monodram muzyczno-teatralny\t\t\t\t\t<\/a>\n\t\t\t\t<\/h4>\n\t\t\t\t<p class=\"ngg-album-gallery-image-counter\">\n\t\t\t\t\t\t\t\t\t\t\t<strong>106<\/strong>&nbsp;Photos\t\t\t\t\t\t\t\t\t<\/p>\n\t\t\t<\/div>\n\t\t\t\t\t<div class=\"ngg-album-compact\">\n\t\t\t\t<div class=\"ngg-album-compactbox\">\n\t\t\t\t\t<div class=\"ngg-album-link\">\n\t\t\t\t\t\t\t\t\t\t\t\t\t<a title='Spektakl Magiczne Resko' href='https:\/\/13muz.eu\/en\/spektakle\/nggallery\/imprezy\/spektakl-magiczne-resko'>\n\t\t\t\t\t\t\t\t<img class=\"Thumb\"\n\t\t\t\t\t\t\t\t\talt=\"Spektakl Magiczne Resko\"\n\t\t\t\t\t\t\t\t\tsrc=\"https:\/\/13muz.eu\/http%3A\/test.13muz.eu\/wp-content\/gallery\/spektakl-magiczne-resko\/cache\/20251119_RS_PA__6981.jpg-nggid0535126-ngg0dyn-238x158x100-00f0w010c011r110f110r010t010.jpg\"\/>\n\t\t\t\t\t\t\t<\/a>\n\t\t\t\t\t\t\t\t\t\t\t<\/div>\n\t\t\t\t<\/div>\n\t\t\t\t\t\t\t\t<h4>\n\t\t\t\t\t<a class='ngg-album-desc'\n\t\t\t\t\t\ttitle='Spektakl Magiczne Resko' href='https:\/\/13muz.eu\/en\/spektakle\/nggallery\/imprezy\/spektakl-magiczne-resko'style=\"max-width: 258px\"\t\t\t\t\t>\n\t\t\t\t\t\tSpektakl Magiczne Resko\t\t\t\t\t<\/a>\n\t\t\t\t<\/h4>\n\t\t\t\t<p class=\"ngg-album-gallery-image-counter\">\n\t\t\t\t\t\t\t\t\t\t\t<strong>70<\/strong>&nbsp;Photos\t\t\t\t\t\t\t\t\t<\/p>\n\t\t\t<\/div>\n\t\t\t\t\t<div class=\"ngg-album-compact\">\n\t\t\t\t<div class=\"ngg-album-compactbox\">\n\t\t\t\t\t<div class=\"ngg-album-link\">\n\t\t\t\t\t\t\t\t\t\t\t\t\t<a title='Bajka o zagubionym u\u015bmiechu - premiera spektaklu dla dzieci Teatru Janusza z 13 Muz' href='https:\/\/13muz.eu\/en\/spektakle\/nggallery\/imprezy\/bajka-o-zagubionym-usmiechu-premiera-spektaklu-dla-dzieci-teatru-janusza-z-13-muz'>\n\t\t\t\t\t\t\t\t<img class=\"Thumb\"\n\t\t\t\t\t\t\t\t\talt=\"Bajka o zagubionym u\u015bmiechu - premiera spektaklu dla dzieci Teatru Janusza z 13 Muz\"\n\t\t\t\t\t\t\t\t\tsrc=\"https:\/\/13muz.eu\/http%3A\/test.13muz.eu\/wp-content\/gallery\/bajka-o-zagubionym-usmiechu-premiera-spektaklu-dla-dzieci-teatru-janusza-z-13-muz\/cache\/20251025_RS__ROB4311.jpg-nggid0534532-ngg0dyn-238x158x100-00f0w010c011r110f110r010t010.jpg\"\/>\n\t\t\t\t\t\t\t<\/a>\n\t\t\t\t\t\t\t\t\t\t\t<\/div>\n\t\t\t\t<\/div>\n\t\t\t\t\t\t\t\t<h4>\n\t\t\t\t\t<a class='ngg-album-desc'\n\t\t\t\t\t\ttitle='Bajka o zagubionym u\u015bmiechu - premiera spektaklu dla dzieci Teatru Janusza z 13 Muz' href='https:\/\/13muz.eu\/en\/spektakle\/nggallery\/imprezy\/bajka-o-zagubionym-usmiechu-premiera-spektaklu-dla-dzieci-teatru-janusza-z-13-muz'style=\"max-width: 258px\"\t\t\t\t\t>\n\t\t\t\t\t\tBajka o zagubionym u\u015bmiechu - premiera spektaklu dla dzieci Teatru Janusza z 13 Muz\t\t\t\t\t<\/a>\n\t\t\t\t<\/h4>\n\t\t\t\t<p class=\"ngg-album-gallery-image-counter\">\n\t\t\t\t\t\t\t\t\t\t\t<strong>200<\/strong>&nbsp;Photos\t\t\t\t\t\t\t\t\t<\/p>\n\t\t\t<\/div>\n\t\t\t\t\t<div class=\"ngg-album-compact\">\n\t\t\t\t<div class=\"ngg-album-compactbox\">\n\t\t\t\t\t<div class=\"ngg-album-link\">\n\t\t\t\t\t\t\t\t\t\t\t\t\t<a title='Spektakl Lustereczko, powiedz przecie\u2026 czyli historia kr\u00f3lewny, kt\u00f3ra uciek\u0142a z w\u0142asnego wesela' href='https:\/\/13muz.eu\/en\/spektakle\/nggallery\/imprezy\/spektakl-lustereczko-powiedz-przecie-czyli-historia-krolewny-ktora-uciekla-z-wlasnego-wesela'>\n\t\t\t\t\t\t\t\t<img class=\"Thumb\"\n\t\t\t\t\t\t\t\t\talt=\"Spektakl Lustereczko, powiedz przecie\u2026 czyli historia kr\u00f3lewny, kt\u00f3ra uciek\u0142a z w\u0142asnego wesela\"\n\t\t\t\t\t\t\t\t\tsrc=\"https:\/\/13muz.eu\/http%3A\/test.13muz.eu\/wp-content\/gallery\/spektakl-lustereczko-powiedz-przecie-czyli-historia-krolewny-ktora-uciekla-z-wlasnego-wesela\/cache\/20250927_RS_PA__3801.jpg-nggid0534250-ngg0dyn-238x158x100-00f0w010c011r110f110r010t010.jpg\"\/>\n\t\t\t\t\t\t\t<\/a>\n\t\t\t\t\t\t\t\t\t\t\t<\/div>\n\t\t\t\t<\/div>\n\t\t\t\t\t\t\t\t<h4>\n\t\t\t\t\t<a class='ngg-album-desc'\n\t\t\t\t\t\ttitle='Spektakl Lustereczko, powiedz przecie\u2026 czyli historia kr\u00f3lewny, kt\u00f3ra uciek\u0142a z w\u0142asnego wesela' href='https:\/\/13muz.eu\/en\/spektakle\/nggallery\/imprezy\/spektakl-lustereczko-powiedz-przecie-czyli-historia-krolewny-ktora-uciekla-z-wlasnego-wesela'style=\"max-width: 258px\"\t\t\t\t\t>\n\t\t\t\t\t\tSpektakl Lustereczko, powiedz przecie\u2026 czyli historia kr\u00f3lewny, kt\u00f3ra uciek\u0142a z w\u0142asnego wesela\t\t\t\t\t<\/a>\n\t\t\t\t<\/h4>\n\t\t\t\t<p class=\"ngg-album-gallery-image-counter\">\n\t\t\t\t\t\t\t\t\t\t\t<strong>100<\/strong>&nbsp;Photos\t\t\t\t\t\t\t\t\t<\/p>\n\t\t\t<\/div>\n\t\t\t\t\t<div class=\"ngg-album-compact\">\n\t\t\t\t<div class=\"ngg-album-compactbox\">\n\t\t\t\t\t<div class=\"ngg-album-link\">\n\t\t\t\t\t\t\t\t\t\t\t\t\t<a title='Statek szczeci\u0144skich osobliwo\u015bci - spektakl Mi\u0119dzypokoleniowego Teatru ZUL' href='https:\/\/13muz.eu\/en\/spektakle\/nggallery\/imprezy\/statek-szczecinskich-osobliwosci-spektakl-miedzypokoleniowego-teatru-zul'>\n\t\t\t\t\t\t\t\t<img class=\"Thumb\"\n\t\t\t\t\t\t\t\t\talt=\"Statek szczeci\u0144skich osobliwo\u015bci - spektakl Mi\u0119dzypokoleniowego Teatru ZUL\"\n\t\t\t\t\t\t\t\t\tsrc=\"https:\/\/13muz.eu\/http%3A\/test.13muz.eu\/wp-content\/gallery\/statek-szczecinskich-osobliwosci-spektakl-miedzypokoleniowego-teatru-zul\/cache\/20250228_RS__ROB1902.jpg-nggid0532023-ngg0dyn-238x158x100-00f0w010c011r110f110r010t010.jpg\"\/>\n\t\t\t\t\t\t\t<\/a>\n\t\t\t\t\t\t\t\t\t\t\t<\/div>\n\t\t\t\t<\/div>\n\t\t\t\t\t\t\t\t<h4>\n\t\t\t\t\t<a class='ngg-album-desc'\n\t\t\t\t\t\ttitle='Statek szczeci\u0144skich osobliwo\u015bci - spektakl Mi\u0119dzypokoleniowego Teatru ZUL' href='https:\/\/13muz.eu\/en\/spektakle\/nggallery\/imprezy\/statek-szczecinskich-osobliwosci-spektakl-miedzypokoleniowego-teatru-zul'style=\"max-width: 258px\"\t\t\t\t\t>\n\t\t\t\t\t\tStatek szczeci\u0144skich osobliwo\u015bci - spektakl Mi\u0119dzypokoleniowego Teatru ZUL\t\t\t\t\t<\/a>\n\t\t\t\t<\/h4>\n\t\t\t\t<p class=\"ngg-album-gallery-image-counter\">\n\t\t\t\t\t\t\t\t\t\t\t<strong>190<\/strong>&nbsp;Photos\t\t\t\t\t\t\t\t\t<\/p>\n\t\t\t<\/div>\n\t\t\t\t\t<div class=\"ngg-album-compact\">\n\t\t\t\t<div class=\"ngg-album-compactbox\">\n\t\t\t\t\t<div class=\"ngg-album-link\">\n\t\t\t\t\t\t\t\t\t\t\t\t\t<a title='Diva - spektakl teatralny w czterech aktach' href='https:\/\/13muz.eu\/en\/spektakle\/nggallery\/imprezy\/diva-spektakl-teatralny-w-czterech-aktach'>\n\t\t\t\t\t\t\t\t<img class=\"Thumb\"\n\t\t\t\t\t\t\t\t\talt=\"Diva - spektakl teatralny w czterech aktach\"\n\t\t\t\t\t\t\t\t\tsrc=\"https:\/\/13muz.eu\/http%3A\/test.13muz.eu\/wp-content\/gallery\/diva-spektakl-teatralny-w-czterech-aktach\/cache\/20250221_RS__OBS2727.jpg-nggid0531639-ngg0dyn-238x158x100-00f0w010c011r110f110r010t010.jpg\"\/>\n\t\t\t\t\t\t\t<\/a>\n\t\t\t\t\t\t\t\t\t\t\t<\/div>\n\t\t\t\t<\/div>\n\t\t\t\t\t\t\t\t<h4>\n\t\t\t\t\t<a class='ngg-album-desc'\n\t\t\t\t\t\ttitle='Diva - spektakl teatralny w czterech aktach' href='https:\/\/13muz.eu\/en\/spektakle\/nggallery\/imprezy\/diva-spektakl-teatralny-w-czterech-aktach'style=\"max-width: 258px\"\t\t\t\t\t>\n\t\t\t\t\t\tDiva - spektakl teatralny w czterech aktach\t\t\t\t\t<\/a>\n\t\t\t\t<\/h4>\n\t\t\t\t<p class=\"ngg-album-gallery-image-counter\">\n\t\t\t\t\t\t\t\t\t\t\t<strong>110<\/strong>&nbsp;Photos\t\t\t\t\t\t\t\t\t<\/p>\n\t\t\t<\/div>\n\t\t\t\t\t<div class=\"ngg-album-compact\">\n\t\t\t\t<div class=\"ngg-album-compactbox\">\n\t\t\t\t\t<div class=\"ngg-album-link\">\n\t\t\t\t\t\t\t\t\t\t\t\t\t<a title='Konstanty kontra Ildefons - komedia muzyczna' href='https:\/\/13muz.eu\/en\/spektakle\/nggallery\/imprezy\/konstanty-kontra-ildefons-komedia-muzyczna'>\n\t\t\t\t\t\t\t\t<img class=\"Thumb\"\n\t\t\t\t\t\t\t\t\talt=\"Konstanty kontra Ildefons - komedia muzyczna\"\n\t\t\t\t\t\t\t\t\tsrc=\"https:\/\/13muz.eu\/http%3A\/test.13muz.eu\/wp-content\/gallery\/konstanty-kontra-ildefons-komedia-muzyczna\/cache\/20241206_RS_ROBS1311.jpg-nggid0530437-ngg0dyn-238x158x100-00f0w010c011r110f110r010t010.jpg\"\/>\n\t\t\t\t\t\t\t<\/a>\n\t\t\t\t\t\t\t\t\t\t\t<\/div>\n\t\t\t\t<\/div>\n\t\t\t\t\t\t\t\t<h4>\n\t\t\t\t\t<a class='ngg-album-desc'\n\t\t\t\t\t\ttitle='Konstanty kontra Ildefons - komedia muzyczna' href='https:\/\/13muz.eu\/en\/spektakle\/nggallery\/imprezy\/konstanty-kontra-ildefons-komedia-muzyczna'style=\"max-width: 258px\"\t\t\t\t\t>\n\t\t\t\t\t\tKonstanty kontra Ildefons - komedia muzyczna\t\t\t\t\t<\/a>\n\t\t\t\t<\/h4>\n\t\t\t\t<p class=\"ngg-album-gallery-image-counter\">\n\t\t\t\t\t\t\t\t\t\t\t<strong>140<\/strong>&nbsp;Photos\t\t\t\t\t\t\t\t\t<\/p>\n\t\t\t<\/div>\n\t\t\t\t\t<div class=\"ngg-album-compact\">\n\t\t\t\t<div class=\"ngg-album-compactbox\">\n\t\t\t\t\t<div class=\"ngg-album-link\">\n\t\t\t\t\t\t\t\t\t\t\t\t\t<a title='Zwi\u0105zek na odleg\u0142o\u015b\u0107 niewielk\u0105. Premiera spektaklu' href='https:\/\/13muz.eu\/en\/spektakle\/nggallery\/imprezy\/zwiazek-na-odleglosc-niewielka-premiera-spektaklu'>\n\t\t\t\t\t\t\t\t<img class=\"Thumb\"\n\t\t\t\t\t\t\t\t\talt=\"Zwi\u0105zek na odleg\u0142o\u015b\u0107 niewielk\u0105. Premiera spektaklu\"\n\t\t\t\t\t\t\t\t\tsrc=\"https:\/\/13muz.eu\/http%3A\/test.13muz.eu\/wp-content\/gallery\/zwiazek-na-odleglosc-niewielka-premiera-spektaklu\/cache\/20241125_RS_ROBS6865.jpg-nggid0530239-ngg0dyn-238x158x100-00f0w010c011r110f110r010t010.jpg\"\/>\n\t\t\t\t\t\t\t<\/a>\n\t\t\t\t\t\t\t\t\t\t\t<\/div>\n\t\t\t\t<\/div>\n\t\t\t\t\t\t\t\t<h4>\n\t\t\t\t\t<a class='ngg-album-desc'\n\t\t\t\t\t\ttitle='Zwi\u0105zek na odleg\u0142o\u015b\u0107 niewielk\u0105. Premiera spektaklu' href='https:\/\/13muz.eu\/en\/spektakle\/nggallery\/imprezy\/zwiazek-na-odleglosc-niewielka-premiera-spektaklu'style=\"max-width: 258px\"\t\t\t\t\t>\n\t\t\t\t\t\tZwi\u0105zek na odleg\u0142o\u015b\u0107 niewielk\u0105. Premiera spektaklu\t\t\t\t\t<\/a>\n\t\t\t\t<\/h4>\n\t\t\t\t<p class=\"ngg-album-gallery-image-counter\">\n\t\t\t\t\t\t\t\t\t\t\t<strong>150<\/strong>&nbsp;Photos\t\t\t\t\t\t\t\t\t<\/p>\n\t\t\t<\/div>\n\t\t\t\t\t<div class=\"ngg-album-compact\">\n\t\t\t\t<div class=\"ngg-album-compactbox\">\n\t\t\t\t\t<div class=\"ngg-album-link\">\n\t\t\t\t\t\t\t\t\t\t\t\t\t<a title='Titanic. Muzyka nios\u0105ca rado\u015b\u0107 i nadziej\u0119 - spektakl s\u0142owno-muzyczny - 10.11.2024' href='https:\/\/13muz.eu\/en\/spektakle\/nggallery\/imprezy\/titanic-muzyka-niosaca-radosc-i-nadzieje-spektakl-slowno-muzyczny-10-11-2024'>\n\t\t\t\t\t\t\t\t<img class=\"Thumb\"\n\t\t\t\t\t\t\t\t\talt=\"Titanic. Muzyka nios\u0105ca rado\u015b\u0107 i nadziej\u0119 - spektakl s\u0142owno-muzyczny - 10.11.2024\"\n\t\t\t\t\t\t\t\t\tsrc=\"https:\/\/13muz.eu\/http%3A\/test.13muz.eu\/wp-content\/gallery\/titanic-muzyka-niosaca-radosc-i-nadzieje-spektakl-slowno-muzyczny-10-11-2024\/cache\/Titanic_09.jpg-nggid0529935-ngg0dyn-238x158x100-00f0w010c011r110f110r010t010.jpg\"\/>\n\t\t\t\t\t\t\t<\/a>\n\t\t\t\t\t\t\t\t\t\t\t<\/div>\n\t\t\t\t<\/div>\n\t\t\t\t\t\t\t\t<h4>\n\t\t\t\t\t<a class='ngg-album-desc'\n\t\t\t\t\t\ttitle='Titanic. Muzyka nios\u0105ca rado\u015b\u0107 i nadziej\u0119 - spektakl s\u0142owno-muzyczny - 10.11.2024' href='https:\/\/13muz.eu\/en\/spektakle\/nggallery\/imprezy\/titanic-muzyka-niosaca-radosc-i-nadzieje-spektakl-slowno-muzyczny-10-11-2024'style=\"max-width: 258px\"\t\t\t\t\t>\n\t\t\t\t\t\tTitanic. Muzyka nios\u0105ca rado\u015b\u0107 i nadziej\u0119 - spektakl s\u0142owno-muzyczny - 10.11.2024\t\t\t\t\t<\/a>\n\t\t\t\t<\/h4>\n\t\t\t\t<p class=\"ngg-album-gallery-image-counter\">\n\t\t\t\t\t\t\t\t\t\t\t<strong>46<\/strong>&nbsp;Photos\t\t\t\t\t\t\t\t\t<\/p>\n\t\t\t<\/div>\n\t\t\t\t\t<div class=\"ngg-album-compact\">\n\t\t\t\t<div class=\"ngg-album-compactbox\">\n\t\t\t\t\t<div class=\"ngg-album-link\">\n\t\t\t\t\t\t\t\t\t\t\t\t\t<a title='Titanic. Muzyka nios\u0105ca rado\u015b\u0107 i nadziej\u0119 - spektakl s\u0142owno-muzyczny' href='https:\/\/13muz.eu\/en\/spektakle\/nggallery\/imprezy\/titanic-muzyka-niosaca-radosc-i-nadzieje-spektakl-slowno-muzyczny'>\n\t\t\t\t\t\t\t\t<img class=\"Thumb\"\n\t\t\t\t\t\t\t\t\talt=\"Titanic. Muzyka nios\u0105ca rado\u015b\u0107 i nadziej\u0119 - spektakl s\u0142owno-muzyczny\"\n\t\t\t\t\t\t\t\t\tsrc=\"https:\/\/13muz.eu\/http%3A\/test.13muz.eu\/wp-content\/gallery\/titanic-muzyka-niosaca-radosc-i-nadzieje-spektakl-slowno-muzyczny\/cache\/20241109_RS_ROBS3003.jpg-nggid0529855-ngg0dyn-238x158x100-00f0w010c011r110f110r010t010.jpg\"\/>\n\t\t\t\t\t\t\t<\/a>\n\t\t\t\t\t\t\t\t\t\t\t<\/div>\n\t\t\t\t<\/div>\n\t\t\t\t\t\t\t\t<h4>\n\t\t\t\t\t<a class='ngg-album-desc'\n\t\t\t\t\t\ttitle='Titanic. Muzyka nios\u0105ca rado\u015b\u0107 i nadziej\u0119 - spektakl s\u0142owno-muzyczny' href='https:\/\/13muz.eu\/en\/spektakle\/nggallery\/imprezy\/titanic-muzyka-niosaca-radosc-i-nadzieje-spektakl-slowno-muzyczny'style=\"max-width: 258px\"\t\t\t\t\t>\n\t\t\t\t\t\tTitanic. Muzyka nios\u0105ca rado\u015b\u0107 i nadziej\u0119 - spektakl s\u0142owno-muzyczny\t\t\t\t\t<\/a>\n\t\t\t\t<\/h4>\n\t\t\t\t<p class=\"ngg-album-gallery-image-counter\">\n\t\t\t\t\t\t\t\t\t\t\t<strong>80<\/strong>&nbsp;Photos\t\t\t\t\t\t\t\t\t<\/p>\n\t\t\t<\/div>\n\t\t\t\t\t<div class=\"ngg-album-compact\">\n\t\t\t\t<div class=\"ngg-album-compactbox\">\n\t\t\t\t\t<div class=\"ngg-album-link\">\n\t\t\t\t\t\t\t\t\t\t\t\t\t<a title='Sztuka odczuwania - Teatru Uhuru - inauguracja nowego sezonu Sceny Prezentacji Teatralnych' href='https:\/\/13muz.eu\/en\/spektakle\/nggallery\/imprezy\/sztuka-odczuwania-teatru-uhuru-inauguracja-nowego-sezonu-sceny-prezentacji-teatralnych'>\n\t\t\t\t\t\t\t\t<img class=\"Thumb\"\n\t\t\t\t\t\t\t\t\talt=\"Sztuka odczuwania - Teatru Uhuru - inauguracja nowego sezonu Sceny Prezentacji Teatralnych\"\n\t\t\t\t\t\t\t\t\tsrc=\"https:\/\/13muz.eu\/http%3A\/test.13muz.eu\/wp-content\/gallery\/sztuka-odczuwania-teatru-uhuru-inauguracja-nowego-sezonu-sceny-prezentacji-teatralnych\/cache\/20240912_RS_ROBS4372.jpg-nggid0528992-ngg0dyn-238x158x100-00f0w010c011r110f110r010t010.jpg\"\/>\n\t\t\t\t\t\t\t<\/a>\n\t\t\t\t\t\t\t\t\t\t\t<\/div>\n\t\t\t\t<\/div>\n\t\t\t\t\t\t\t\t<h4>\n\t\t\t\t\t<a class='ngg-album-desc'\n\t\t\t\t\t\ttitle='Sztuka odczuwania - Teatru Uhuru - inauguracja nowego sezonu Sceny Prezentacji Teatralnych' href='https:\/\/13muz.eu\/en\/spektakle\/nggallery\/imprezy\/sztuka-odczuwania-teatru-uhuru-inauguracja-nowego-sezonu-sceny-prezentacji-teatralnych'style=\"max-width: 258px\"\t\t\t\t\t>\n\t\t\t\t\t\tSztuka odczuwania - Teatru Uhuru - inauguracja nowego sezonu Sceny Prezentacji Teatralnych\t\t\t\t\t<\/a>\n\t\t\t\t<\/h4>\n\t\t\t\t<p class=\"ngg-album-gallery-image-counter\">\n\t\t\t\t\t\t\t\t\t\t\t<strong>92<\/strong>&nbsp;Photos\t\t\t\t\t\t\t\t\t<\/p>\n\t\t\t<\/div>\n\t\t\t\t<br class=\"ngg-clear\"\/>\n\t\t<div class='ngg-navigation'><span class='current'>1<\/span>\n<a class='page-numbers' data-pageid='2' href='https:\/\/13muz.eu\/en\/spektakle\/nggallery\/page\/2'>2<\/a>\n<span class='ellipsis'>...<\/span>\n<a class='page-numbers' data-pageid='6' href='https:\/\/13muz.eu\/en\/spektakle\/nggallery\/page\/6'>6<\/a>\n<a class='prev' href='https:\/\/13muz.eu\/en\/spektakle\/nggallery\/page\/2' data-pageid=2>&#9658;<\/a><\/div>\t<\/div>\n\n","protected":false},"excerpt":{"rendered":"","protected":false},"author":1,"featured_media":0,"parent":0,"menu_order":0,"comment_status":"closed","ping_status":"closed","template":"","meta":{"ngg_post_thumbnail":0,"_price":"","_stock":"","_tribe_ticket_header":"","_tribe_default_ticket_provider":"","_ticket_start_date":"","_ticket_end_date":"","_tribe_ticket_show_description":"","_tribe_ticket_show_not_going":false,"_tribe_ticket_use_global_stock":"","_tribe_ticket_global_stock_level":"","_global_stock_mode":"","_global_stock_cap":"","_tribe_rsvp_for_event":"","_tribe_ticket_going_count":"","_tribe_ticket_not_going_count":"","_tribe_tickets_list":"[]","_tribe_ticket_has_attendee_info_fields":false,"footnotes":"","_tec_slr_enabled":"","_tec_slr_layout":""},"class_list":["post-1385","page","type-page","status-publish","hentry"],"ticketed":false,"post_mailing_queue_ids":[],"_links":{"self":[{"href":"https:\/\/13muz.eu\/en\/wp-json\/wp\/v2\/pages\/1385","targetHints":{"allow":["GET"]}}],"collection":[{"href":"https:\/\/13muz.eu\/en\/wp-json\/wp\/v2\/pages"}],"about":[{"href":"https:\/\/13muz.eu\/en\/wp-json\/wp\/v2\/types\/page"}],"author":[{"embeddable":true,"href":"https:\/\/13muz.eu\/en\/wp-json\/wp\/v2\/users\/1"}],"replies":[{"embeddable":true,"href":"https:\/\/13muz.eu\/en\/wp-json\/wp\/v2\/comments?post=1385"}],"version-history":[{"count":0,"href":"https:\/\/13muz.eu\/en\/wp-json\/wp\/v2\/pages\/1385\/revisions"}],"wp:attachment":[{"href":"https:\/\/13muz.eu\/en\/wp-json\/wp\/v2\/media?parent=1385"}],"curies":[{"name":"wp","href":"https:\/\/api.w.org\/{rel}","templated":true}]}}